{"id":22850,"date":"2019-11-06T09:08:29","date_gmt":"2019-11-06T09:08:29","guid":{"rendered":"https:\/\/www.corendonhotels.com\/terms-and-conditions\/"},"modified":"2026-03-06T12:39:46","modified_gmt":"2026-03-06T11:39:46","slug":"genel-aydinlatma-beyani","status":"publish","type":"page","link":"https:\/\/www.corendonhotels.com\/tr\/genel-aydinlatma-beyani\/","title":{"rendered":"AYDINLATMA METN\u0130"},"content":{"rendered":"","protected":false},"excerpt":{"rendered":"","protected":false},"author":2,"featured_media":0,"parent":0,"menu_order":0,"comment_status":"closed","ping_status":"closed","template":"","meta":{"_acf_changed":false,"footnotes":""},"class_list":["post-22850","page","type-page","status-publish","hentry"],"acf":[],"yoast_head":"<!-- This site is optimized with the Yoast SEO plugin v27.4 - https:\/\/yoast.com\/product\/yoast-seo-wordpress\/ -->\n<title>AYDINLATMA METN\u0130 - Corendon Hotels &amp; Resorts<\/title>\n<meta name=\"robots\" content=\"index, follow, max-snippet:-1, max-image-preview:large, max-video-preview:-1\" \/>\n<link rel=\"canonical\" href=\"https:\/\/www.corendonhotels.com\/tr\/genel-aydinlatma-beyani\/\" \/>\n<meta property=\"og:locale\" content=\"tr_TR\" \/>\n<meta property=\"og:type\" content=\"article\" \/>\n<meta property=\"og:title\" content=\"AYDINLATMA METN\u0130 - Corendon Hotels &amp; Resorts\" \/>\n<meta property=\"og:url\" content=\"https:\/\/www.corendonhotels.com\/tr\/genel-aydinlatma-beyani\/\" \/>\n<meta property=\"og:site_name\" content=\"Corendon Hotels &amp; Resorts\" \/>\n<meta property=\"article:publisher\" content=\"https:\/\/www.facebook.com\/CorendonHotelsEnResorts\" \/>\n<meta property=\"article:modified_time\" content=\"2026-03-06T11:39:46+00:00\" \/>\n<meta name=\"twitter:card\" content=\"summary_large_image\" \/>\n<meta name=\"twitter:site\" content=\"@corendonhotels\" \/>\n<script type=\"application\/ld+json\" class=\"yoast-schema-graph\">{\"@context\":\"https:\\\/\\\/schema.org\",\"@graph\":[{\"@type\":\"WebPage\",\"@id\":\"https:\\\/\\\/www.corendonhotels.com\\\/tr\\\/genel-aydinlatma-beyani\\\/\",\"url\":\"https:\\\/\\\/www.corendonhotels.com\\\/tr\\\/genel-aydinlatma-beyani\\\/\",\"name\":\"AYDINLATMA METN\u0130 - Corendon Hotels &amp; Resorts\",\"isPartOf\":{\"@id\":\"https:\\\/\\\/corendonhotels.com\\\/#website\"},\"datePublished\":\"2019-11-06T09:08:29+00:00\",\"dateModified\":\"2026-03-06T11:39:46+00:00\",\"breadcrumb\":{\"@id\":\"https:\\\/\\\/www.corendonhotels.com\\\/tr\\\/genel-aydinlatma-beyani\\\/#breadcrumb\"},\"inLanguage\":\"tr\",\"potentialAction\":[{\"@type\":\"ReadAction\",\"target\":[\"https:\\\/\\\/www.corendonhotels.com\\\/tr\\\/genel-aydinlatma-beyani\\\/\"]}]},{\"@type\":\"BreadcrumbList\",\"@id\":\"https:\\\/\\\/www.corendonhotels.com\\\/tr\\\/genel-aydinlatma-beyani\\\/#breadcrumb\",\"itemListElement\":[{\"@type\":\"ListItem\",\"position\":1,\"name\":\"Home\",\"item\":\"https:\\\/\\\/www.corendonhotels.com\\\/tr\\\/\"},{\"@type\":\"ListItem\",\"position\":2,\"name\":\"AYDINLATMA METN\u0130\"}]},{\"@type\":\"WebSite\",\"@id\":\"https:\\\/\\\/corendonhotels.com\\\/#website\",\"url\":\"https:\\\/\\\/corendonhotels.com\\\/\",\"name\":\"Corendon Hotels &amp; Resorts\",\"description\":\"Boek direct online!\",\"publisher\":{\"@id\":\"https:\\\/\\\/corendonhotels.com\\\/#organization\"},\"potentialAction\":[{\"@type\":\"SearchAction\",\"target\":{\"@type\":\"EntryPoint\",\"urlTemplate\":\"https:\\\/\\\/corendonhotels.com\\\/?s={search_term_string}\"},\"query-input\":{\"@type\":\"PropertyValueSpecification\",\"valueRequired\":true,\"valueName\":\"search_term_string\"}}],\"inLanguage\":\"tr\"},{\"@type\":\"Organization\",\"@id\":\"https:\\\/\\\/corendonhotels.com\\\/#organization\",\"name\":\"Corendon Hotels & Resorts\",\"url\":\"https:\\\/\\\/corendonhotels.com\\\/\",\"logo\":{\"@type\":\"ImageObject\",\"inLanguage\":\"tr\",\"@id\":\"https:\\\/\\\/corendonhotels.com\\\/#\\\/schema\\\/logo\\\/image\\\/\",\"url\":\"https:\\\/\\\/www.corendonhotels.com\\\/wp-content\\\/uploads\\\/2019\\\/05\\\/logo-corendon-hotels-resorts.svg\",\"contentUrl\":\"https:\\\/\\\/www.corendonhotels.com\\\/wp-content\\\/uploads\\\/2019\\\/05\\\/logo-corendon-hotels-resorts.svg\",\"width\":1,\"height\":1,\"caption\":\"Corendon Hotels & Resorts\"},\"image\":{\"@id\":\"https:\\\/\\\/corendonhotels.com\\\/#\\\/schema\\\/logo\\\/image\\\/\"},\"sameAs\":[\"https:\\\/\\\/www.facebook.com\\\/CorendonHotelsEnResorts\",\"https:\\\/\\\/x.com\\\/corendonhotels\",\"https:\\\/\\\/www.instagram.com\\\/corendonhotels\\\/\",\"https:\\\/\\\/www.linkedin.com\\\/company\\\/corendon-hotels-&amp;-resorts\\\/\",\"https:\\\/\\\/www.youtube.com\\\/user\\\/corendonhotels\"]}]}<\/script>\n<!-- \/ Yoast SEO plugin. -->","yoast_head_json":{"title":"AYDINLATMA METN\u0130 - Corendon Hotels &amp; Resorts","robots":{"index":"index","follow":"follow","max-snippet":"max-snippet:-1","max-image-preview":"max-image-preview:large","max-video-preview":"max-video-preview:-1"},"canonical":"https:\/\/www.corendonhotels.com\/tr\/genel-aydinlatma-beyani\/","og_locale":"tr_TR","og_type":"article","og_title":"AYDINLATMA METN\u0130 - Corendon Hotels &amp; Resorts","og_url":"https:\/\/www.corendonhotels.com\/tr\/genel-aydinlatma-beyani\/","og_site_name":"Corendon Hotels &amp; Resorts","article_publisher":"https:\/\/www.facebook.com\/CorendonHotelsEnResorts","article_modified_time":"2026-03-06T11:39:46+00:00","twitter_card":"summary_large_image","twitter_site":"@corendonhotels","schema":{"@context":"https:\/\/schema.org","@graph":[{"@type":"WebPage","@id":"https:\/\/www.corendonhotels.com\/tr\/genel-aydinlatma-beyani\/","url":"https:\/\/www.corendonhotels.com\/tr\/genel-aydinlatma-beyani\/","name":"AYDINLATMA METN\u0130 - Corendon Hotels &amp; Resorts","isPartOf":{"@id":"https:\/\/corendonhotels.com\/#website"},"datePublished":"2019-11-06T09:08:29+00:00","dateModified":"2026-03-06T11:39:46+00:00","breadcrumb":{"@id":"https:\/\/www.corendonhotels.com\/tr\/genel-aydinlatma-beyani\/#breadcrumb"},"inLanguage":"tr","potentialAction":[{"@type":"ReadAction","target":["https:\/\/www.corendonhotels.com\/tr\/genel-aydinlatma-beyani\/"]}]},{"@type":"BreadcrumbList","@id":"https:\/\/www.corendonhotels.com\/tr\/genel-aydinlatma-beyani\/#breadcrumb","itemListElement":[{"@type":"ListItem","position":1,"name":"Home","item":"https:\/\/www.corendonhotels.com\/tr\/"},{"@type":"ListItem","position":2,"name":"AYDINLATMA METN\u0130"}]},{"@type":"WebSite","@id":"https:\/\/corendonhotels.com\/#website","url":"https:\/\/corendonhotels.com\/","name":"Corendon Hotels &amp; Resorts","description":"Boek direct online!","publisher":{"@id":"https:\/\/corendonhotels.com\/#organization"},"potentialAction":[{"@type":"SearchAction","target":{"@type":"EntryPoint","urlTemplate":"https:\/\/corendonhotels.com\/?s={search_term_string}"},"query-input":{"@type":"PropertyValueSpecification","valueRequired":true,"valueName":"search_term_string"}}],"inLanguage":"tr"},{"@type":"Organization","@id":"https:\/\/corendonhotels.com\/#organization","name":"Corendon Hotels & Resorts","url":"https:\/\/corendonhotels.com\/","logo":{"@type":"ImageObject","inLanguage":"tr","@id":"https:\/\/corendonhotels.com\/#\/schema\/logo\/image\/","url":"https:\/\/www.corendonhotels.com\/wp-content\/uploads\/2019\/05\/logo-corendon-hotels-resorts.svg","contentUrl":"https:\/\/www.corendonhotels.com\/wp-content\/uploads\/2019\/05\/logo-corendon-hotels-resorts.svg","width":1,"height":1,"caption":"Corendon Hotels & Resorts"},"image":{"@id":"https:\/\/corendonhotels.com\/#\/schema\/logo\/image\/"},"sameAs":["https:\/\/www.facebook.com\/CorendonHotelsEnResorts","https:\/\/x.com\/corendonhotels","https:\/\/www.instagram.com\/corendonhotels\/","https:\/\/www.linkedin.com\/company\/corendon-hotels-&amp;-resorts\/","https:\/\/www.youtube.com\/user\/corendonhotels"]}]}},"acf_fields":{"page_custom_title":"Genel ayd\u0131nlatma beyan\u0131","page_subtitle":"Ki\u015fisel Verilerin Korunmas\u0131 Kanunu Ayd\u0131nlatma Beyan\u0131 (Otel Misafirleri i\u00e7in)","usps_top_switch":true,"usps_prefix":"","usps":false,"booking_top_switch":false,"booking_bottom_switch":false,"booking_title":"","booking_custom_url":"","booking_custom_duration":"","social_share_switch":false,"dark_mode_switch":false,"page_tile_label":"","hero_visible_switch":false,"page_flex_sections":[{"acf_fc_layout":"section_content","section_content_id":"","section_content_content":"<p>Veri sorumlusu olan AZ OTEL \u0130\u015eLETMELER\u0130 A.\u015e. isimli \u015firkete ve\/veya \u015fubelerine ait i\u015fbu konaklama tesisinde (-ki bundan b\u00f6yle \u201cCorendon Playa Kemer, Grand Park Lara ve Corendon Hydros Club Kemer <strong>\u00a0<\/strong>\u201d olarak an\u0131lacakt\u0131r) haz\u0131rlanm\u0131\u015f ve uygulamaya konmu\u015f olan KVKK Politikas\u0131 ile 6698 say\u0131l\u0131 Ki\u015fisel Verilerin Korunmas\u0131 Kanunu (KVK Kanunu) gere\u011fince haz\u0131rlanm\u0131\u015f olan bu ayd\u0131nlatma metninde yer alan a\u00e7\u0131klamalarla ilgili detaylara veri sorumlusu KVKK Politikas\u0131 ve eklerinde yer alan dok\u00fcmanlardan ula\u015fabilirsiniz.<\/p>\n<p><strong>\u0130\u015flenen Ki\u015fisel Verileriniz<\/strong><\/p>\n<p>&nbsp;<\/p>\n<ol>\n<li><strong>Kimlik ve Ailevi Bilgiler [<\/strong>Ad-soyad, TCK No, Pasaport No, do\u011fum yeri \u2013 tarihi, medeni hal, cinsiyet, \u00e7ocuk ismi, say\u0131s\u0131, ya\u015f ve do\u011fum tarihleri, imza, voucher (seyahat kart\u0131) bilgileri ile register kart (konaklama kart\u0131 bilgileri), oda tipi ve numaras\u0131, u\u00e7u\u015f numaras\u0131, konaklad\u0131\u011f\u0131 otel, konaklama tarihleri ve tutar\u0131]<\/li>\n<li><strong>\u0130leti\u015fim Bilgileri<\/strong> [adres, telefon no, e-posta adresi]<\/li>\n<li><strong>M\u00fc\u015fteri \u0130\u015flem Bilgileri <\/strong>[(Ara\u00e7 plakas\u0131, anket formu, \u00fcr\u00fcn ve hizmet sunumuna y\u00f6nelik kay\u0131tlar, talepler, talimatlar, foto\u011fraflar, evlilik, do\u011fum \u00f6zel g\u00fcnler y\u0131ld\u00f6n\u00fcm\u00fc, fatura bilgileri, sipari\u015f bilgisi, talep bilgisi]<\/li>\n<li><strong>Fiziksel Mek\u00e2n G\u00fcvenli\u011fi Bilgileri<\/strong> [M\u00fc\u015fteri ve ziyaret\u00e7ilerin giri\u015f \u00e7\u0131k\u0131\u015f kay\u0131t bilgileri, kamera kay\u0131tlar\u0131,]<\/li>\n<li><strong>\u0130\u015flem G\u00fcvenli\u011fi<\/strong> <strong>Bilgileri<\/strong> [IP adresi, hotspot kay\u0131tlar\u0131, \u015fifre ve parola bilgileri, internet sitesi giri\u015f \u00e7\u0131k\u0131\u015f bilgileri, log ve dijital trafik kay\u0131tlar\u0131]<\/li>\n<li><strong>Finans Bilgileri<\/strong> [Kredi kart\u0131 numaras\u0131, hesap numaras\u0131, son kullan\u0131m tarihi]<\/li>\n<li><strong>G\u00f6rsel ve \u0130\u015fitsel Kay\u0131tlar ve Bilgiler<\/strong> [G\u00f6rsel ve i\u015fitsel kay\u0131tlar ve bilgiler]<\/li>\n<li><strong>Sa\u011fl\u0131k Bilgileri<\/strong> [Engellilik durumuna ait bilgiler, kronik rahats\u0131zl\u0131klar, ge\u00e7irilen hastal\u0131klar, ast\u0131m, diyabet, kalp, tansiyon hastal\u0131klar\u0131, ki\u015fisel sa\u011fl\u0131k bilgileri,]<\/li>\n<\/ol>\n<p>&nbsp;<\/p>\n<ol>\n<li><strong>Ki\u015fisel Verilerinizin Toplama Y\u00f6ntemi ve Hukuki Sebepler<\/strong><\/li>\n<\/ol>\n<p>&nbsp;<\/p>\n<p>\u0130\u015f bu ayd\u0131nlatma metnine g\u00f6re ki\u015fisel verileriniz, otomatik ya da veri kay\u0131t sisteminin par\u00e7as\u0131 olmak kayd\u0131yla otomatik olmayan y\u00f6ntemlerle, i\u015f birli\u011fi i\u00e7inde bulunulan, s\u00f6zle\u015fme ili\u015fkisi i\u00e7inde yer alan \u00e7\u00f6z\u00fcm ortaklar\u0131 ile faaliyette bulunman\u0131n bir gere\u011fi olarak anla\u015fmal\u0131 oldu\u011fumuz ve hizmet sunulan \u00fc\u00e7\u00fcnc\u00fc ki\u015filer taraf\u0131ndan veya taraf\u0131n\u0131zdan iletilen bilgi, belgeler ve benzeri yollarla s\u00f6zl\u00fc, yaz\u0131l\u0131 ya da elektronik olarak elde edilmektedir.<\/p>\n<p>&nbsp;<\/p>\n<p>Bu veriler 6698 say\u0131l\u0131 KVK Kanunu 5.maddesi \u00e7er\u00e7evesinde a\u00e7\u0131k r\u0131zan\u0131z nedeniyle, bunun yan\u0131nda a\u00e7\u0131k r\u0131zan\u0131z\u0131n gerekli olmad\u0131\u011f\u0131 durumlarda a\u015fa\u011f\u0131da belirtilen \u015fartlar\u0131n varl\u0131\u011f\u0131 halinde do\u011frudan i\u015flenebilmektedir. Buna g\u00f6re;<\/p>\n<ol>\n<li>Kanunlarda a\u00e7\u0131k\u00e7a \u00f6ng\u00f6r\u00fclmesi.<\/li>\n<li>Fiili imk\u00e2ns\u0131zl\u0131k nedeniyle r\u0131zas\u0131n\u0131 a\u00e7\u0131klayamayacak durumda bulunan veya r\u0131zas\u0131na hukuki ge\u00e7erlilik tan\u0131nmayan ki\u015finin kendisinin ya da bir ba\u015fkas\u0131n\u0131n hayat\u0131 veya beden b\u00fct\u00fcnl\u00fc\u011f\u00fcn\u00fcn korunmas\u0131 i\u00e7in zorunlu olmas\u0131.<\/li>\n<li>Bir s\u00f6zle\u015fmenin kurulmas\u0131 veya ifas\u0131yla do\u011frudan do\u011fruya ilgili olmas\u0131 kayd\u0131yla, s\u00f6zle\u015fmenin taraflar\u0131na ait ki\u015fisel verilerin i\u015flenmesinin gerekli olmas\u0131.<\/li>\n<li>Veri sorumlusunun hukuki y\u00fck\u00fcml\u00fcl\u00fc\u011f\u00fcn\u00fc yerine getirebilmesi i\u00e7in zorunlu olmas\u0131.<\/li>\n<li>\u0130lgili ki\u015finin kendisi taraf\u0131ndan alenile\u015ftirilmi\u015f olmas\u0131.<\/li>\n<li>Bir hakk\u0131n tesisi, kullan\u0131lmas\u0131 veya korunmas\u0131 i\u00e7in veri i\u015flemenin zorunlu olmas\u0131.<\/li>\n<li>\u0130lgili ki\u015finin temel hak ve \u00f6zg\u00fcrl\u00fcklerine zarar vermemek kayd\u0131yla, veri sorumlusunun me\u015fru menfaatleri i\u00e7in veri i\u015flenmesinin zorunlu olmas\u0131.<\/li>\n<\/ol>\n<p>&nbsp;<\/p>\n<p>6698 say\u0131l\u0131 KVKK 6. Maddesi kapsam\u0131nda sa\u011fl\u0131k ve cinsel hayat d\u0131\u015f\u0131ndaki \u00f6zel nitelikli ki\u015fisel verileriniz a\u00e7\u0131k r\u0131zan\u0131za istinaden veya ayn\u0131 madde h\u00fckm\u00fcne uygun olarak kanunlarda \u00f6ng\u00f6r\u00fclen hallerde i\u015flenebilmektedir. A\u00e7\u0131k r\u0131zan\u0131z\u0131n bulunmamas\u0131 halinde, sa\u011fl\u0131k ve cinsel hayata ili\u015fkin ki\u015fisel verileriniz ancak kamu sa\u011fl\u0131\u011f\u0131n\u0131n korunmas\u0131, koruyucu hekimlik, t\u0131bbi te\u015fhis, tedavi ve bak\u0131m hizmetlerinin y\u00fcr\u00fct\u00fclmesi, sa\u011fl\u0131k hizmetleri ile finansman\u0131n\u0131n planlanmas\u0131 ve y\u00f6netimi amac\u0131yla, s\u0131r saklama y\u00fck\u00fcml\u00fcl\u00fc\u011f\u00fc alt\u0131nda bulunan ki\u015filer veya yetkili kurum ve kurulu\u015flar taraf\u0131ndan i\u015flenebilir.<\/p>\n<p>&nbsp;<\/p>\n<ol start=\"2\">\n<li><strong>Ki\u015fisel Verilerinizin \u0130\u015flenme Amac\u0131 <\/strong><\/li>\n<\/ol>\n<p>Ki\u015fisel verileriniz, 6698 say\u0131l\u0131 Ki\u015fisel Verilerin Korunmas\u0131 Kanunu\u2019nun 4., 5. ve 6. maddelerine uygun olarak; hukuka ve d\u00fcr\u00fcstl\u00fck kurallar\u0131na uygun \u015fekilde, do\u011fru ve g\u00fcncel, belirli, a\u00e7\u0131k ve me\u015fru ama\u00e7larla, i\u015flendikleri ama\u00e7la ba\u011flant\u0131l\u0131, s\u0131n\u0131rl\u0131 ve \u00f6l\u00e7\u00fcl\u00fc \u015fekilde ve ilgili mevzuatta \u00f6ng\u00f6r\u00fclen ya da i\u015flendikleri ama\u00e7 i\u00e7in gerekli olan s\u00fcre kadar muhafaza edilmek \u00fczere a\u015fa\u011f\u0131daki ama\u00e7larla i\u015flenmektedir:<\/p>\n<ul>\n<li>Konaklama belgesinde yer alan kimlik, ileti\u015fim, hukuki i\u015flem ve m\u00fc\u015fteri i\u015flem verileriniz; konaklama hizmetinin sunulmas\u0131 amac\u0131yla, KVKK Md.5\/2(c) uyar\u0131nca s\u00f6zle\u015fmenin kurulmas\u0131 veya ifas\u0131 i\u00e7in i\u015flenmektedir.<\/li>\n<li>G\u0131da alerji formunda yer alan kimlik ve sa\u011fl\u0131k verileriniz; misafire uygun hizmet sunumu amac\u0131yla, sa\u011fl\u0131k verileri i\u00e7in KVKK Md.6\/3(a), di\u011fer veriler i\u00e7in KVKK Md.5\/2(c) kapsam\u0131nda i\u015flenmektedir.<\/li>\n<li>Ad\u0131n\u0131za fatura olu\u015fturulmas\u0131na ili\u015fkin kimlik, hukuki i\u015flem, finans ve m\u00fc\u015fteri i\u015flem verileriniz; muhasebe s\u00fcre\u00e7lerinin y\u00fcr\u00fct\u00fclmesi amac\u0131yla KVKK Md.5\/2(c) kapsam\u0131nda i\u015flenmektedir.<\/li>\n<li>Rezervasyon i\u015flemlerine ili\u015fkin kimlik, finans, hukuki i\u015flem ve m\u00fc\u015fteri i\u015flem verileriniz; sat\u0131\u015f ve operasyon s\u00fcre\u00e7lerinin y\u00fcr\u00fct\u00fclmesi amac\u0131yla KVKK Md.5\/2(c) kapsam\u0131nda i\u015flenmektedir.<\/li>\n<li>Ara\u00e7 giri\u015f kay\u0131tlar\u0131na ili\u015fkin kimlik, ileti\u015fim ve hukuki i\u015flem verileriniz; fiziksel mek\u00e2n g\u00fcvenli\u011finin sa\u011flanmas\u0131 amac\u0131yla KVKK Md.5\/2(f) kapsam\u0131nda i\u015flenmektedir.<\/li>\n<li>Web sitesi \u00fczerinden rezervasyon s\u0131ras\u0131nda i\u015flenen kimlik, ileti\u015fim, finans ve m\u00fc\u015fteri i\u015flem verileriniz; sat\u0131\u015f s\u00fcrecinin y\u00fcr\u00fct\u00fclmesi amac\u0131yla KVKK Md.5\/2(c) ve ihtilaf durumlar\u0131nda haklar\u0131m\u0131z\u0131 koruyabilmek amac\u0131yla KVKK Md.5\/2(e) kapsam\u0131nda i\u015flenmektedir.<\/li>\n<li>Jandarma Genel Komutanl\u0131\u011f\u0131na bildirilen kimlik verileriniz; 1774 say\u0131l\u0131 Kimlik Bildirme Kanunu gere\u011fince, KVKK Md.5\/2(a) uyar\u0131nca i\u015flenmekte ve yetkili makamlara bildirilmektedir.<\/li>\n<\/ul>\n<p>\u0130\u015fletme taraf\u0131ndan ki\u015fisel verilerin hukuka ayk\u0131r\u0131 olarak i\u015flenmesinin veya eri\u015filmesinin \u00f6nlenmesi amac\u0131yla gerekli teknik ve idari tedbirler al\u0131nmaktad\u0131r.<\/p>\n<ol start=\"3\">\n<li><strong>Ki\u015fisel Verilerinizin Aktar\u0131m\u0131<\/strong><\/li>\n<\/ol>\n<p>&nbsp;<\/p>\n<p>Ki\u015fisel verileriniz 6698 say\u0131l\u0131 KVK Kanunu 8 inci ve 9 uncu maddelerine g\u00f6re a\u015fa\u011f\u0131daki \u015fartlar\u0131n varl\u0131\u011f\u0131 halinde yurt i\u00e7inde veya yurt d\u0131\u015f\u0131na aktar\u0131labilir.<\/p>\n<p>6698 say\u0131l\u0131 KVK Kanununun 5 inci maddesindeki \u015fartlar\u0131n varl\u0131\u011f\u0131 nedeniyle ya da a\u00e7\u0131k r\u0131zan\u0131z do\u011frultusunda al\u0131nan ki\u015fisel veriler yukar\u0131da belirtilen ama\u00e7lar do\u011frultusunda ve yine yukar\u0131da belirtilen faaliyetlerin ger\u00e7ekle\u015ftirilebilmesi amac\u0131yla Kanunun 8 inci ve 9 uncu madde h\u00fck\u00fcmlerine uygun olarak i\u015fbirli\u011fi i\u00e7inde bulunulan ki\u015fi kurum ve firmalara, hissedar, tedarik\u00e7i gibi etkile\u015fim i\u00e7inde bulunulan ki\u015fi ve kurumlara hizmet al\u0131nan ya da hizmet verilen \u00fc\u00e7\u00fcnc\u00fc ki\u015filere aktar\u0131labilmektedir.<\/p>\n<p>&nbsp;<\/p>\n<p>Yeterli \u00f6nlemler al\u0131nmak kayd\u0131 ile sa\u011fl\u0131\u011fa ili\u015fkin ki\u015fisel verileriniz ise ancak kamu sa\u011fl\u0131\u011f\u0131n\u0131n korunmas\u0131, koruyucu hekimlik, t\u0131bb\u00ee te\u015fhis, tedavi ve bak\u0131m hizmetlerinin y\u00fcr\u00fct\u00fclmesi, sa\u011fl\u0131k hizmetleri ile finansman\u0131n\u0131n planlanmas\u0131 ve y\u00f6netimi amac\u0131yla, s\u0131r saklama y\u00fck\u00fcml\u00fcl\u00fc\u011f\u00fc alt\u0131nda bulunan ki\u015filer veya yetkili kurum ve kurulu\u015flar taraf\u0131ndan ilgilinin a\u00e7\u0131k r\u0131zas\u0131 aranmaks\u0131z\u0131n aktar\u0131labilmektedir.<\/p>\n<p>Kanunlarda a\u00e7\u0131k\u00e7a \u00f6ng\u00f6r\u00fclmesi, Fiili imk\u00e2ns\u0131zl\u0131k nedeniyle r\u0131zas\u0131n\u0131 a\u00e7\u0131klayamayacak durumda bulunan veya r\u0131zas\u0131na hukuki ge\u00e7erlilik tan\u0131nmayan ki\u015finin kendisinin ya da bir ba\u015fkas\u0131n\u0131n hayat\u0131 veya beden b\u00fct\u00fcnl\u00fc\u011f\u00fcn\u00fcn korunmas\u0131 i\u00e7in zorunlu olmas\u0131, bir s\u00f6zle\u015fmenin kurulmas\u0131 veya ifas\u0131yla do\u011frudan do\u011fruya ilgili olmas\u0131 kayd\u0131yla, s\u00f6zle\u015fmenin taraflar\u0131na ait ki\u015fisel verilerin i\u015flenmesinin gerekli olmas\u0131, veri sorumlusunun hukuki y\u00fck\u00fcml\u00fcl\u00fc\u011f\u00fcn\u00fc yerine getirebilmesi i\u00e7in zorunlu olmas\u0131, verinin alenile\u015ftirilmi\u015f olmas\u0131, bir hakk\u0131n tesisi, kullan\u0131lmas\u0131 veya korunmas\u0131 i\u00e7in veri i\u015flemenin zorunlu olmas\u0131, sizin temel hak ve \u00f6zg\u00fcrl\u00fcklerinize zarar vermemek kayd\u0131yla, veri sorumlusunun me\u015fru menfaatleri i\u00e7in veri i\u015flenmesinin zorunlu olmas\u0131 durumlar\u0131nda ve ayr\u0131ca kamu sa\u011fl\u0131\u011f\u0131n\u0131n korunmas\u0131, koruyucu hekimlik, t\u0131bb\u00ee te\u015fhis, tedavi ve bak\u0131m hizmetlerinin y\u00fcr\u00fct\u00fclmesi, sa\u011fl\u0131k hizmetleri ile finansman\u0131n\u0131n planlanmas\u0131 ve y\u00f6netimi amac\u0131yla, s\u0131r saklama y\u00fck\u00fcml\u00fcl\u00fc\u011f\u00fc alt\u0131nda bulunan ki\u015filer veya yetkili kurum ve kurulu\u015flar taraf\u0131ndan yerine getirilmek \u015fart\u0131yla ki\u015fisel verileriniz yurt d\u0131\u015f\u0131na yeterli koruman\u0131n bulunmas\u0131, yeterli koruman\u0131n bulunmamas\u0131 durumunda T\u00fcrkiye\u2019deki ve ilgili yabanc\u0131 \u00fclkedeki veri sorumlular\u0131n\u0131n yeterli bir korumay\u0131 yaz\u0131l\u0131 olarak taahh\u00fct etmeleri ve KVK Kurulunun izninin bulunmas\u0131 kayd\u0131yla a\u00e7\u0131k r\u0131zan\u0131z aranmaks\u0131z\u0131n yurt d\u0131\u015f\u0131na aktar\u0131labilir.<\/p>\n<p>KVK Kurulu, yabanc\u0131 \u00fclkede yeterli koruma bulunup bulunmad\u0131\u011f\u0131na ve yurt d\u0131\u015f\u0131na aktar\u0131ma izin verilip verilmeyece\u011fine; T\u00fcrkiye\u2019nin taraf oldu\u011fu uluslararas\u0131 s\u00f6zle\u015fmeleri, ki\u015fisel veri talep eden \u00fclke ile T\u00fcrkiye aras\u0131nda veri aktar\u0131m\u0131na ili\u015fkin kar\u015f\u0131l\u0131kl\u0131l\u0131k durumunu, her somut ki\u015fisel veri aktar\u0131m\u0131na ili\u015fkin olarak, ki\u015fisel verinin niteli\u011fi ile i\u015flenme ama\u00e7 ve s\u00fcresini, ki\u015fisel verinin aktar\u0131laca\u011f\u0131 \u00fclkenin konuyla ilgili mevzuat\u0131 ve uygulamas\u0131n\u0131, ki\u015fisel verinin aktar\u0131laca\u011f\u0131 \u00fclkede bulunan veri sorumlusu taraf\u0131ndan taahh\u00fct edilen \u00f6nlemleri, de\u011ferlendirmek ve ihtiya\u00e7 duymas\u0131 halinde, ilgili kurum ve kurulu\u015flar\u0131n g\u00f6r\u00fc\u015f\u00fcn\u00fc de almak suretiyle karar vermektedir. Ki\u015fisel verileriniz, uluslararas\u0131 s\u00f6zle\u015fme h\u00fck\u00fcmleri sakl\u0131 kalmak \u00fczere, T\u00fcrkiye\u2019nin veya sizin menfaatinizin ciddi bir \u015fekilde zarar g\u00f6rece\u011fi durumlarda, ancak ilgili kamu kurum veya kurulu\u015funun g\u00f6r\u00fc\u015f\u00fc al\u0131narak Kurulun izniyle yurt d\u0131\u015f\u0131na aktar\u0131labilmektedir.<\/p>\n<p>Bu \u00e7er\u00e7evede ki\u015fisel verileriniz;<\/p>\n<p>&nbsp;<\/p>\n<ol>\n<li>Acil Durum Y\u00f6netimi S\u00fcre\u00e7lerinin Y\u00fcr\u00fct\u00fclmesi<\/li>\n<li>Bilgi G\u00fcvenli\u011fi S\u00fcre\u00e7lerinin Y\u00fcr\u00fct\u00fclmesi<\/li>\n<li>Faaliyetlerin Mevzuata Uygun Y\u00fcr\u00fct\u00fclmesi<\/li>\n<li>Finans ve Muhasebe \u0130\u015flerinin Y\u00fcr\u00fct\u00fclmesi<\/li>\n<li>Firma \/ \u00dcr\u00fcn \/ Hizmetlere Ba\u011fl\u0131l\u0131k S\u00fcre\u00e7lerinin Y\u00fcr\u00fct\u00fclmesi<\/li>\n<li>Fiziksel Mek\u00e2n G\u00fcvenli\u011finin Temini<\/li>\n<li>Hukuk \u0130\u015flerinin Takibi ve Y\u00fcr\u00fct\u00fclmesi<\/li>\n<li>\u0130leti\u015fim Faaliyetlerinin Y\u00fcr\u00fct\u00fclmesi<\/li>\n<li>Mal \/ Hizmet Sat\u0131\u015f S\u00fcre\u00e7lerinin Y\u00fcr\u00fct\u00fclmesi<\/li>\n<li>Mal \/ Hizmet \u00dcretim ve Operasyon S\u00fcre\u00e7lerinin Y\u00fcr\u00fct\u00fclmesi<\/li>\n<li>M\u00fc\u015fteri \u0130li\u015fkileri Y\u00f6netimi S\u00fcre\u00e7lerinin Y\u00fcr\u00fct\u00fclmesi<\/li>\n<li>M\u00fc\u015fteri, Misafir Memnuniyetine, Hizmet Kalitesine Y\u00f6nelik Aktivitelerin Y\u00fcr\u00fct\u00fclmesi<\/li>\n<li>Organizasyon ve Etkinlik Y\u00f6netimi<\/li>\n<li>Reklam \/ Kampanya \/ Promosyon S\u00fcre\u00e7lerinin Y\u00fcr\u00fct\u00fclmesi<\/li>\n<li>Saklama ve Ar\u015fiv Faaliyetlerinin Y\u00fcr\u00fct\u00fclmesi<\/li>\n<li>S\u00f6zle\u015fme S\u00fcre\u00e7lerinin Y\u00fcr\u00fct\u00fclmesi<\/li>\n<li>Talep \/ \u015eikayetlerin Takibi<\/li>\n<li>Veri Sorumlusu Operasyonlar\u0131n\u0131n G\u00fcvenli\u011finin Temini<\/li>\n<li>Yat\u0131r\u0131m S\u00fcre\u00e7lerinin Y\u00fcr\u00fct\u00fclmesi<\/li>\n<li>Yetkili Ki\u015fi, Kurum ve Kurulu\u015flara Bilgi Verilmesi<\/li>\n<li>Y\u00f6netim Faaliyetlerinin Y\u00fcr\u00fct\u00fclmesi<\/li>\n<li>Ziyaret\u00e7i Kay\u0131tlar\u0131n\u0131n Olu\u015fturulmas\u0131 ve Takibi<\/li>\n<\/ol>\n<p>ve y\u00fcr\u00fct\u00fclmesi amac\u0131yla aktar\u0131labilmektedir.<\/p>\n<p>&nbsp;<\/p>\n<ol start=\"4\">\n<li><strong>Ki\u015fisel Veri Sahibi Olarak Haklar\u0131n\u0131z <\/strong><\/li>\n<\/ol>\n<p>Kanun kapsam\u0131nda veri sahibi yani ilgili ki\u015fi<\/p>\n<ol>\n<li>Ki\u015fisel verilerin i\u015flenip i\u015flenmedi\u011fini \u00f6\u011frenme,<\/li>\n<li>Ki\u015fisel verileri i\u015flenmi\u015fse bilgi talep etme,<\/li>\n<li>Ki\u015fisel verilerin i\u015flenme amac\u0131n\u0131 ve bunlar\u0131n amac\u0131na uygun kullan\u0131l\u0131p kullan\u0131lmad\u0131\u011f\u0131n\u0131 \u00f6\u011frenme,<\/li>\n<li>Yurt i\u00e7inde veya yurt d\u0131\u015f\u0131nda ki\u015fisel verilerin aktar\u0131ld\u0131\u011f\u0131 \u00fc\u00e7\u00fcnc\u00fc ki\u015fileri bilme,<\/li>\n<li>Ki\u015fisel verilerin eksik veya yanl\u0131\u015f i\u015flenmi\u015f olmas\u0131 h\u00e2linde bunlar\u0131n d\u00fczeltilmesini isteme,<\/li>\n<li>KVKK 7 inci maddede \u00f6ng\u00f6r\u00fclen \u015fartlar \u00e7er\u00e7evesinde ki\u015fisel verilerin silinmesini veya yok edilmesini isteme,<\/li>\n<li>Yanl\u0131\u015f i\u015flenen ve d\u00fczeltilmesi istenen ki\u015fisel veriler ile imha edilmesi istenen ki\u015fisel verilerle ilgili olarak aktar\u0131ld\u0131\u011f\u0131 \u00fc\u00e7\u00fcnc\u00fc ki\u015filere bildirilmesini isteme,<\/li>\n<li>\u0130\u015flenen verilerin m\u00fcnhas\u0131ran otomatik sistemler vas\u0131tas\u0131yla analiz edilmesi suretiyle ki\u015finin kendisi aleyhine bir sonucun ortaya \u00e7\u0131kmas\u0131na itiraz etme,<\/li>\n<li>Ki\u015fisel verilerin kanuna ayk\u0131r\u0131 olarak i\u015flenmesi sebebiyle zarara u\u011framas\u0131 h\u00e2linde zarar\u0131n giderilmesini talep etme,<\/li>\n<\/ol>\n<p>haklar\u0131na sahiptir.<\/p>\n<p>&nbsp;<\/p>\n<p>Ki\u015fisel veri sahibi olarak sahip oldu\u011funuz \u015fik\u00e2yet haklar\u0131n\u0131 kullanabilmeleri i\u00e7in \u00f6ncelikle a\u015fa\u011f\u0131daki ileti\u015fim kanallar\u0131n\u0131 kullanarak ki\u015fisel veri sorumlusuna ba\u015fvurman\u0131z gerekmektedir. Bu yol t\u00fcketilmeden KVK Kurulu\u2019na \u015fik\u00e2yet yoluna gidilememektedir.<\/p>\n<p>Talebiniz, talebin niteli\u011fine g\u00f6re en k\u0131sa s\u00fcrede ve en ge\u00e7 30 g\u00fcn i\u00e7erisinde veri sorumlusu olarak \u015firketimiz taraf\u0131ndan cevapland\u0131r\u0131lmaktad\u0131r.<\/p>\n<p>Ba\u015fvurunuzun reddedilmesi veya verilen cevab\u0131n yetersiz bulunmas\u0131 yahut s\u00fcresinde ba\u015fvurunuza cevap verilmemesi durumunda KVK Kurulu\u2019na \u015fik\u00e2yet hakk\u0131n\u0131 kullanabilir ya da do\u011frudan yarg\u0131 yoluna ba\u015fvurabilirsiniz.<\/p>\n<p>&nbsp;<\/p>\n<p><strong>Ba\u015fvuru Adresi ve ileti\u015fim bilgileri:<\/strong><\/p>\n<p>&nbsp;<\/p>\n<table style=\"height: 341px\" width=\"1344\">\n<tbody>\n<tr>\n<td width=\"94\"><strong>\u015e\u0130RKET \u00dcNVANI<\/strong><\/td>\n<td width=\"76\"><strong>MERKEZ \/ \u015eUBE ADI<\/strong><\/td>\n<td width=\"180\"><strong>\u015e\u0130RKET ADRES\u0130<\/strong><\/td>\n<td width=\"113\"><strong>TELEFON NO<\/strong><\/td>\n<td width=\"234\"><strong>E POSTA ADRES\u0130 <\/strong><\/td>\n<\/tr>\n<tr>\n<td width=\"94\">AZ OTEL \u0130\u015eLETMELER\u0130 A.\u015e<\/td>\n<td width=\"76\">Grand Park Lara, Corendon Playa Kemer,<br \/>\nCorendon Hydros Club Kemer<\/td>\n<td width=\"180\">G\u00fczeloba Mah. \u00c7a\u011flayangil Cad. NO:29\/B Muratpa\u015fa\/ANTALYA<\/td>\n<td width=\"113\">0242\u00a0407\u00a000\u00a000<\/td>\n<td width=\"234\">\u00a0\u00a0\u00a0\u00a0\u00a0\u00a0\u00a0\u00a0 az.otel@hs01.kep.tr<\/td>\n<\/tr>\n<\/tbody>\n<\/table>\n<p>&nbsp;<\/p>\n<p>&nbsp;<\/p>\n<ol start=\"5\">\n<li><strong>Ki\u015fisel Verilerinizin Saklama S\u00fcresi <\/strong><\/li>\n<\/ol>\n<p>\u0130\u015flenen ki\u015fisel verileriniz a\u015fa\u011f\u0131da belirtilen faaliyetlere uygun olarak, ilgili mevzuatta yer alan s\u00fcreler dikkate al\u0131narak ve i\u015fleme amac\u0131 sona erdikten sonra KVKK\u2019n\u0131n 7. maddesi uyar\u0131nca silinmek, yok edilmek veya anonim hale getirilmek \u00fczere a\u015fa\u011f\u0131daki s\u00fcrelerle saklan\u0131r:<\/p>\n<ul>\n<li>Konaklama kay\u0131tlar\u0131 (kimlik, ileti\u015fim, m\u00fc\u015fteri i\u015flem verileri): 1774 say\u0131l\u0131 Kimlik Bildirme Kanunu uyar\u0131nca en az 1 y\u0131l, olas\u0131 hukuki ihtilaflara kar\u015f\u0131 10 y\u0131l,<\/li>\n<li>Fatura ve finansal belgeler: 213 say\u0131l\u0131 Vergi Usul Kanunu ve 6102 say\u0131l\u0131 T\u00fcrk Ticaret Kanunu uyar\u0131nca 10 y\u0131l,<\/li>\n<li>Rezervasyon, sat\u0131\u015f ve m\u00fc\u015fteri i\u015flem kay\u0131tlar\u0131: Hizmetin sona ermesinden itibaren 10 y\u0131l,<\/li>\n<li>G\u0131da alerji bildirimleri (sa\u011fl\u0131k verileri): Hizmetin sona ermesinden itibaren azami 2 y\u0131l,<\/li>\n<li>Ara\u00e7 giri\u015f\/\u00e7\u0131k\u0131\u015f kay\u0131tlar\u0131: Fiziksel mek\u00e2n g\u00fcvenli\u011fi ama\u00e7l\u0131 en fazla 2 y\u0131l,<\/li>\n<li>Kamera kay\u0131tlar\u0131: Azami 30 g\u00fcn,<\/li>\n<li>\u0130\u015flem g\u00fcvenli\u011fi verileri (log kay\u0131tlar\u0131 vb.): 5651 say\u0131l\u0131 Kanun ve ilgili y\u00f6netmelikler uyar\u0131nca en fazla 2 y\u0131l,<\/li>\n<li>Web sitesi rezervasyon bilgileri: Hizmetin sona ermesinden itibaren 10 y\u0131l,<\/li>\n<li>Pasaport bilgileri: 1774 say\u0131l\u0131 Kimlik Bildirme Kanunu gere\u011fince ilgili kolluk kuvvetlerine bildirildikten sonra 1 y\u0131l.<\/li>\n<\/ul>\n<p>Yukar\u0131da belirtilen y\u00f6ntemlerle ve belirtilen ama\u00e7lar do\u011frultusunda i\u015flenmesi gereken ki\u015fisel verileriniz, kanunda belirtilen zaman a\u015f\u0131m\u0131 ve hak d\u00fc\u015f\u00fcr\u00fcc\u00fc s\u00fcreler de dikkate al\u0131narak veri envanterinde g\u00f6sterilen s\u00fcre kadar saklan\u0131r. Verilerinizin i\u015flenmesini gerektiren sebeplerin ortadan kalkmas\u0131 halinde veya mevzuat uyar\u0131nca verilerinizin i\u015flenmesi i\u00e7in zorunlu k\u0131l\u0131nan s\u00fcrelerin sona ermesi durumunda, \u015eirketimiz taraf\u0131ndan resen en ge\u00e7 alt\u0131 ayl\u0131k periyotlarla veya talebiniz \u00fczerine en ge\u00e7 otuz g\u00fcn i\u00e7inde, uygun imha y\u00f6ntemlerinden biri kullan\u0131larak silinir, yok edilir veya anonim hale getirilir.<\/p>\n<p>Ki\u015fisel verilerinizin silinmesi, ilgili kullan\u0131c\u0131lar i\u00e7in hi\u00e7bir \u015fekilde eri\u015filemez ve tekrar kullan\u0131lamaz hale getirilmesi i\u015flemidir. Ki\u015fisel verilerinizin yok edilmesi, hi\u00e7 kimse taraf\u0131ndan eri\u015filemeyecek, geri getirilemeyecek ve tekrar kullan\u0131lamayacak \u015fekilde ortadan kald\u0131r\u0131lmas\u0131d\u0131r. Ki\u015fisel verilerinizin anonim hale getirilmesi, uygun tekniklerle kimli\u011fi belirli ya da belirlenebilir ki\u015fiyle ili\u015fkilendirilemeyecek h\u00e2le getirilmesidir. Bu i\u015flemler kay\u0131t alt\u0131na al\u0131n\u0131r ve gerekti\u011finde denetim i\u00e7in haz\u0131r tutulmak \u00fczere 5 y\u0131l s\u00fcreyle saklan\u0131r.<\/p>\n<p>&nbsp;<\/p>\n<p>Yukar\u0131da belirtilen y\u00f6ntemlerle ve belirtilen ama\u00e7lar do\u011frultusunda i\u015flenmesi gereken ki\u015fisel verileriniz kanunda belirtilen zaman a\u015f\u0131m\u0131 ve hak d\u00fc\u015f\u00fcr\u00fcc\u00fc s\u00fcreler de dikkate al\u0131narak veri envanterinde belirtilen s\u00fcre kadar saklan\u0131r. Verilerinizin i\u015flenmesini gerektiren sebeplerin ortadan kalkmas\u0131 halinde veya mevzuat uyar\u0131nca verilerinizin i\u015flenmesi i\u00e7in zorunlu k\u0131l\u0131nan s\u00fcreler sona erdi\u011fine, \u015eirketimiz taraf\u0131ndan resen en ge\u00e7 alt\u0131 ayl\u0131k periyotlarda veya talebiniz \u00fczerine en ge\u00e7 otuz g\u00fcn i\u00e7inde imha y\u00f6ntemlerinin herhangi birisi kullan\u0131larak silinir, yok edilir veya anonim hale getirilir.<\/p>\n<p>Ki\u015fisel verilerinizin silinmesi, ilgili kullan\u0131c\u0131lar i\u00e7in hi\u00e7bir \u015fekilde eri\u015filemez ve tekrar kullan\u0131lamaz hale getirilmesi i\u015flemidir.<\/p>\n<p>Ki\u015fisel verilerinizin yok edilmesi, ki\u015fisel verilerin hi\u00e7 kimse taraf\u0131ndan hi\u00e7bir \u015fekilde eri\u015filemez, geri getirilemez ve tekrar kullan\u0131lamaz hale getirilmesi i\u015flemidir.<\/p>\n<p>Ki\u015fisel verilerinizin anonim hale getirme, verilerin uygun tekniklerin kullan\u0131lmas\u0131 yoluyla dahi kimli\u011fi belirli veya belirlenebilir bir ger\u00e7ek ki\u015fiyle ili\u015fkilendirilemez hale getirilmesidir.<\/p>\n<p>Ki\u015fisel verilerinizin silinmesi, yok edilmesi ve anonim hale getirilmesiyle ilgili yap\u0131lan i\u015flemler tutanak alt\u0131na al\u0131n\u0131r. Kamusal gereklilikler kar\u015f\u0131s\u0131nda bu tutanaklar 5 y\u0131l s\u00fcre ile saklan\u0131r.<\/p>\n<ol start=\"6\">\n<li><strong>Veri Sorumlusunun Kimli\u011fi <\/strong><\/li>\n<\/ol>\n<table style=\"height: 334px\" width=\"1248\">\n<tbody>\n<tr>\n<td width=\"94\"><strong>\u015e\u0130RKET \u00dcNVANI<\/strong><\/td>\n<td width=\"109\"><strong>MERKEZ \/ \u015eUBE ADI<\/strong><\/td>\n<td width=\"143\"><strong>\u015e\u0130RKET ADRES\u0130<\/strong><\/td>\n<td width=\"110\"><strong>Vergi Dairesi<\/strong><\/td>\n<td width=\"103\"><strong>Vergi Numaras\u0131<\/strong><\/td>\n<td width=\"157\"><strong>Mernis No<\/strong><\/td>\n<\/tr>\n<tr>\n<td width=\"94\">&nbsp;<\/p>\n<p>AZ OTEL \u0130\u015eLETMELER\u0130 A\u015e<\/p>\n<p>&nbsp;<\/td>\n<td width=\"109\">Corendon Playa Kemer, Grand Park Lara ,<br \/>\nCorendon Hydros Club Kemer<\/td>\n<td width=\"143\">G\u00fczeloba Mah. \u00c7a\u011flayangil Cad. NO:29\/B Muratpa\u015fa\/ANTALYA<\/p>\n<p>&nbsp;<\/td>\n<td width=\"110\">&nbsp;<\/p>\n<p>&nbsp;<\/p>\n<p>Antalya<\/p>\n<p>Kurumlar<\/p>\n<p>Vergi<\/p>\n<p>Dairesi<\/td>\n<td width=\"103\">&nbsp;<\/p>\n<p>&nbsp;<\/p>\n<p>127 125 2877<\/td>\n<td width=\"157\">&nbsp;<\/p>\n<p>&nbsp;<\/p>\n<p>0127125287700001<\/td>\n<\/tr>\n<\/tbody>\n<\/table>\n<p>&nbsp;<\/p>\n<p>&nbsp;<\/p>\n","section_content_show_links":false,"section_content_links_title":"","section_content_links":false,"section_background_color":"","section_background_image":false,"section_background_fade":false,"section_invert_text":false}]},"publishpress_future_action":{"enabled":false,"date":"2026-05-07 18:36:20","action":"change-status","newStatus":"draft","terms":[],"taxonomy":"translation_priority","extraData":[]},"publishpress_future_workflow_manual_trigger":{"enabledWorkflows":[]},"_links":{"self":[{"href":"https:\/\/www.corendonhotels.com\/tr\/wp-json\/wp\/v2\/pages\/22850","targetHints":{"allow":["GET"]}}],"collection":[{"href":"https:\/\/www.corendonhotels.com\/tr\/wp-json\/wp\/v2\/pages"}],"about":[{"href":"https:\/\/www.corendonhotels.com\/tr\/wp-json\/wp\/v2\/types\/page"}],"author":[{"embeddable":true,"href":"https:\/\/www.corendonhotels.com\/tr\/wp-json\/wp\/v2\/users\/2"}],"replies":[{"embeddable":true,"href":"https:\/\/www.corendonhotels.com\/tr\/wp-json\/wp\/v2\/comments?post=22850"}],"version-history":[{"count":5,"href":"https:\/\/www.corendonhotels.com\/tr\/wp-json\/wp\/v2\/pages\/22850\/revisions"}],"predecessor-version":[{"id":27599,"href":"https:\/\/www.corendonhotels.com\/tr\/wp-json\/wp\/v2\/pages\/22850\/revisions\/27599"}],"wp:attachment":[{"href":"https:\/\/www.corendonhotels.com\/tr\/wp-json\/wp\/v2\/media?parent=22850"}],"curies":[{"name":"wp","href":"https:\/\/api.w.org\/{rel}","templated":true}]}}