{"id":27588,"date":"2026-03-06T12:26:17","date_gmt":"2026-03-06T11:26:17","guid":{"rendered":"https:\/\/www.corendonhotels.com\/?page_id=27588"},"modified":"2026-03-06T12:27:54","modified_gmt":"2026-03-06T11:27:54","slug":"kisisel-verileri-saklama-ve-imha-politikasi","status":"publish","type":"page","link":"https:\/\/www.corendonhotels.com\/tr\/kisisel-verileri-saklama-ve-imha-politikasi\/","title":{"rendered":"K\u0130\u015e\u0130SEL VER\u0130LER\u0130 SAKLAMA VE \u0130MHA POL\u0130T\u0130KASI (KVS\u0130 POL\u0130T\u0130KASI)"},"content":{"rendered":"","protected":false},"excerpt":{"rendered":"","protected":false},"author":40,"featured_media":0,"parent":0,"menu_order":0,"comment_status":"closed","ping_status":"closed","template":"","meta":{"_acf_changed":false,"footnotes":""},"class_list":["post-27588","page","type-page","status-publish","hentry"],"acf":[],"yoast_head":"<!-- This site is optimized with the Yoast SEO plugin v27.5 - https:\/\/yoast.com\/product\/yoast-seo-wordpress\/ -->\n<title>K\u0130\u015e\u0130SEL VER\u0130LER\u0130 SAKLAMA VE \u0130MHA POL\u0130T\u0130KASI (KVS\u0130 POL\u0130T\u0130KASI) - Corendon Hotels &amp; Resorts<\/title>\n<meta name=\"robots\" content=\"index, follow, max-snippet:-1, max-image-preview:large, max-video-preview:-1\" \/>\n<link rel=\"canonical\" href=\"https:\/\/www.corendonhotels.com\/tr\/kisisel-verileri-saklama-ve-imha-politikasi\/\" \/>\n<meta property=\"og:locale\" content=\"tr_TR\" \/>\n<meta property=\"og:type\" content=\"article\" \/>\n<meta property=\"og:title\" content=\"K\u0130\u015e\u0130SEL VER\u0130LER\u0130 SAKLAMA VE \u0130MHA POL\u0130T\u0130KASI (KVS\u0130 POL\u0130T\u0130KASI) - Corendon Hotels &amp; Resorts\" \/>\n<meta property=\"og:url\" content=\"https:\/\/www.corendonhotels.com\/tr\/kisisel-verileri-saklama-ve-imha-politikasi\/\" \/>\n<meta property=\"og:site_name\" content=\"Corendon Hotels &amp; Resorts\" \/>\n<meta property=\"article:publisher\" content=\"https:\/\/www.facebook.com\/CorendonHotelsEnResorts\" \/>\n<meta property=\"article:modified_time\" content=\"2026-03-06T11:27:54+00:00\" \/>\n<meta name=\"twitter:card\" content=\"summary_large_image\" \/>\n<meta name=\"twitter:site\" content=\"@corendonhotels\" \/>\n<script type=\"application\/ld+json\" class=\"yoast-schema-graph\">{\"@context\":\"https:\\\/\\\/schema.org\",\"@graph\":[{\"@type\":\"WebPage\",\"@id\":\"https:\\\/\\\/www.corendonhotels.com\\\/tr\\\/kisisel-verileri-saklama-ve-imha-politikasi\\\/\",\"url\":\"https:\\\/\\\/www.corendonhotels.com\\\/tr\\\/kisisel-verileri-saklama-ve-imha-politikasi\\\/\",\"name\":\"K\u0130\u015e\u0130SEL VER\u0130LER\u0130 SAKLAMA VE \u0130MHA POL\u0130T\u0130KASI (KVS\u0130 POL\u0130T\u0130KASI) - Corendon Hotels &amp; Resorts\",\"isPartOf\":{\"@id\":\"https:\\\/\\\/corendonhotels.com\\\/#website\"},\"datePublished\":\"2026-03-06T11:26:17+00:00\",\"dateModified\":\"2026-03-06T11:27:54+00:00\",\"breadcrumb\":{\"@id\":\"https:\\\/\\\/www.corendonhotels.com\\\/tr\\\/kisisel-verileri-saklama-ve-imha-politikasi\\\/#breadcrumb\"},\"inLanguage\":\"tr\",\"potentialAction\":[{\"@type\":\"ReadAction\",\"target\":[\"https:\\\/\\\/www.corendonhotels.com\\\/tr\\\/kisisel-verileri-saklama-ve-imha-politikasi\\\/\"]}]},{\"@type\":\"BreadcrumbList\",\"@id\":\"https:\\\/\\\/www.corendonhotels.com\\\/tr\\\/kisisel-verileri-saklama-ve-imha-politikasi\\\/#breadcrumb\",\"itemListElement\":[{\"@type\":\"ListItem\",\"position\":1,\"name\":\"Home\",\"item\":\"https:\\\/\\\/www.corendonhotels.com\\\/tr\\\/\"},{\"@type\":\"ListItem\",\"position\":2,\"name\":\"K\u0130\u015e\u0130SEL VER\u0130LER\u0130 SAKLAMA VE \u0130MHA POL\u0130T\u0130KASI (KVS\u0130 POL\u0130T\u0130KASI)\"}]},{\"@type\":\"WebSite\",\"@id\":\"https:\\\/\\\/corendonhotels.com\\\/#website\",\"url\":\"https:\\\/\\\/corendonhotels.com\\\/\",\"name\":\"Corendon Hotels &amp; Resorts\",\"description\":\"Boek direct online!\",\"publisher\":{\"@id\":\"https:\\\/\\\/corendonhotels.com\\\/#organization\"},\"potentialAction\":[{\"@type\":\"SearchAction\",\"target\":{\"@type\":\"EntryPoint\",\"urlTemplate\":\"https:\\\/\\\/corendonhotels.com\\\/?s={search_term_string}\"},\"query-input\":{\"@type\":\"PropertyValueSpecification\",\"valueRequired\":true,\"valueName\":\"search_term_string\"}}],\"inLanguage\":\"tr\"},{\"@type\":\"Organization\",\"@id\":\"https:\\\/\\\/corendonhotels.com\\\/#organization\",\"name\":\"Corendon Hotels & Resorts\",\"url\":\"https:\\\/\\\/corendonhotels.com\\\/\",\"logo\":{\"@type\":\"ImageObject\",\"inLanguage\":\"tr\",\"@id\":\"https:\\\/\\\/corendonhotels.com\\\/#\\\/schema\\\/logo\\\/image\\\/\",\"url\":\"https:\\\/\\\/www.corendonhotels.com\\\/wp-content\\\/uploads\\\/2019\\\/05\\\/logo-corendon-hotels-resorts.svg\",\"contentUrl\":\"https:\\\/\\\/www.corendonhotels.com\\\/wp-content\\\/uploads\\\/2019\\\/05\\\/logo-corendon-hotels-resorts.svg\",\"width\":1,\"height\":1,\"caption\":\"Corendon Hotels & Resorts\"},\"image\":{\"@id\":\"https:\\\/\\\/corendonhotels.com\\\/#\\\/schema\\\/logo\\\/image\\\/\"},\"sameAs\":[\"https:\\\/\\\/www.facebook.com\\\/CorendonHotelsEnResorts\",\"https:\\\/\\\/x.com\\\/corendonhotels\",\"https:\\\/\\\/www.instagram.com\\\/corendonhotels\\\/\",\"https:\\\/\\\/www.linkedin.com\\\/company\\\/corendon-hotels-&amp;-resorts\\\/\",\"https:\\\/\\\/www.youtube.com\\\/user\\\/corendonhotels\"]}]}<\/script>\n<!-- \/ Yoast SEO plugin. -->","yoast_head_json":{"title":"K\u0130\u015e\u0130SEL VER\u0130LER\u0130 SAKLAMA VE \u0130MHA POL\u0130T\u0130KASI (KVS\u0130 POL\u0130T\u0130KASI) - Corendon Hotels &amp; Resorts","robots":{"index":"index","follow":"follow","max-snippet":"max-snippet:-1","max-image-preview":"max-image-preview:large","max-video-preview":"max-video-preview:-1"},"canonical":"https:\/\/www.corendonhotels.com\/tr\/kisisel-verileri-saklama-ve-imha-politikasi\/","og_locale":"tr_TR","og_type":"article","og_title":"K\u0130\u015e\u0130SEL VER\u0130LER\u0130 SAKLAMA VE \u0130MHA POL\u0130T\u0130KASI (KVS\u0130 POL\u0130T\u0130KASI) - Corendon Hotels &amp; Resorts","og_url":"https:\/\/www.corendonhotels.com\/tr\/kisisel-verileri-saklama-ve-imha-politikasi\/","og_site_name":"Corendon Hotels &amp; Resorts","article_publisher":"https:\/\/www.facebook.com\/CorendonHotelsEnResorts","article_modified_time":"2026-03-06T11:27:54+00:00","twitter_card":"summary_large_image","twitter_site":"@corendonhotels","schema":{"@context":"https:\/\/schema.org","@graph":[{"@type":"WebPage","@id":"https:\/\/www.corendonhotels.com\/tr\/kisisel-verileri-saklama-ve-imha-politikasi\/","url":"https:\/\/www.corendonhotels.com\/tr\/kisisel-verileri-saklama-ve-imha-politikasi\/","name":"K\u0130\u015e\u0130SEL VER\u0130LER\u0130 SAKLAMA VE \u0130MHA POL\u0130T\u0130KASI (KVS\u0130 POL\u0130T\u0130KASI) - Corendon Hotels &amp; Resorts","isPartOf":{"@id":"https:\/\/corendonhotels.com\/#website"},"datePublished":"2026-03-06T11:26:17+00:00","dateModified":"2026-03-06T11:27:54+00:00","breadcrumb":{"@id":"https:\/\/www.corendonhotels.com\/tr\/kisisel-verileri-saklama-ve-imha-politikasi\/#breadcrumb"},"inLanguage":"tr","potentialAction":[{"@type":"ReadAction","target":["https:\/\/www.corendonhotels.com\/tr\/kisisel-verileri-saklama-ve-imha-politikasi\/"]}]},{"@type":"BreadcrumbList","@id":"https:\/\/www.corendonhotels.com\/tr\/kisisel-verileri-saklama-ve-imha-politikasi\/#breadcrumb","itemListElement":[{"@type":"ListItem","position":1,"name":"Home","item":"https:\/\/www.corendonhotels.com\/tr\/"},{"@type":"ListItem","position":2,"name":"K\u0130\u015e\u0130SEL VER\u0130LER\u0130 SAKLAMA VE \u0130MHA POL\u0130T\u0130KASI (KVS\u0130 POL\u0130T\u0130KASI)"}]},{"@type":"WebSite","@id":"https:\/\/corendonhotels.com\/#website","url":"https:\/\/corendonhotels.com\/","name":"Corendon Hotels &amp; Resorts","description":"Boek direct online!","publisher":{"@id":"https:\/\/corendonhotels.com\/#organization"},"potentialAction":[{"@type":"SearchAction","target":{"@type":"EntryPoint","urlTemplate":"https:\/\/corendonhotels.com\/?s={search_term_string}"},"query-input":{"@type":"PropertyValueSpecification","valueRequired":true,"valueName":"search_term_string"}}],"inLanguage":"tr"},{"@type":"Organization","@id":"https:\/\/corendonhotels.com\/#organization","name":"Corendon Hotels & Resorts","url":"https:\/\/corendonhotels.com\/","logo":{"@type":"ImageObject","inLanguage":"tr","@id":"https:\/\/corendonhotels.com\/#\/schema\/logo\/image\/","url":"https:\/\/www.corendonhotels.com\/wp-content\/uploads\/2019\/05\/logo-corendon-hotels-resorts.svg","contentUrl":"https:\/\/www.corendonhotels.com\/wp-content\/uploads\/2019\/05\/logo-corendon-hotels-resorts.svg","width":1,"height":1,"caption":"Corendon Hotels & Resorts"},"image":{"@id":"https:\/\/corendonhotels.com\/#\/schema\/logo\/image\/"},"sameAs":["https:\/\/www.facebook.com\/CorendonHotelsEnResorts","https:\/\/x.com\/corendonhotels","https:\/\/www.instagram.com\/corendonhotels\/","https:\/\/www.linkedin.com\/company\/corendon-hotels-&amp;-resorts\/","https:\/\/www.youtube.com\/user\/corendonhotels"]}]}},"acf_fields":{"hero_visible_switch":false,"page_flex_sections":[{"acf_fc_layout":"section_content","section_content_id":"","section_content_content":"<p><strong>\u0130\u00c7\u0130NDEK\u0130LER<\/strong><\/p>\n<ol>\n<li><a href=\"#_Toc499108937\"><strong> DAYANAK, AMA\u00c7 VE KAPSAM<\/strong><\/a><\/li>\n<li><a href=\"#_Toc499108939\"><strong> TER\u0130MLER VE KAVRAMLAR<\/strong><\/a><\/li>\n<li><a href=\"#_Toc499108940\"><strong> K\u0130\u015e\u0130SEL VER\u0130LER\u0130N S\u0130L\u0130NMES\u0130, YOK ED\u0130LMES\u0130 VEYA ANON\u0130M HALE GET\u0130R\u0130LMES\u0130<\/strong><\/a><\/li>\n<li><a href=\"#_Toc499108941\"><strong> ORTAK H\u00dcK\u00dcMLER <\/strong><\/a><\/li>\n<li><a href=\"#_Toc499108941\"><strong> POLITIKA EKLER\u0130 VE RISK ANAL\u0130Z RAPORLARI <\/strong><\/a><\/li>\n<li><strong> G\u00dcNCELLEME<\/strong><\/li>\n<li><strong> Y\u00dcR\u00dcRL\u00dcK VE Y\u00dcR\u00dcRL\u00dcKTEN KALDIRMA<\/strong><\/li>\n<\/ol>\n<p>&nbsp;<\/p>\n<p>&nbsp;<\/p>\n<p>&nbsp;<\/p>\n<p>&nbsp;<\/p>\n<p>&nbsp;<\/p>\n<p>&nbsp;<\/p>\n<p>&nbsp;<\/p>\n<p>&nbsp;<\/p>\n<p>&nbsp;<\/p>\n<p>&nbsp;<\/p>\n<p>&nbsp;<\/p>\n<p>&nbsp;<\/p>\n<p>&nbsp;<\/p>\n<p>&nbsp;<\/p>\n<p>&nbsp;<\/p>\n<p>&nbsp;<\/p>\n<p>&nbsp;<\/p>\n<p>&nbsp;<\/p>\n<p>&nbsp;<\/p>\n<h1>1.DAYANAK, AMA\u00c7 VE KAPSAM<\/h1>\n<p><strong>Dayanak<\/strong><\/p>\n<p>K\u0130\u015e\u0130SEL VER\u0130 SORUMLUSU taraf\u0131ndan olu\u015fturulan bu politika KVK Kanunu 7 \/ 3 f. kapsam\u0131nda ve yine ayn\u0131 kanunun 22\/1 f. \/ e bendine istinaden KVK Kurulu taraf\u0131ndan 28.10.2017 tarihli 30224 say\u0131l\u0131 RG de yay\u0131nlanarak y\u00fcr\u00fcrl\u00fc\u011fe giren KVSYH Y\u00f6netmelik h\u00fck\u00fcmlerine dayanmaktad\u0131r.<\/p>\n<p><strong>Ama\u00e7<\/strong><\/p>\n<p>Bu KVS\u0130 Politikas\u0131n\u0131n amac\u0131, KVK Politikas\u0131, KVK Kanunu, ulusal ve uluslararas\u0131 hukuki d\u00fczenlemelerin gerektirdi\u011fi kurallar \u00e7er\u00e7evesinde ki\u015fisel veri i\u015fleyicisi ve sorumlusu olan\u00a0 K\u0130\u015e\u0130SEL VER\u0130 SORUMLUSU\u2019nun, ilgili ki\u015filere ait ki\u015fisel verilerin i\u015flenmesi a\u015famas\u0131ndan sonra imha edilmesine ili\u015fkin silme, yok etme veya anonim hale getirme faaliyetleri\u00a0 ilgili bu s\u00fcre\u00e7te K\u0130\u015e\u0130SEL VER\u0130 SORUMLUSU\u2019nun ve K\u0130\u015e\u0130SEL VER\u0130 SORUMLUSU\u00a0\u00a0 ile ileti\u015fim ve etkile\u015fim i\u00e7erisinde bulunan, hukuki, ticari ve finansal ili\u015fkiler i\u00e7erisine giren t\u00fcm \u00f6zel ya da kamu kurum kurulu\u015flar\u0131 ile ger\u00e7ek ve t\u00fczel ki\u015filerin edimlerini, y\u00fck\u00fcml\u00fcl\u00fcklerini, sorumluluklar\u0131n\u0131, uyulacak olan usule ve esasa ili\u015fkin kurallar\u0131 ve\u00a0 politikalar\u0131 belirlemektir<\/p>\n<p><strong>Kapsam<\/strong><\/p>\n<p>Bu politika, KVK Kanunu ba\u015fta olmak \u00fczere ulusal ve uluslararas\u0131 kanun, t\u00fcz\u00fck, y\u00f6netmelik, genelge, d\u00fczenleyici ve denetleyici kurum ve kurulu\u015f kararlar\u0131, direktifler, uluslararas\u0131 anla\u015fmalar, s\u00f6zle\u015fmeler ve\u00a0 K\u0130\u015e\u0130SEL VER\u0130 SORUMLUSU ile i\u015fbirli\u011fi, \u00e7\u00f6z\u00fcm orta\u011f\u0131 veya her ne isim alt\u0131nda olursa olsun ileti\u015fim, etkile\u015fim i\u00e7inde bulunan \u00fc\u00e7\u00fcnc\u00fc \u015fah\u0131slar, resmi, ger\u00e7ek ya da t\u00fczel ki\u015fili\u011fe sahip t\u00fcm ki\u015fi, kurum ve kurulu\u015flar, K\u0130\u015e\u0130SEL VER\u0130 SORUMLUSU\u2019nun ortaklar\u0131, m\u00fc\u015fterileri, \u00e7al\u0131\u015fanlar\u0131, tedarik\u00e7ileri, ile yap\u0131lan ya da yap\u0131lacak olan hukuki, ticari, finansal her t\u00fcrl\u00fc s\u00f6zle\u015fmeler ve s\u00f6zle\u015fme ekleri \u00e7er\u00e7evesinde, ki\u015fisel verileri i\u015flenen ger\u00e7ek ki\u015filer ile bu verileri tamamen veya k\u0131smen otomatik olan ya da herhangi bir veri kay\u0131t sisteminin par\u00e7as\u0131 olmak kayd\u0131yla otomatik olmayan yollarla i\u015fleyen ve ard\u0131ndan ki\u015fisel verilerin i\u015flendikleri ama\u00e7 i\u00e7in gerekli olan\u00a0 azami s\u00fcreyi belirleyerek\u00a0 ki\u015fisel veriyi silme, yok etme veya anonim hale getirme s\u00fcrecini y\u00fcr\u00fcten ve ayr\u0131ca bu s\u00fcre\u00e7ten\u00a0 sorumlu olan\u00a0 K\u0130\u015e\u0130SEL VER\u0130 SORUMLUSU \u00a0ve K\u0130\u015e\u0130SEL VER\u0130 SORUMLUSU ile ileti\u015fim, etkile\u015fim i\u00e7inde bulunanlar hakk\u0131nda uygulan\u0131r.<\/p>\n<h1><a name=\"_Toc499108939\"><\/a><\/h1>\n<p>&nbsp;<\/p>\n<p>&nbsp;<\/p>\n<p>&nbsp;<\/p>\n<p>&nbsp;<\/p>\n<p>&nbsp;<\/p>\n<h1>2. TER\u0130MLER VE KAVRAMLAR<\/h1>\n<p>\u0130\u015fbu politikada yer alan;<\/p>\n<p>&nbsp;<\/p>\n<p><a name=\"_Toc499108940\"><\/a><strong>108 No\u2019lu S\u00f6zle\u015fme;\u00a0\u00a0\u00a0\u00a0\u00a0\u00a0\u00a0\u00a0\u00a0\u00a0\u00a0\u00a0\u00a0\u00a0\u00a0\u00a0\u00a0\u00a0\u00a0\u00a0\u00a0\u00a0\u00a0\u00a0\u00a0\u00a0\u00a0\u00a0\u00a0\u00a0\u00a0\u00a0\u00a0\u00a0\u00a0 <\/strong>Avrupa Konseyi taraf\u0131ndan haz\u0131rlanan ve imzalanan, 01.10.1985 tarihinde y\u00fcr\u00fcrl\u00fc\u011fe giren Ki\u015fisel Verilerin Otomatik \u0130\u015fleme Tabi Tutulmas\u0131 Kar\u015f\u0131s\u0131nda Bireyleri Korunmas\u0131 S\u00f6zle\u015fmesi\u2019ni,<\/p>\n<p><strong>95\/46\/EC Say\u0131l\u0131 Direktif;<\/strong>\u00a0\u00a0 \u00a0\u00a0\u00a0\u00a0\u00a0\u00a0\u00a0\u00a0\u00a0\u00a0\u00a0\u00a0\u00a0\u00a0\u00a0\u00a0\u00a0\u00a0\u00a0\u00a0\u00a0\u00a0\u00a0\u00a0 Avrupa Parlamentosu ve Konseyi taraf\u0131ndan 1995 y\u0131l\u0131nda kabul edilen Ki\u015fisel Verilerin \u0130\u015flenmesi ve Serbest\u00a0\u00a0 Dola\u015f\u0131m\u0131 Bak\u0131m\u0131ndan Bireylerin Korunmas\u0131na \u0130li\u015fkin Avrupa Parlamentosu ve Avrupa Konseyi Direktifi\u2019ni,<\/p>\n<p><strong>A\u00e7\u0131k r\u0131za;<\/strong>\u00a0\u00a0\u00a0\u00a0\u00a0\u00a0\u00a0\u00a0\u00a0\u00a0\u00a0\u00a0\u00a0\u00a0\u00a0\u00a0\u00a0\u00a0\u00a0\u00a0\u00a0\u00a0\u00a0\u00a0\u00a0\u00a0\u00a0\u00a0\u00a0\u00a0\u00a0\u00a0\u00a0\u00a0\u00a0\u00a0\u00a0\u00a0\u00a0\u00a0\u00a0\u00a0\u00a0\u00a0\u00a0\u00a0\u00a0\u00a0\u00a0\u00a0\u00a0\u00a0\u00a0\u00a0\u00a0\u00a0 Belirli bir konuya ili\u015fkin, bilgilendirilmeye dayanan ve \u00a0\u00a0\u00a0\u00a0\u00a0\u00a0\u00a0\u00a0\u00a0\u00a0\u00a0\u00a0\u00a0\u00a0\u00a0\u00a0\u00a0\u00a0\u00a0\u00a0\u00a0\u00a0\u00a0\u00a0\u00a0\u00a0\u00a0\u00a0\u00a0\u00a0\u00a0\u00a0\u00a0\u00a0\u00a0\u00a0\u00a0\u00a0\u00a0\u00a0\u00a0\u00a0\u00a0\u00a0\u00a0\u00a0\u00a0\u00a0\u00a0\u00a0\u00a0\u00a0\u00a0\u00a0\u00a0\u00a0\u00a0\u00a0\u00a0\u00a0\u00a0\u00a0\u00a0\u00a0\u00a0\u00a0\u00a0\u00a0\u00a0\u00a0\u00a0\u00a0\u00a0 \u00f6zg\u00fcr \u00a0\u00a0 iradeyle a\u00e7\u0131klanan r\u0131zay\u0131,<\/p>\n<p><strong>A\u0130HS;<\/strong> \u00a0\u00a0\u00a0\u00a0\u00a0\u00a0\u00a0\u00a0\u00a0\u00a0\u00a0\u00a0\u00a0\u00a0\u00a0\u00a0\u00a0\u00a0\u00a0\u00a0\u00a0\u00a0\u00a0\u00a0\u00a0\u00a0\u00a0\u00a0\u00a0\u00a0\u00a0\u00a0\u00a0\u00a0\u00a0\u00a0\u00a0\u00a0\u00a0\u00a0\u00a0\u00a0\u00a0\u00a0\u00a0\u00a0\u00a0\u00a0\u00a0\u00a0\u00a0\u00a0\u00a0\u00a0\u00a0\u00a0\u00a0\u00a0\u00a0\u00a0\u00a0 Avrupa Konseyi taraf\u0131ndan haz\u0131rlanan, 03.09.1953 tarihinde y\u00fcr\u00fcrl\u00fc\u011fe giren Avrupa \u0130nsan Haklar\u0131 S\u00f6zle\u015fmesi\u2019ni<\/p>\n<p><strong>Ak\u0131\u015f \u015eemas\u0131<\/strong>\u00a0\u00a0\u00a0\u00a0\u00a0\u00a0\u00a0\u00a0\u00a0\u00a0\u00a0\u00a0\u00a0\u00a0\u00a0\u00a0\u00a0\u00a0\u00a0\u00a0\u00a0\u00a0\u00a0\u00a0\u00a0\u00a0\u00a0\u00a0\u00a0\u00a0\u00a0\u00a0\u00a0\u00a0\u00a0\u00a0\u00a0\u00a0\u00a0\u00a0\u00a0\u00a0\u00a0\u00a0\u00a0\u00a0\u00a0\u00a0\u00a0\u00a0\u00a0 K\u0130\u015e\u0130SEL VER\u0130 SORUMLUSU\u2019nun faaliyetlerini, \u00e7al\u0131\u015fma y\u00f6ntem ve usullerini, Ki\u015fisel verilerin i\u015fleme s\u00fcrecini \u015fematik olarak g\u00f6steren i\u015fbu KVK Politikas\u0131n\u0131n eki ve ayr\u0131lmaz bir par\u00e7as\u0131 olan \u015femay\u0131,<\/p>\n<p><strong>Al\u0131c\u0131 grubu; <\/strong>\u00a0\u00a0\u00a0\u00a0\u00a0\u00a0\u00a0\u00a0\u00a0\u00a0\u00a0\u00a0\u00a0\u00a0\u00a0\u00a0\u00a0\u00a0\u00a0\u00a0\u00a0\u00a0\u00a0\u00a0\u00a0\u00a0\u00a0\u00a0\u00a0\u00a0\u00a0\u00a0\u00a0\u00a0\u00a0\u00a0\u00a0\u00a0\u00a0\u00a0\u00a0\u00a0\u00a0\u00a0\u00a0\u00a0\u00a0\u00a0\u00a0\u00a0 K\u0130\u015e\u0130SEL VER\u0130 SORUMLUSU taraf\u0131ndan ki\u015fisel verilerin aktar\u0131ld\u0131\u011f\u0131 ger\u00e7ek veya t\u00fczel ki\u015fi kategorisini,<\/p>\n<p><strong>Anonim h\u00e2le getirme;<\/strong> \u00a0\u00a0\u00a0\u00a0\u00a0\u00a0\u00a0\u00a0\u00a0\u00a0\u00a0\u00a0\u00a0\u00a0\u00a0\u00a0\u00a0\u00a0\u00a0\u00a0\u00a0\u00a0\u00a0\u00a0\u00a0\u00a0\u00a0\u00a0\u00a0\u00a0 Ki\u015fisel verilerin, ba\u015fka verilerle e\u015fle\u015ftirilerek dahi hi\u00e7bir surette kimli\u011fi belirli veya belirlenebilir bir ger\u00e7ek ki\u015fiyle ili\u015fkilendirilemeyecek h\u00e2le getirilmesini,<\/p>\n<p><strong>AYYGE Tebli\u011f;<\/strong> \u00a0\u00a0\u00a0\u00a0\u00a0\u00a0\u00a0\u00a0\u00a0\u00a0\u00a0\u00a0\u00a0\u00a0\u00a0\u00a0\u00a0\u00a0\u00a0\u00a0\u00a0\u00a0\u00a0\u00a0\u00a0\u00a0\u00a0\u00a0\u00a0\u00a0\u00a0\u00a0\u00a0\u00a0\u00a0\u00a0\u00a0\u00a0\u00a0\u00a0\u00a0\u00a0\u00a0\u00a0\u00a0 KVKK taraf\u0131ndan 10.03.2018 tarihli RG Yay\u0131mlanan \u201cAyd\u0131nlatma Y\u00fck\u00fcml\u00fcl\u00fc\u011f\u00fcn\u00fcn Yerine Getirilmesinde Uyulacak Usul ve Esaslar Hakk\u0131nda Tebli\u011f\u201di,<\/p>\n<p><strong>DHKD Kanun;<\/strong>\u00a0\u00a0\u00a0\u00a0\u00a0\u00a0\u00a0\u00a0\u00a0\u00a0\u00a0\u00a0\u00a0\u00a0\u00a0\u00a0\u00a0\u00a0\u00a0\u00a0\u00a0\u00a0\u00a0\u00a0\u00a0\u00a0\u00a0\u00a0\u00a0\u00a0\u00a0\u00a0\u00a0\u00a0\u00a0\u00a0\u00a0\u00a0\u00a0\u00a0\u00a0\u00a0\u00a0\u00a0\u00a0\u00a0\u00a0 Dilek\u00e7e Hakk\u0131n\u0131n Kullan\u0131lmas\u0131na Dair Kanunu,<\/p>\n<p><strong>Do\u011frudan tan\u0131mlay\u0131c\u0131lar; <\/strong>\u00a0\u00a0\u00a0\u00a0\u00a0\u00a0\u00a0\u00a0\u00a0\u00a0\u00a0\u00a0\u00a0\u00a0\u00a0\u00a0\u00a0\u00a0\u00a0\u00a0\u00a0\u00a0\u00a0\u00a0\u00a0 Tek ba\u015flar\u0131na, ili\u015fki i\u00e7inde olduklar\u0131 ki\u015fiyi do\u011frudan a\u00e7\u0131\u011fa \u00c7\u0131karan, if\u015fa eden ve ay\u0131rt edilebilir k\u0131lan tan\u0131mlay\u0131c\u0131lar\u0131,<\/p>\n<p><strong>Dolayl\u0131 tan\u0131mlay\u0131c\u0131lar; <\/strong>\u00a0\u00a0\u00a0\u00a0\u00a0\u00a0\u00a0\u00a0\u00a0\u00a0\u00a0\u00a0\u00a0\u00a0\u00a0\u00a0\u00a0\u00a0\u00a0\u00a0\u00a0\u00a0\u00a0\u00a0\u00a0\u00a0\u00a0\u00a0\u00a0\u00a0 Di\u011fer tan\u0131mlay\u0131c\u0131lar ile bir araya gelerek,\u00a0 ili\u015fki i\u00e7inde olduklar\u0131 ki\u015fiyi a\u00e7\u0131\u011fa \u00e7\u0131karan, if\u015fa eden ve ay\u0131rt edilebilir k\u0131lan tan\u0131mlay\u0131c\u0131lar\u0131,<\/p>\n<p><strong>Etkile\u015fim ve ileti\u015fim; <\/strong>\u00a0\u00a0\u00a0\u00a0\u00a0\u00a0\u00a0\u00a0\u00a0\u00a0\u00a0\u00a0\u00a0\u00a0\u00a0\u00a0\u00a0\u00a0\u00a0\u00a0\u00a0\u00a0\u00a0\u00a0\u00a0\u00a0\u00a0\u00a0\u00a0\u00a0\u00a0\u00a0\u00a0 K\u0130\u015e\u0130SEL VER\u0130 SORUMLUSU\u2019nun yaz\u0131l\u0131 ya da s\u00f6zl\u00fc, mesafeli ya da mesafesiz olarak hukuki, ticari, finansal, akdi vb. a\u00e7\u0131lardan olu\u015fan sorumluluk ve y\u00fck\u00fcml\u00fcl\u00fck do\u011furan her t\u00fcrl\u00fc ili\u015fkiyi<\/p>\n<p><strong>GDPR;<\/strong>\u00a0\u00a0\u00a0\u00a0\u00a0\u00a0\u00a0\u00a0\u00a0\u00a0\u00a0\u00a0\u00a0\u00a0\u00a0\u00a0\u00a0\u00a0\u00a0\u00a0\u00a0\u00a0\u00a0\u00a0\u00a0\u00a0\u00a0\u00a0\u00a0\u00a0\u00a0\u00a0\u00a0\u00a0\u00a0\u00a0\u00a0\u00a0\u00a0\u00a0\u00a0\u00a0\u00a0\u00a0\u00a0\u00a0\u00a0\u00a0\u00a0\u00a0\u00a0\u00a0\u00a0\u00a0\u00a0\u00a0\u00a0\u00a0\u00a0\u00a0\u00a0 95\/46\/EC say\u0131l\u0131 direktifi 25.05.2018 tarihinde y\u00fcr\u00fcrl\u00fckten kald\u0131ran 2016\/679 say\u0131l\u0131 Avrupa Birli\u011fi Genel Veri Koruma T\u00fcz\u00fc\u011f\u00fc\u2019n\u00fc<\/p>\n<p><strong>\u0130lgili ki\u015fi;<\/strong> \u00a0\u00a0\u00a0\u00a0\u00a0\u00a0\u00a0\u00a0\u00a0\u00a0\u00a0\u00a0\u00a0\u00a0\u00a0\u00a0\u00a0\u00a0\u00a0\u00a0\u00a0\u00a0\u00a0\u00a0\u00a0\u00a0\u00a0\u00a0\u00a0\u00a0\u00a0\u00a0\u00a0\u00a0\u00a0\u00a0\u00a0\u00a0\u00a0\u00a0\u00a0\u00a0\u00a0\u00a0\u00a0\u00a0\u00a0\u00a0\u00a0\u00a0\u00a0\u00a0\u00a0\u00a0\u00a0 K\u0130\u015e\u0130SEL VER\u0130 SORUMLUSU taraf\u0131ndan ki\u015fisel verisi i\u015flenen, veri sahibi olan ger\u00e7ek ki\u015fiyi,<\/p>\n<p><strong>\u0130lgili kullan\u0131c\u0131;<\/strong> \u00a0\u00a0\u00a0\u00a0\u00a0\u00a0\u00a0\u00a0\u00a0\u00a0\u00a0\u00a0\u00a0\u00a0\u00a0\u00a0\u00a0\u00a0\u00a0\u00a0\u00a0\u00a0\u00a0\u00a0\u00a0\u00a0\u00a0\u00a0\u00a0\u00a0\u00a0\u00a0\u00a0\u00a0\u00a0\u00a0\u00a0\u00a0\u00a0\u00a0\u00a0\u00a0\u00a0\u00a0\u00a0\u00a0 Verilerin teknik olarak depolanmas\u0131, korunmas\u0131 ve yedeklenmesinden sorumlu olan ki\u015fi ya da birim hari\u00e7 olmak \u00fczere veri sorumlusu organizasyonu i\u00e7erisinde veya veri sorumlusundan ald\u0131\u011f\u0131 yetki ve talimat do\u011frultusunda ki\u015fisel verileri i\u015fleyen ger\u00e7ek veya t\u00fczel ki\u015fileri,<\/p>\n<p>&nbsp;<\/p>\n<p><strong>\u0130mha;<\/strong>\u00a0\u00a0\u00a0\u00a0\u00a0\u00a0\u00a0\u00a0\u00a0\u00a0\u00a0\u00a0\u00a0\u00a0\u00a0\u00a0\u00a0\u00a0\u00a0\u00a0\u00a0\u00a0\u00a0\u00a0\u00a0\u00a0\u00a0\u00a0\u00a0\u00a0\u00a0\u00a0\u00a0\u00a0\u00a0\u00a0\u00a0\u00a0\u00a0\u00a0\u00a0\u00a0\u00a0\u00a0\u00a0\u00a0\u00a0\u00a0\u00a0\u00a0\u00a0\u00a0\u00a0\u00a0\u00a0\u00a0\u00a0\u00a0\u00a0\u00a0\u00a0\u00a0 Ki\u015fisel verilerin silinmesi, yok edilmesi veya anonim hale \u00a0\u00a0\u00a0\u00a0\u00a0\u00a0\u00a0\u00a0\u00a0\u00a0\u00a0\u00a0\u00a0\u00a0\u00a0\u00a0\u00a0\u00a0\u00a0\u00a0\u00a0\u00a0\u00a0\u00a0\u00a0\u00a0\u00a0\u00a0\u00a0\u00a0\u00a0\u00a0\u00a0\u00a0\u00a0\u00a0\u00a0\u00a0\u00a0\u00a0\u00a0\u00a0\u00a0\u00a0\u00a0\u00a0\u00a0\u00a0\u00a0\u00a0\u00a0\u00a0\u00a0\u00a0\u00a0\u00a0\u00a0\u00a0\u00a0\u00a0\u00a0\u00a0\u00a0\u00a0 getirilmesini,<\/p>\n<p><strong>Karartma;<\/strong> \u00a0\u00a0\u00a0\u00a0\u00a0\u00a0\u00a0\u00a0\u00a0\u00a0\u00a0\u00a0\u00a0\u00a0\u00a0\u00a0\u00a0\u00a0\u00a0\u00a0\u00a0\u00a0\u00a0\u00a0\u00a0\u00a0\u00a0\u00a0\u00a0\u00a0\u00a0\u00a0\u00a0\u00a0\u00a0\u00a0\u00a0\u00a0\u00a0\u00a0\u00a0\u00a0\u00a0\u00a0\u00a0\u00a0\u00a0\u00a0\u00a0\u00a0\u00a0\u00a0\u00a0 Ki\u015fisel verilerin b\u00fct\u00fcn\u00fcn\u00fcn, kimli\u011fi belirli veya belirlenebilir bir ger\u00e7ek ki\u015fiyle ili\u015fkilendirilemeyecek bir \u015fekilde \u00fcstlerinin \u00e7izilmesi, boyanmas\u0131 ve buzlanmas\u0131 gibi i\u015flemleri,<\/p>\n<p><strong>Kay\u0131t ortam\u0131;<\/strong> \u00a0\u00a0\u00a0\u00a0\u00a0\u00a0\u00a0\u00a0\u00a0\u00a0\u00a0\u00a0\u00a0\u00a0\u00a0\u00a0\u00a0\u00a0\u00a0\u00a0\u00a0\u00a0\u00a0\u00a0\u00a0\u00a0\u00a0\u00a0\u00a0\u00a0\u00a0\u00a0\u00a0\u00a0\u00a0\u00a0\u00a0\u00a0\u00a0\u00a0\u00a0\u00a0\u00a0\u00a0\u00a0\u00a0\u00a0 Tamamen veya k\u0131smen otomatik olan ya da herhangi bir Veri kay\u0131t sisteminin par\u00e7as\u0131 olmak kayd\u0131yla otomatik olmayan yollarla i\u015flenen ki\u015fisel verilerin bulundu\u011fu her t\u00fcrl\u00fc ortam\u0131,<\/p>\n<p><strong>Ki\u015fisel veri;<\/strong> \u00a0\u00a0\u00a0\u00a0\u00a0\u00a0\u00a0\u00a0\u00a0\u00a0\u00a0\u00a0\u00a0\u00a0\u00a0\u00a0\u00a0\u00a0\u00a0\u00a0\u00a0\u00a0\u00a0\u00a0\u00a0\u00a0\u00a0\u00a0\u00a0\u00a0\u00a0\u00a0\u00a0\u00a0\u00a0\u00a0\u00a0\u00a0\u00a0\u00a0\u00a0\u00a0\u00a0\u00a0\u00a0\u00a0\u00a0\u00a0\u00a0\u00a0 Kimli\u011fi belirli veya belirlenebilir ger\u00e7ek ki\u015fiye ili\u015fkin her t\u00fcrl\u00fc bilgiyi,<\/p>\n<p><strong>Ki\u015fisel verilerin i\u015flenmesi;<\/strong>\u00a0 \u00a0\u00a0\u00a0\u00a0\u00a0\u00a0\u00a0\u00a0\u00a0\u00a0\u00a0\u00a0\u00a0\u00a0\u00a0\u00a0\u00a0\u00a0\u00a0\u00a0\u00a0\u00a0 Ki\u015fisel verilerin tamamen veya k\u0131smen otomatik olan ya da herhangi bir veri kay\u0131t sisteminin par\u00e7as\u0131 olmak kayd\u0131yla otomatik olmayan yollarla elde edilmesi, kaydedilmesi, depolanmas\u0131, muhafaza edilmesi, de\u011fi\u015ftirilmesi, yeniden d\u00fczenlenmesi, a\u00e7\u0131klanmas\u0131, aktar\u0131lmas\u0131, devral\u0131nmas\u0131, elde edilebilir h\u00e2le getirilmesi, s\u0131n\u0131fland\u0131r\u0131lmas\u0131 ya da kullan\u0131lmas\u0131n\u0131n engellenmesi gibi veriler \u00fczerinde ger\u00e7ekle\u015ftirilen her t\u00fcrl\u00fc i\u015flemi,<\/p>\n<p><strong>KVKK;<\/strong>\u00a0\u00a0\u00a0\u00a0\u00a0\u00a0\u00a0\u00a0\u00a0\u00a0\u00a0\u00a0\u00a0\u00a0\u00a0\u00a0\u00a0\u00a0\u00a0\u00a0\u00a0\u00a0\u00a0\u00a0\u00a0\u00a0\u00a0\u00a0\u00a0\u00a0\u00a0\u00a0\u00a0\u00a0\u00a0\u00a0\u00a0\u00a0\u00a0\u00a0\u00a0\u00a0\u00a0\u00a0\u00a0\u00a0\u00a0\u00a0\u00a0\u00a0\u00a0\u00a0\u00a0\u00a0\u00a0\u00a0\u00a0\u00a0\u00a0\u00a0\u00a0 Ki\u015fisel Verileri Koruma Kurumu\u2019nu<\/p>\n<p><strong>KVK Kanunu;<\/strong> \u00a0\u00a0\u00a0\u00a0\u00a0\u00a0\u00a0\u00a0\u00a0\u00a0\u00a0\u00a0\u00a0\u00a0\u00a0\u00a0\u00a0\u00a0\u00a0\u00a0\u00a0\u00a0\u00a0\u00a0\u00a0\u00a0\u00a0\u00a0\u00a0\u00a0\u00a0\u00a0\u00a0\u00a0\u00a0\u00a0\u00a0\u00a0\u00a0\u00a0\u00a0\u00a0\u00a0\u00a0\u00a0\u00a0\u00a0 24.03.2016 tarihinde kabul edilen ve 07.04.2016 tarihinde 29677 say\u0131l\u0131 RG de yay\u0131nlanan 6698 say\u0131l\u0131 Ki\u015fisel Verilerin Korunmas\u0131 Kanunu\u2019nu,<\/p>\n<p><strong>KVK Kurulu<\/strong>; \u00a0\u00a0\u00a0\u00a0\u00a0\u00a0\u00a0\u00a0\u00a0\u00a0\u00a0\u00a0\u00a0\u00a0\u00a0\u00a0\u00a0\u00a0\u00a0\u00a0\u00a0\u00a0\u00a0\u00a0\u00a0\u00a0\u00a0\u00a0\u00a0\u00a0\u00a0\u00a0\u00a0\u00a0\u00a0\u00a0\u00a0\u00a0\u00a0\u00a0\u00a0\u00a0\u00a0\u00a0\u00a0\u00a0\u00a0\u00a0\u00a0 KVKK kurumu nezdindeki yetkili kurulu,<\/p>\n<p><strong>KVK Politikas\u0131;<\/strong> \u00a0\u00a0\u00a0\u00a0\u00a0\u00a0\u00a0\u00a0\u00a0\u00a0\u00a0\u00a0\u00a0\u00a0\u00a0\u00a0\u00a0\u00a0\u00a0\u00a0\u00a0\u00a0\u00a0\u00a0\u00a0\u00a0\u00a0\u00a0\u00a0\u00a0\u00a0\u00a0\u00a0\u00a0\u00a0\u00a0\u00a0\u00a0\u00a0\u00a0\u00a0\u00a0\u00a0\u00a0\u00a0 K\u0130\u015e\u0130SEL VER\u0130 SORUMLUSU taraf\u0131ndan kabul edilen ve y\u00fcr\u00fct\u00fclen i\u015fbu Ki\u015fisel Verileri Koruma Politikas\u0131n\u0131,<\/p>\n<p><strong>KVS\u0130 Politikas\u0131;<\/strong>\u00a0\u00a0\u00a0\u00a0\u00a0\u00a0\u00a0\u00a0\u00a0\u00a0\u00a0\u00a0\u00a0\u00a0\u00a0\u00a0\u00a0\u00a0\u00a0\u00a0\u00a0\u00a0\u00a0\u00a0\u00a0\u00a0\u00a0\u00a0\u00a0\u00a0\u00a0\u00a0\u00a0\u00a0\u00a0\u00a0\u00a0\u00a0\u00a0\u00a0\u00a0\u00a0\u00a0\u00a0\u00a0 KVSYH Y\u00f6netmelik kapsam\u0131nda haz\u0131rlanan ve K\u0130\u015e\u0130SEL VER\u0130 SORUMLUSU\u2019nun, ki\u015fisel verilerin i\u015flendikleri ama\u00e7 i\u00e7in gerekli olan azami s\u00fcreyi belirleme i\u015flemi ile silme, yok etme ve anonim hale getirme i\u015flemi i\u00e7in dayanak yapt\u0131\u011f\u0131 Ki\u015fisel Veri Saklama ve \u0130mha Politikas\u0131n\u0131,<\/p>\n<p><strong>KVSYH Y\u00f6netmelik;<\/strong> \u00a0\u00a0\u00a0\u00a0\u00a0\u00a0\u00a0\u00a0\u00a0\u00a0\u00a0\u00a0\u00a0\u00a0\u00a0\u00a0\u00a0\u00a0\u00a0\u00a0\u00a0\u00a0\u00a0\u00a0\u00a0\u00a0\u00a0\u00a0\u00a0\u00a0\u00a0\u00a0\u00a0\u00a0\u00a0 KVK Kanunu kapsam\u0131nda \u00e7\u0131kar\u0131lan Ki\u015fisel Verilerin Silinmesi, Yok Edilmesi veya Anonim Hale Getirilmesi Hakk\u0131nda Y\u00f6netmeli\u011fi,<\/p>\n<p><strong>Maskeleme;<\/strong> \u00a0\u00a0\u00a0\u00a0\u00a0\u00a0\u00a0\u00a0\u00a0\u00a0\u00a0\u00a0\u00a0\u00a0\u00a0\u00a0\u00a0\u00a0\u00a0\u00a0\u00a0\u00a0\u00a0\u00a0\u00a0\u00a0\u00a0\u00a0\u00a0\u00a0\u00a0\u00a0\u00a0\u00a0\u00a0\u00a0\u00a0\u00a0\u00a0\u00a0\u00a0\u00a0\u00a0\u00a0\u00a0\u00a0\u00a0\u00a0 Ki\u015fisel verilerin belli alanlar\u0131n\u0131n, kimli\u011fi belirli veya belirlenebilir bir ger\u00e7ek ki\u015fiyle ili\u015fkilendirilemeyecek \u015fekilde silinmesi, \u00fcstlerinin \u00e7izilmesi, boyanmas\u0131 ve y\u0131ld\u0131zlanmas\u0131 gibi i\u015flemleri,<\/p>\n<p>&nbsp;<\/p>\n<p><strong>Otomatik i\u015fleme;<\/strong> \u00a0\u00a0\u00a0\u00a0\u00a0\u00a0\u00a0\u00a0\u00a0\u00a0\u00a0\u00a0\u00a0\u00a0\u00a0\u00a0\u00a0\u00a0\u00a0\u00a0\u00a0\u00a0\u00a0\u00a0\u00a0\u00a0\u00a0\u00a0\u00a0\u00a0\u00a0\u00a0\u00a0\u00a0\u00a0\u00a0\u00a0\u00a0\u00a0 \u0130nsan m\u00fcdahalesi ya da yard\u0131m\u0131 konusundaki ihtiyac\u0131 asgari seviyeye indiren, kendi aralar\u0131nda ba\u011flant\u0131l\u0131 ve etkile\u015fimli elektrikli veya elektronik bir sistem taraf\u0131ndan ger\u00e7ekle\u015ftirilen ki\u015fisel veri i\u015fleme faaliyetini,<\/p>\n<p><strong>Otomatik olmayan i\u015fleme ;<\/strong>\u00a0\u00a0\u00a0\u00a0\u00a0\u00a0\u00a0\u00a0\u00a0\u00a0\u00a0\u00a0\u00a0\u00a0\u00a0\u00a0\u00a0\u00a0\u00a0\u00a0\u00a0\u00a0 \u0130nsan m\u00fcdahalesi ya da yard\u0131m\u0131 yoluyla yani elle yap\u0131lan ki\u015fisel veri i\u015fleme faaliyetini,<\/p>\n<p><strong>\u00d6zel nitelikli ki\u015fisel veri;<\/strong>\u00a0\u00a0\u00a0\u00a0\u00a0\u00a0\u00a0\u00a0\u00a0\u00a0\u00a0\u00a0\u00a0\u00a0\u00a0\u00a0\u00a0\u00a0\u00a0\u00a0\u00a0\u00a0\u00a0\u00a0\u00a0\u00a0\u00a0 Ki\u015filerin \u0131rk\u0131, etnik k\u00f6keni, siyasi d\u00fc\u015f\u00fcncesi, felsefi inanc\u0131, dini, mezhebi veya di\u011fer inan\u00e7lar\u0131, k\u0131l\u0131k ve k\u0131yafeti, dernek, vak\u0131f ya da sendika \u00fcyeli\u011fi, sa\u011fl\u0131\u011f\u0131, cinsel hayat\u0131, ceza mahk\u00fbmiyeti ve g\u00fcvenlik tedbirleriyle ilgili verileri ile biyometrik ve genetik verileridir. Kanun\u2019da \u00f6zel nitelikli ki\u015fisel veriler, s\u0131n\u0131rl\u0131 sayma yoluyla belirlenmi\u015f olan ve k\u0131yas yoluyla geni\u015fletilmesi m\u00fcmk\u00fcn olmayan veri t\u00fcr\u00fcn\u00fc,<\/p>\n<p><strong>Periyodik imha;<\/strong>\u00a0 \u00a0\u00a0\u00a0\u00a0\u00a0\u00a0\u00a0\u00a0\u00a0\u00a0\u00a0\u00a0\u00a0\u00a0\u00a0\u00a0\u00a0\u00a0\u00a0\u00a0\u00a0\u00a0\u00a0\u00a0\u00a0\u00a0\u00a0\u00a0\u00a0\u00a0\u00a0\u00a0\u00a0\u00a0\u00a0\u00a0\u00a0\u00a0\u00a0\u00a0\u00a0 Kanunda yer alan ki\u015fisel verilerin i\u015flenme \u015fartlar\u0131n\u0131n tamam\u0131n\u0131n ortadan kalkmas\u0131 durumunda ki\u015fisel verileri saklama ve imha politikas\u0131nda belirtilen ve tekrar eden aral\u0131klarla resen ger\u00e7ekle\u015ftirilecek silme, yok etme veya anonim hale getirme i\u015flemini,<\/p>\n<p><strong>RG<\/strong>;\u00a0\u00a0\u00a0\u00a0\u00a0\u00a0\u00a0\u00a0\u00a0\u00a0\u00a0\u00a0\u00a0\u00a0\u00a0\u00a0\u00a0\u00a0\u00a0\u00a0\u00a0\u00a0\u00a0\u00a0\u00a0\u00a0\u00a0\u00a0\u00a0\u00a0\u00a0\u00a0\u00a0\u00a0\u00a0\u00a0\u00a0\u00a0\u00a0\u00a0\u00a0\u00a0\u00a0\u00a0\u00a0\u00a0\u00a0\u00a0\u00a0\u00a0\u00a0\u00a0\u00a0\u00a0\u00a0\u00a0\u00a0\u00a0\u00a0\u00a0\u00a0\u00a0\u00a0\u00a0\u00a0\u00a0 Resmi Gazete<\/p>\n<p><strong>Sicil;<\/strong> \u00a0\u00a0\u00a0\u00a0\u00a0\u00a0\u00a0\u00a0\u00a0\u00a0\u00a0\u00a0\u00a0\u00a0\u00a0\u00a0\u00a0\u00a0\u00a0\u00a0\u00a0\u00a0\u00a0\u00a0\u00a0\u00a0\u00a0\u00a0\u00a0\u00a0\u00a0\u00a0\u00a0\u00a0\u00a0\u00a0\u00a0\u00a0\u00a0\u00a0\u00a0\u00a0\u00a0\u00a0\u00a0\u00a0\u00a0\u00a0\u00a0\u00a0\u00a0\u00a0\u00a0\u00a0\u00a0\u00a0\u00a0\u00a0\u00a0\u00a0\u00a0\u00a0\u00a0 KVKK Ba\u015fkanl\u0131\u011f\u0131 taraf\u0131ndan tutulan veri sorumlular\u0131 sicilini,<\/p>\n<p><strong>Silme;<\/strong> \u00a0\u00a0\u00a0\u00a0\u00a0\u00a0\u00a0\u00a0\u00a0\u00a0\u00a0\u00a0\u00a0\u00a0\u00a0\u00a0\u00a0\u00a0\u00a0\u00a0\u00a0\u00a0\u00a0\u00a0\u00a0\u00a0\u00a0\u00a0\u00a0\u00a0\u00a0\u00a0\u00a0\u00a0\u00a0\u00a0\u00a0\u00a0\u00a0\u00a0\u00a0\u00a0\u00a0\u00a0\u00a0\u00a0\u00a0\u00a0\u00a0\u00a0\u00a0\u00a0\u00a0\u00a0\u00a0\u00a0\u00a0\u00a0\u00a0\u00a0 Ki\u015fisel verilerin ilgili kullan\u0131c\u0131lar i\u00e7in hi\u00e7bir \u015fekilde eri\u015filemez ve tekrar kullan\u0131lamaz hale getirilmesi i\u015flemini,<\/p>\n<p><strong>Tablo ;<\/strong>\u00a0\u00a0\u00a0\u00a0\u00a0\u00a0\u00a0\u00a0\u00a0\u00a0\u00a0\u00a0\u00a0\u00a0\u00a0\u00a0\u00a0\u00a0\u00a0\u00a0\u00a0\u00a0\u00a0\u00a0\u00a0\u00a0\u00a0\u00a0\u00a0\u00a0\u00a0\u00a0\u00a0\u00a0\u00a0\u00a0\u00a0\u00a0\u00a0\u00a0\u00a0\u00a0\u00a0\u00a0\u00a0\u00a0\u00a0\u00a0\u00a0\u00a0\u00a0\u00a0\u00a0\u00a0\u00a0\u00a0\u00a0\u00a0\u00a0\u00a0 K\u0130\u015e\u0130SEL VER\u0130 SORUMLUSU taraf\u0131ndan ki\u015fisel verilerin i\u015fleme s\u00fcreci ile ilgili Faaliyetlerin Sistematik ve anla\u015f\u0131l\u0131r bir \u015fekilde a\u00e7\u0131klanmas\u0131 amac\u0131yla olu\u015fturulan, KVK Politikas\u0131n\u0131n eki ve ayr\u0131lmaz\u00a0 bir par\u00e7as\u0131 olan tabloyu,<\/p>\n<p><strong>TCK;<\/strong> \u00a0\u00a0\u00a0\u00a0\u00a0\u00a0\u00a0\u00a0\u00a0\u00a0\u00a0\u00a0\u00a0\u00a0\u00a0\u00a0\u00a0\u00a0\u00a0\u00a0\u00a0\u00a0\u00a0\u00a0\u00a0\u00a0\u00a0\u00a0\u00a0\u00a0\u00a0\u00a0\u00a0\u00a0\u00a0\u00a0\u00a0\u00a0\u00a0\u00a0\u00a0\u00a0\u00a0\u00a0\u00a0\u00a0\u00a0\u00a0\u00a0\u00a0\u00a0\u00a0\u00a0\u00a0\u00a0\u00a0\u00a0\u00a0\u00a0\u00a0\u00a0\u00a0 5237 say\u0131l\u0131 T\u00fcrk Ceza Kanunu\u2019nu,<\/p>\n<p><strong>TMK;<\/strong> \u00a0\u00a0\u00a0\u00a0\u00a0\u00a0\u00a0\u00a0\u00a0\u00a0\u00a0\u00a0\u00a0\u00a0\u00a0\u00a0\u00a0\u00a0\u00a0\u00a0\u00a0\u00a0\u00a0\u00a0\u00a0\u00a0\u00a0\u00a0\u00a0\u00a0\u00a0\u00a0\u00a0\u00a0\u00a0\u00a0\u00a0\u00a0\u00a0\u00a0\u00a0\u00a0\u00a0\u00a0\u00a0\u00a0\u00a0\u00a0\u00a0\u00a0\u00a0\u00a0\u00a0\u00a0\u00a0\u00a0\u00a0\u00a0\u00a0\u00a0\u00a0\u00a0 4721 say\u0131l\u0131 T\u00fcrk Medeni Kanunu\u2019nu<\/p>\n<p><strong>VERB\u0130S;<\/strong> \u00a0\u00a0\u00a0\u00a0\u00a0\u00a0\u00a0\u00a0\u00a0\u00a0\u00a0\u00a0\u00a0\u00a0\u00a0\u00a0\u00a0\u00a0\u00a0\u00a0\u00a0\u00a0\u00a0\u00a0\u00a0\u00a0\u00a0\u00a0\u00a0\u00a0\u00a0\u00a0\u00a0\u00a0\u00a0\u00a0\u00a0\u00a0\u00a0\u00a0\u00a0\u00a0\u00a0\u00a0\u00a0\u00a0\u00a0\u00a0\u00a0\u00a0\u00a0\u00a0\u00a0\u00a0\u00a0\u00a0\u00a0 Veri sorumlular\u0131 sicil bilgi sistemi olarak bilinen veri sorumlular\u0131n\u0131n sicile ba\u015fvuruda ve sicile ili\u015fkin ilgili di\u011fer i\u015flemlerde kullanacaklar\u0131, internet \u00fczerinden eri\u015filebilen, KVKK Ba\u015fkanl\u0131\u011f\u0131 taraf\u0131ndan olu\u015fturulan ve y\u00f6netilen bili\u015fim sistemini,<\/p>\n<p><strong>Veri aktaran;<\/strong>\u00a0\u00a0\u00a0\u00a0\u00a0\u00a0\u00a0\u00a0\u00a0\u00a0\u00a0\u00a0\u00a0\u00a0\u00a0\u00a0\u00a0\u00a0\u00a0\u00a0\u00a0\u00a0\u00a0\u00a0\u00a0\u00a0\u00a0\u00a0\u00a0\u00a0\u00a0\u00a0\u00a0\u00a0\u00a0\u00a0\u00a0\u00a0\u00a0\u00a0\u00a0\u00a0\u00a0\u00a0\u00a0\u00a0\u00a0\u00a0 Ki\u015fisel verileri, kendi sisteminden ba\u015fka bir veri sorumlusuna transfer eden, aktaran ger\u00e7ek veya t\u00fczel ki\u015fiyi;<\/p>\n<p><strong>Veri al\u0131c\u0131s\u0131;<\/strong>\u00a0\u00a0\u00a0\u00a0\u00a0\u00a0\u00a0\u00a0\u00a0\u00a0\u00a0\u00a0\u00a0\u00a0\u00a0\u00a0\u00a0\u00a0\u00a0\u00a0\u00a0\u00a0\u00a0\u00a0\u00a0\u00a0\u00a0\u00a0\u00a0\u00a0\u00a0\u00a0\u00a0\u00a0\u00a0\u00a0\u00a0\u00a0\u00a0\u00a0\u00a0\u00a0\u00a0\u00a0\u00a0\u00a0\u00a0\u00a0\u00a0\u00a0\u00a0\u00a0\u00a0 Ba\u015fka bir veri sorumlusu taraf\u0131ndan kendi sistemine ki\u015fisel veri aktar\u0131lan ger\u00e7ek veya t\u00fczel ki\u015fiyi;<\/p>\n<p><strong>Veri envanteri;\u00a0\u00a0\u00a0\u00a0\u00a0\u00a0\u00a0\u00a0\u00a0\u00a0\u00a0\u00a0\u00a0\u00a0\u00a0\u00a0\u00a0\u00a0\u00a0\u00a0\u00a0\u00a0\u00a0\u00a0\u00a0\u00a0\u00a0\u00a0\u00a0\u00a0\u00a0\u00a0\u00a0\u00a0\u00a0\u00a0\u00a0\u00a0\u00a0\u00a0\u00a0\u00a0\u00a0\u00a0\u00a0 <\/strong>Ki\u015fisel veri i\u015fleme envanteri olarak da isimlendirilen\u00a0 K\u0130\u015e\u0130SEL VER\u0130 SORUMLUSU\u2019nun i\u015f s\u00fcre\u00e7lerine ba\u011fl\u0131 olarak ger\u00e7ekle\u015ftirmekte olduklar\u0131 ki\u015fisel veri i\u015fleme faaliyetlerini; ki\u015fisel veri i\u015fleme ama\u00e7lar\u0131, veri kategorisi, aktar\u0131lan al\u0131c\u0131 grubu ve veri konusu ki\u015fi grubuyla ili\u015fkilendirerek olu\u015fturduklar\u0131 ve ki\u015fisel verilerin i\u015flendikleri ama\u00e7lar i\u00e7in gerekli olan azami s\u00fcreyi, yabanc\u0131 \u00fclkelere aktar\u0131m\u0131 \u00f6ng\u00f6r\u00fclen ki\u015fisel verileri ve veri g\u00fcvenli\u011fine ili\u015fkin al\u0131nan tedbirleri a\u00e7\u0131klayarak detayland\u0131rd\u0131klar\u0131 envanteri,<\/p>\n<p><strong>Veri i\u015fleyen; <\/strong>\u00a0\u00a0\u00a0\u00a0\u00a0\u00a0\u00a0\u00a0\u00a0\u00a0\u00a0\u00a0\u00a0\u00a0\u00a0\u00a0\u00a0\u00a0\u00a0\u00a0\u00a0\u00a0\u00a0\u00a0\u00a0\u00a0\u00a0\u00a0\u00a0\u00a0\u00a0\u00a0\u00a0\u00a0\u00a0\u00a0\u00a0\u00a0\u00a0\u00a0\u00a0\u00a0\u00a0\u00a0\u00a0\u00a0\u00a0\u00a0 Veri sorumlusunun verdi\u011fi yetkiye dayanarak onun ad\u0131na \u00a0\u00a0\u00a0\u00a0\u00a0\u00a0\u00a0\u00a0\u00a0\u00a0\u00a0\u00a0\u00a0\u00a0\u00a0\u00a0\u00a0\u00a0\u00a0\u00a0\u00a0\u00a0\u00a0\u00a0\u00a0\u00a0\u00a0\u00a0\u00a0\u00a0\u00a0\u00a0\u00a0\u00a0\u00a0\u00a0\u00a0\u00a0\u00a0\u00a0\u00a0\u00a0\u00a0\u00a0\u00a0\u00a0\u00a0\u00a0\u00a0\u00a0\u00a0\u00a0\u00a0\u00a0\u00a0\u00a0\u00a0\u00a0\u00a0\u00a0\u00a0\u00a0 ki\u015fisel \u00a0\u00a0 verileri i\u015fleyen ger\u00e7ek veya t\u00fczel ki\u015fiyi,<\/p>\n<p><strong>Veri kay\u0131t sistemi;<\/strong>\u00a0 \u00a0\u00a0\u00a0\u00a0\u00a0\u00a0\u00a0\u00a0\u00a0\u00a0\u00a0\u00a0\u00a0\u00a0\u00a0\u00a0\u00a0\u00a0\u00a0\u00a0\u00a0\u00a0\u00a0\u00a0\u00a0\u00a0\u00a0\u00a0\u00a0\u00a0\u00a0\u00a0\u00a0\u00a0\u00a0\u00a0\u00a0 Ki\u015fisel verilerin belirli kriterlere g\u00f6re yap\u0131land\u0131r\u0131larak i\u015flendi\u011fi elektronik ya da fiziki ortamda olu\u015fturulabilen kay\u0131t sistemini,<\/p>\n<p><strong>Veri sorumlusu<\/strong>;\u00a0\u00a0\u00a0\u00a0\u00a0\u00a0\u00a0\u00a0\u00a0\u00a0\u00a0\u00a0\u00a0\u00a0\u00a0\u00a0\u00a0\u00a0\u00a0\u00a0\u00a0\u00a0\u00a0\u00a0\u00a0\u00a0\u00a0\u00a0\u00a0\u00a0\u00a0\u00a0\u00a0\u00a0\u00a0\u00a0\u00a0\u00a0\u00a0\u00a0\u00a0\u00a0\u00a0 Ki\u015fisel verilerin i\u015fleme ama\u00e7lar\u0131n\u0131 ve vas\u0131talar\u0131n\u0131 belirleyen, veri kay\u0131t sisteminin kurulmas\u0131ndan ve y\u00f6netilmesinden sorumlu olan yurt i\u00e7inde ve d\u0131\u015f\u0131nda faaliyet g\u00f6steren CORENDON PLAYA KEMER, GRAND PARK LARA ve CORENDON HYDROS CLUB KEMER olarak bilinen otelleri i\u015fleten AZ OTEL \u0130\u015eLETMELER\u0130 A\u015e. isimli ger\u00e7ek veya t\u00fczel ki\u015fiyi,<\/p>\n<p><strong>VSBUH Tebli\u011f;<\/strong>\u00a0\u00a0\u00a0\u00a0\u00a0\u00a0\u00a0\u00a0\u00a0\u00a0\u00a0\u00a0\u00a0\u00a0\u00a0\u00a0\u00a0\u00a0\u00a0\u00a0\u00a0\u00a0\u00a0\u00a0\u00a0\u00a0\u00a0\u00a0\u00a0\u00a0\u00a0\u00a0\u00a0\u00a0\u00a0\u00a0\u00a0\u00a0\u00a0\u00a0\u00a0\u00a0\u00a0\u00a0\u00a0\u00a0 KVKK taraf\u0131ndan \u00e7\u0131kar\u0131lan ve 10.03.2018 tarihli RG yay\u0131mlanan Veri Sorumlusuna Ba\u015fvuru Usul ve Esaslar\u0131 Hakk\u0131nda Tebli\u011f<\/p>\n<p><strong>VSSH Y\u00f6netmelik;<\/strong>\u00a0\u00a0\u00a0\u00a0\u00a0\u00a0\u00a0\u00a0\u00a0\u00a0\u00a0\u00a0\u00a0\u00a0\u00a0\u00a0\u00a0\u00a0\u00a0\u00a0\u00a0\u00a0\u00a0\u00a0\u00a0\u00a0\u00a0\u00a0\u00a0\u00a0\u00a0\u00a0\u00a0\u00a0\u00a0\u00a0\u00a0\u00a0\u00a0 KVK Kanunu kapsam\u0131nda \u00e7\u0131kar\u0131lan Veri Sorumlular\u0131 Sicili Hakk\u0131nda Y\u00f6netmelik<\/p>\n<p><strong>Yok etme;<\/strong> \u00a0\u00a0\u00a0\u00a0\u00a0\u00a0\u00a0\u00a0\u00a0\u00a0\u00a0\u00a0\u00a0\u00a0\u00a0\u00a0\u00a0\u00a0\u00a0\u00a0\u00a0\u00a0\u00a0\u00a0\u00a0\u00a0\u00a0\u00a0\u00a0\u00a0\u00a0\u00a0\u00a0\u00a0\u00a0\u00a0\u00a0\u00a0\u00a0\u00a0\u00a0\u00a0\u00a0\u00a0\u00a0\u00a0\u00a0\u00a0\u00a0\u00a0\u00a0\u00a0\u00a0 Ki\u015fisel verilerin hi\u00e7 kimse taraf\u0131ndan hi\u00e7bir \u015fekilde eri\u015filemez, geri getirilemez ve tekrar kullan\u0131lamaz hale getirilmesi i\u015flemini,<\/p>\n<p>ifade eder.<\/p>\n<p>Bu maddede bulunmayan terimler ve kavramlar i\u00e7in ilgili mevzuattaki terim ve kavram tan\u0131mlar\u0131 ge\u00e7erlidir.<\/p>\n<h1>3. K\u0130\u015e\u0130SEL VER\u0130LER\u0130N S\u0130L\u0130NMES\u0130, YOK ED\u0130LMES\u0130 VEYA ANON\u0130M HALE GET\u0130R\u0130LMES\u0130<\/h1>\n<p><strong>Genel Olarak<\/strong><\/p>\n<p>&nbsp;<\/p>\n<p>K\u0130\u015e\u0130SEL VER\u0130 SORUMLUSU taraf\u0131ndan i\u015flenmi\u015f olup da,\u00a0 t\u00fcm i\u015flenme \u015fartlar\u0131n\u0131n ortadan kalkt\u0131\u011f\u0131 ki\u015fisel verilerin silinmesi, yok edilmesi veya anonim hale getirilmesi yani di\u011fer bir ifade ile ki\u015fisel verilerin imha edilmesi,\u00a0 i\u015fbu KVS\u0130 Politikas\u0131\u2019nda belirtilen standartlara ve mevzuata uygun olarak a\u015fa\u011f\u0131da a\u00e7\u0131klanacak s\u00fcre\u00e7 ve y\u00f6ntemlerle ger\u00e7ekle\u015ftirilir.<\/p>\n<ol>\n<li><strong>KVK Kanunu\u2019ndan \u00d6nce \u0130\u015flenen Verilerin \u0130mhas\u0131<\/strong><\/li>\n<\/ol>\n<p><strong>\u00a0<\/strong>KVK Kanunu\u2019n Ge\u00e7ici 1.\/ 3. f maddesi kapsam\u0131nda,\u00a0 K\u0130\u015e\u0130SEL VER\u0130 SORUMLUSU taraf\u0131ndan \u00f6nceden i\u015flenmi\u015f olan ki\u015fisel veriler, kanunun yay\u0131m\u0131 tarihinden itibaren iki y\u0131l i\u00e7inde KVK Kanunu h\u00fck\u00fcmlerine ve KVK Politikas\u0131 standartlar\u0131na uygun hale getirilmi\u015ftir.<\/p>\n<p>\u00d6nceden ki\u015fisel verileri i\u015flenmi\u015f olup da, a\u00e7\u0131k r\u0131zas\u0131 al\u0131nmam\u0131\u015f olan ya da KVK Kanunu 5 inci\u00a0 ve 6 \u0131nc\u0131 maddeleri \u00e7er\u00e7evesinde a\u00e7\u0131k r\u0131za beyan\u0131na gerek duyulmadan al\u0131nm\u0131\u015f olan ki\u015fisel verilerle ilgili olarak K\u0130\u015e\u0130SEL VER\u0130 SORUMLUSU , ilgili ki\u015filere ula\u015farak, ilgili mevzuat ve KVK Politikas\u0131 h\u00fck\u00fcm ve \u015fartlar\u0131 do\u011frultusunda ayd\u0131nlatma metnini de i\u00e7eren\u00a0 a\u00e7\u0131k r\u0131za beyanlar\u0131n\u0131\u00a0 alm\u0131\u015ft\u0131r. \u00d6nceden ki\u015fisel verileri i\u015flenip de ilgilisine ula\u015f\u0131lamayan ya da a\u00e7\u0131k r\u0131zas\u0131 al\u0131namayan ki\u015fisel veriler ile kanunen a\u00e7\u0131k r\u0131za beyan\u0131na gerek duyulmaks\u0131z\u0131n i\u015flenmi\u015f olan ki\u015fisel veriler, KVK Kanunu 7 inci maddesi \u00e7er\u00e7evesinde, i\u015flenmesini gerektiren sebeplerin ortadan kalkmas\u0131 nedeniyle K\u0130\u015e\u0130SEL VER\u0130 SORUMLUSU taraf\u0131ndan re\u2019sen ya da ilgili ki\u015finin talebi \u00fczerine silinmekte, yok edilmekte ya da anonim hale getirilmektedir.<\/p>\n<p>Di\u011fer taraftan KVK Kanunu\u2019nun yay\u0131m\u0131 tarihinden \u00f6nce K\u0130\u015e\u0130SEL VER\u0130 SORUMLUSU taraf\u0131ndan hukuka uygun olarak al\u0131nm\u0131\u015f r\u0131zalar, bir y\u0131l i\u00e7inde aksine bir irade beyan\u0131nda bulunulmam\u0131\u015f ise, o ki\u015fisel veriler mevzuata ve KVK Politikas\u0131 \u015fartlar\u0131na uygun kabul edilmektedir.<\/p>\n<p>&nbsp;<\/p>\n<ol>\n<li><strong>KVK Kanunu\u2019ndan Sonra \u0130\u015flenen Verilerin \u0130mhas\u0131 <\/strong><\/li>\n<\/ol>\n<p>K\u0130\u015e\u0130SEL VER\u0130 SORUMLUSU, KVK Politikas\u0131nda ve KVK Kanunu\u2019nun 5. ve 6. maddelerinde de\u011finilen ki\u015fisel verilerin i\u015flenme \u015fartlar\u0131n\u0131n tamam\u0131n\u0131n ortadan kalkmas\u0131 halinde, i\u015flemi\u015f oldu\u011fu ki\u015fisel verileri re\u2019sen veya ilgili ki\u015finin talebi \u00fczerine i\u015fbu KVS\u0130 Politikas\u0131 standartlar\u0131na uygun olarak silmekte, yok etmekte veya anonim hale getirmektedir.<\/p>\n<p>K\u0130\u015e\u0130SEL VER\u0130 SORUMLUSU, KVS\u0130 Politikas\u0131 standartlar\u0131 kapsam\u0131nda,\u00a0 i\u015flemi\u015f oldu\u011fu ki\u015fisel verilerin silinmesi, yok edilmesi veya anonim hale getirilmesi s\u00fcrecinde KVK Kanunu\u2019nun 4 \u00fcnc\u00fc maddesinde ve KVK Politikas\u0131 h\u00fck\u00fcmleri i\u00e7inde yer alan genel ilkeler ile KVK Kanunu\u2019nun 12 nci maddesi ve yine KVK Politikas\u0131 kapsam\u0131nda al\u0131nmas\u0131 gereken teknik ve idari tedbirlere, ilgili mevzuat h\u00fck\u00fcmlerine, KVK Kurulu kararlar\u0131na uygun hareket etmektedir.<\/p>\n<p>Ki\u015fisel verilerin silinmesi, yok edilmesi ve anonim hale getirilmesiyle ilgili yap\u0131lan b\u00fct\u00fcn i\u015flemler kay\u0131t alt\u0131na al\u0131n\u0131r ve s\u00f6z konusu kay\u0131tlar, di\u011fer hukuki y\u00fck\u00fcml\u00fcl\u00fckler hari\u00e7 olmak \u00fczere en az \u00fc\u00e7 y\u0131l s\u00fcreyle saklan\u0131r.<\/p>\n<p>Veri sorumlusu, ki\u015fisel verilerin silinmesi, yok edilmesi, anonim hale getirilmesi i\u015flemiyle ilgili uygulad\u0131\u011f\u0131 y\u00f6ntemleri ilgili politika ve prosed\u00fcrlerinde a\u00e7\u0131klamakla y\u00fck\u00fcml\u00fcd\u00fcr.<\/p>\n<p>Veri sorumlusu, Kurul taraf\u0131ndan aksine bir karar al\u0131nmad\u0131k\u00e7a, ki\u015fisel verileri resen silme, yok etme veya anonim hale getirme y\u00f6ntemlerinden uygun olan\u0131n\u0131 se\u00e7er. \u0130lgili ki\u015finin talebi halinde uygun y\u00f6ntemi gerek\u00e7esini a\u00e7\u0131klayarak se\u00e7er.<\/p>\n<p><strong>Ki\u015fisel Verilerin \u0130mha S\u00fcreci<\/strong><\/p>\n<p>Ki\u015fisel verilerin imha edilmesiyle ilgili olarak K\u0130\u015e\u0130SEL VER\u0130 SORUMLUSU\u2019nun izlemesi gereken s\u00fcre\u00e7te s\u0131ras\u0131yla;<\/p>\n<ul>\n<li>\u0130mha i\u015flemine konu olan ki\u015fisel verilerin belirlenmesi,<\/li>\n<li>Eri\u015fim yetki ve kontrol matrisi ya da benzer bir sistem kullanarak her bir ki\u015fisel veri i\u00e7in ilgili kullan\u0131c\u0131lar\u0131n tespit edilmesi,<\/li>\n<li>\u0130lgili kullan\u0131c\u0131lar\u0131n eri\u015fim, geri getirme, tekrar kullanma gibi yetkilerinin ve y\u00f6ntemlerinin tespit edilmesi,<\/li>\n<li>\u0130lgili kullan\u0131c\u0131lar\u0131n ki\u015fisel veriler kapsam\u0131ndaki eri\u015fim, geri getirme, tekrar kullanma yetki ve y\u00f6ntemlerinin kapat\u0131lmas\u0131 ve ortadan kald\u0131r\u0131lmas\u0131,<\/li>\n<\/ul>\n<p>i\u015flemlerine ve faaliyetlerine yer verilir.<\/p>\n<p><strong>\u00a0\u00a0\u00a0\u00a0\u00a0\u00a0\u00a0\u00a0\u00a0\u00a0\u00a0\u00a0\u00a0\u00a0\u00a0\u00a0\u00a0\u00a0\u00a0\u00a0\u00a0\u00a0\u00a0\u00a0\u00a0\u00a0\u00a0\u00a0\u00a0\u00a0\u00a0\u00a0\u00a0\u00a0\u00a0\u00a0\u00a0\u00a0\u00a0\u00a0\u00a0\u00a0\u00a0\u00a0\u00a0\u00a0\u00a0\u00a0\u00a0\u00a0\u00a0\u00a0\u00a0\u00a0\u00a0\u00a0\u00a0\u00a0\u00a0\u00a0\u00a0\u00a0\u00a0\u00a0\u00a0\u00a0\u00a0\u00a0\u00a0\u00a0\u00a0\u00a0\u00a0 Ki\u015fisel Verilerin Silinmesi<\/strong><\/p>\n<p>Ki\u015fisel verilerin ilgili kullan\u0131c\u0131lar i\u00e7in hi\u00e7bir \u015fekilde eri\u015filemez ve tekrar kullan\u0131lamaz hale getirilmesi i\u015flem ve faaliyetleri,\u00a0 ki\u015fisel verilerin silinmesi olarak adland\u0131r\u0131l\u0131r.<\/p>\n<p>K\u0130\u015e\u0130SEL VER\u0130 SORUMLUSU i\u015fbu politika ve KVK Kanunu kapsam\u0131nda, silinen ki\u015fisel verilere, kullan\u0131c\u0131lar\u0131n ula\u015famamas\u0131 ve tekrar kullanamamas\u0131 i\u00e7in gerekli her t\u00fcrl\u00fc teknik ve idari tedbirleri almaktad\u0131r.<\/p>\n<p>&nbsp;<\/p>\n<p><strong>Ki\u015fisel Verilerin Silinmesi Y\u00f6ntemleri<\/strong><\/p>\n<p>K\u0130\u015e\u0130SEL VER\u0130 SORUMLUSU taraf\u0131ndan i\u015flenen ki\u015fisel veriler, birden fazla ortamda kaydedilmekte ve saklanabilmektedir. Bu nedenle veriler, saklanabildikleri kay\u0131t ortam\u0131n\u0131n \u00f6zelliklerine uygun yol ve y\u00f6ntemlerle silinmektedir. K\u0130\u015e\u0130SEL VER\u0130 SORUMLUSU\u2019nun uygulad\u0131\u011f\u0131 silme y\u00f6ntemleri a\u015fa\u011f\u0131da s\u0131ras\u0131 ile yer almaktad\u0131r.<\/p>\n<ol>\n<li><strong>Bulut Ortam\u0131nda Bulunan Ki\u015fisel Verilerin Silinmesi<\/strong><\/li>\n<\/ol>\n<p>K\u0130\u015e\u0130SEL VER\u0130 SORUMLUSU taraf\u0131ndan hizmet al\u0131m\u0131 olarak ger\u00e7ekle\u015ftirilen bulut sisteminde ( Microsoft 365, Google Drive, OneDrive vb.)\u00a0 say\u0131sal ortamlarda saklanan verilerle ilgili olarak\u00a0\u00a0 silme\u00a0 i\u015flemine konu olan ki\u015fisel veriler belirlendikten sonra,\u00a0 her bir ki\u015fisel veri a\u00e7\u0131s\u0131ndan de\u011ferlendirme yap\u0131larak, bu veriye eri\u015fim yetkisi, y\u00f6netim panelleri, kontrol matrisi\u00a0 veya benzer elektronik sistemlerle, bu verilerin kullan\u0131c\u0131lar\u0131 ile bu kullan\u0131c\u0131lar\u0131n\u00a0 veriye eri\u015fim, geri getirme, tekrar kullanma gibi yetkileri ve y\u00f6ntemleri tespit edilmekte, ard\u0131ndan bu veriler, bu verilere ili\u015fkin kullan\u0131m yetkileri,\u00a0 silme komutu verilerek silinmekte\u00a0 kapat\u0131lmakta ve ortadan kald\u0131r\u0131lmaktad\u0131r.<\/p>\n<p>Bu i\u015flemler yap\u0131l\u0131rken ilgili kullan\u0131c\u0131n\u0131n bulut sistemi \u00fczerinde silinmi\u015f verileri geri getirme yetkisinin olup olmad\u0131\u011f\u0131 tespit edilmekte, b\u00f6yle bir yetkisi var ise bu yetki de ortadan kald\u0131r\u0131lmakta ya da kapat\u0131lmaktad\u0131r.<\/p>\n<ol>\n<li><strong>K\u00e2\u011f\u0131t Ortam\u0131nda Bulunan Ki\u015fisel Verilerin Silinmesi<\/strong><\/li>\n<\/ol>\n<p>K\u0130\u015e\u0130SEL VER\u0130 SORUMLUSU taraf\u0131ndan ki\u015fisel veriler,\u00a0 ka\u011f\u0131t ortam\u0131nda, fiziki olarak da i\u015flenebilmekte ve saklanabilmektedir. Ka\u011f\u0131t ortam\u0131nda saklanan bu t\u00fcr ki\u015fisel veriler K\u0130\u015e\u0130SEL VER\u0130 SORUMLUSU taraf\u0131ndan karartma i\u015flemine tabi tutularak yap\u0131lmakta, bu y\u00f6ntem d\u0131\u015f\u0131nda s\u0131kl\u0131kla K\u0130\u015e\u0130SEL VER\u0130 SORUMLUSU\u2019nun faaliyette bulundu\u011fu \u00e7al\u0131\u015fma alanlar\u0131nda yeterli miktarda konumland\u0131r\u0131lan ka\u011f\u0131t k\u0131rpma makinalar\u0131 vas\u0131tas\u0131 ile bu verileri i\u00e7eren ka\u011f\u0131tlar\u0131n geri d\u00f6n\u00fc\u015f\u00fcm\u00fc m\u00fcmk\u00fcn olmayacak, kullan\u0131lamayacak ve okunamayacak \u015fekilde kesilmesi, k\u0131rp\u0131lmas\u0131\u00a0\u00a0 yok edilmesi yoluna gidilmektedir.<\/p>\n<ol>\n<li><strong>Merkezi Sunucuda (Server\u2019da) Bulunan Dosyan\u0131n Silinmesi<\/strong><\/li>\n<\/ol>\n<p>K\u0130\u015e\u0130SEL VER\u0130 SORUMLUSU taraf\u0131ndan merkezi sunucu ya da sunucularda (server) tutulan dosya ve i\u00e7eriklerinde de ki\u015fisel veriler bar\u0131nmaktad\u0131r. Bu t\u00fcr ki\u015fisel verilerin silinmesi ile ilgili olarak K\u0130\u015e\u0130SEL VER\u0130 SORUMLUSU dosyan\u0131n yer ald\u0131\u011f\u0131 merkezi sunucunun i\u015fletim sisteminde silme komutu vererek veriyi silme yoluna gitmekte veya dosya ya da dosyan\u0131n bulundu\u011fu dizin \u00fczerinde ilgili kullan\u0131c\u0131n\u0131n eri\u015fim ya da veriyi geri getirme hak ve yetkilerini ortadan kald\u0131rarak ki\u015fisel veri silme i\u015flemini ger\u00e7ekle\u015ftirmektedir. Bunu yaparken ilgili kullan\u0131c\u0131n\u0131n ayn\u0131 zamanda sistem y\u00f6neticisi olup olmad\u0131\u011f\u0131na da dikkat etmektedir.<\/p>\n<ol>\n<li><strong>Mobil Medya Ortam\u0131nda Bulunan Ki\u015fisel Verilerin Silinmesi<\/strong><\/li>\n<\/ol>\n<p>K\u0130\u015e\u0130SEL VER\u0130 SORUMLUSU , ki\u015fisel verilerin bir k\u0131sm\u0131n\u0131 ta\u015f\u0131nabilir bellek ortamlar\u0131nda ya da di\u011fer ta\u015f\u0131nabilir say\u0131sal medya ortamlar\u0131nda saklamaktad\u0131r. Bu t\u00fcr ki\u015fisel verilerin sakland\u0131\u011f\u0131, ortamlara \u015fifreli olarak ula\u015f\u0131labilmekte, her bir saklama ortam\u0131n\u0131n \u00f6zelliklerine uygun yaz\u0131l\u0131m ve bilgisayar programlar\u0131 ve uygulamalar vas\u0131tas\u0131 ile tekrar kullan\u0131lamaz, geri d\u00f6nd\u00fcr\u00fclemez \u015fekilde silme i\u015flemine tabi tutulmaktad\u0131r.<\/p>\n<ol>\n<li><strong>Veri Tabanlar\u0131 <\/strong><\/li>\n<\/ol>\n<p>K\u0130\u015e\u0130SEL VER\u0130 SORUMLUSU, veri taban\u0131nda saklad\u0131\u011f\u0131 ki\u015fisel verilerle ilgili sat\u0131rlar\u0131, mevzuat ve i\u015fbu KVS\u0130 politikas\u0131 standartlar\u0131na uygun olarak bu sat\u0131rlar\u0131n veri taban\u0131 komutlar\u0131 ile (Delete, Sil vb.) silmektedir. Bunu yaparken, ilgili kullan\u0131c\u0131n\u0131n ayn\u0131 zamanda veri taban\u0131 y\u00f6neticisi olup olmad\u0131\u011f\u0131na dikkat edilmekte, silme i\u015flemi bu bilgiler do\u011frultusunda yap\u0131lmaktad\u0131r.<\/p>\n<p><strong>Ki\u015fisel Verilerin Yok Edilmesi<\/strong><\/p>\n<p>Ki\u015fisel verilerin hi\u00e7bir kimse taraf\u0131ndan hi\u00e7bir \u015fekilde eri\u015filemez, geri getirilemez ve tekrar kullan\u0131lamaz hale getirilmesi i\u015flem ve faaliyetleri,\u00a0 ki\u015fisel verilerin yok edilmesi olarak adland\u0131r\u0131l\u0131r.<\/p>\n<p>K\u0130\u015e\u0130SEL VER\u0130 SORUMLUSU, veri sorumlusu olarak i\u015fbu politika ve KVK Kanunu kapsam\u0131nda, silinen ki\u015fisel verilerin yok edilmesi konusunda gerekli her t\u00fcrl\u00fc teknik ve idari tedbirleri almaktad\u0131r.<\/p>\n<p><strong>Ki\u015fisel Verilerin Yok Edilmesi Y\u00f6ntemleri<\/strong><\/p>\n<ol>\n<li><strong>Yerel Sistemler<\/strong><\/li>\n<\/ol>\n<p>K\u0130\u015e\u0130SEL VER\u0130 SORUMLUSU, ki\u015fisel verilerin saklad\u0131\u011f\u0131 sistemler \u00fczerindeki verilerin yok edilmesi i\u00e7in a\u015fa\u011f\u0131daki y\u00f6ntemlerden bir ya da birka\u00e7\u0131n\u0131 kullanabilir.<\/p>\n<ul>\n<li>Manyetik medyan\u0131n \u00f6zel bir cihazdan ge\u00e7irilerek gayet y\u00fcksek de\u011ferde bir manyetik alana maruz b\u0131rak\u0131lmas\u0131 ile \u00fczerindeki verilerin okunamaz bi\u00e7imde bozulmas\u0131 i\u015flemine tabi tutulmas\u0131 (De-manyetize etme)<\/li>\n<li>Optik medya ve manyetik medyan\u0131n eritilmesi, yak\u0131lmas\u0131 veya toz haline getirilmesi, gibi fiziksel i\u015flemlere tabi tutulmas\u0131\u00a0\u00a0 (Fiziksel Olarak Yok Etme)<\/li>\n<li>\u00d6zel yaz\u0131l\u0131mlar kullanarak, manyetik medya ve yeniden yaz\u0131labilir optik medya \u00fczerine en az yedi kez 0 ve 1\u2019lerden olu\u015fan rastgele veriler yazarak eski verinin kurtar\u0131lmas\u0131n\u0131n engellenmesi i\u015flemine tabi tutulmas\u0131 (\u00dczerine Yazma)<\/li>\n<\/ul>\n<p><strong>\u00a0<\/strong><\/p>\n<ol>\n<li><strong>\u00c7evresel Sistemler<\/strong><\/li>\n<\/ol>\n<p>K\u0130\u015e\u0130SEL VER\u0130 SORUMLUSU, a\u011f anahtar\u0131, ana a\u011f y\u00f6nlendiricisi gibi a\u011f cihazlar , ta\u015f\u0131nabilir bellek ortamlar\u0131, mobil sim kart ve bunlara ait sabit haf\u0131za alanlar\u0131, veri kay\u0131t ortam\u0131, \u00e7\u0131kart\u0131labilen yaz\u0131c\u0131, parmak izli g\u00fcvenlik ge\u00e7i\u015f sistemi gibi \u00e7evre birimleri gibi sistemlerde kay\u0131tl\u0131 ya da sakl\u0131 ki\u015fisel verileri ,\u00a0 i\u015fbu politikan\u0131n bir \u00f6nceki \u201cyerel sistemler\u201d ba\u015fl\u0131kl\u0131 paragrafda yer alan uygun y\u00f6ntemlerden bir veya birka\u00e7\u0131\u00a0\u00a0 kullan\u0131lmak suretiyle yok edilmektedir.<\/p>\n<ol>\n<li><strong>K\u00e2\u011f\u0131t Ortam\u0131 \u00a0<\/strong><\/li>\n<\/ol>\n<p>K\u0130\u015e\u0130SEL VER\u0130 SORUMLUSU taraf\u0131ndan kal\u0131c\u0131 ve fiziksel nitelik ve \u00f6zelliklere sahip ortam \u00fczerinde yaz\u0131l\u0131 olarak k\u00e2\u011f\u0131t ve mikro-fi\u015f ortam\u0131nda saklanan ki\u015fisel veriler yok edilirken ka\u011f\u0131t imha veya k\u0131rpma makinalar\u0131 ile anla\u015f\u0131lmaz boyutta, m\u00fcmk\u00fcn oldu\u011fu kadar\u0131yla yatay ve dikey olarak, geri birle\u015ftirilemeyecek \u015fekilde k\u00fc\u00e7\u00fck par\u00e7alara b\u00f6l\u00fcnmektedir.<\/p>\n<p>Ka\u011f\u0131t formattan, tarama yoluyla elektronik ortama aktar\u0131lan ki\u015fisel veriler var ise bunlar da bulunduklar\u0131 elektronik ortama g\u00f6re i\u015fbu politikan\u0131n bir \u00f6nceki \u201cyerel sistemler\u201d ba\u015fl\u0131kl\u0131 paragraf\u0131nda yer alan y\u00f6ntemlerden bir ya da birka\u00e7\u0131 kullan\u0131lmak suretiyle yok edilmektedir.<\/p>\n<ol>\n<li><strong>Bulut Ortam\u0131 <\/strong><\/li>\n<\/ol>\n<p>Bulut sistemlerinde tutulan ki\u015fisel verilerin depolanmas\u0131 ve kullan\u0131m\u0131 s\u0131ras\u0131nda K\u0130\u015e\u0130SEL VER\u0130 SORUMLUSU, kriptografik y\u00f6ntemlerle \u015fifrelenmekte,\u00a0 ki\u015fisel veriler i\u00e7in m\u00fcmk\u00fcn olan yerlerde, \u00f6zellikle hizmet al\u0131nan her bir bulut sistemi i\u00e7in ayr\u0131 ayr\u0131 \u015fifreleme anahtarlar\u0131 kullan\u0131lmaktad\u0131r.<\/p>\n<p>K\u0130\u015e\u0130SEL VER\u0130 SORUMLUSU ile bulut hizmet sa\u011flay\u0131c\u0131 aras\u0131nda bili\u015fim hizmet ili\u015fkisi sona erdi\u011finde; ki\u015fisel verileri kullan\u0131l\u0131r hale getirmek i\u00e7in gerekli \u015fifreleme anahtarlar\u0131 ve bu anahtarlar\u0131n t\u00fcm kopyalar\u0131 yok edilmektedir.<\/p>\n<p>Bu ortamlara ek olarak; ar\u0131zalanan ya da bak\u0131ma g\u00f6nderilen cihazlarda yer alan ki\u015fisel verilerin yok edilmesi i\u015flemleri ise a\u015fa\u011f\u0131daki \u015fekilde ger\u00e7ekle\u015ftirilmektedir:<\/p>\n<ul>\n<li>\u0130lgili cihazlar\u0131n bak\u0131m, onar\u0131m i\u015flemi i\u00e7in \u00fcretici, sat\u0131c\u0131, servis gibi \u00fc\u00e7\u00fcnc\u00fc kurumlara aktar\u0131lmadan \u00f6nce i\u00e7inde yer alan ki\u015fisel veriler i\u015fbu politikan\u0131n bir \u00f6nceki \u201cyerel sistemler\u201d ba\u015fl\u0131kl\u0131 paragraf\u0131nda yer alan y\u00f6ntemlerden bir ya da birka\u00e7\u0131 kullan\u0131lmak suretiyle yok edilmektedir.<\/li>\n<li>Yok etmenin m\u00fcmk\u00fcn ya da uygun olmad\u0131\u011f\u0131 durumlarda veri saklama ortam\u0131 s\u00f6k\u00fclerek fiziki olarak saklanmakta, sistemin ar\u0131zal\u0131 olan di\u011fer par\u00e7alar\u0131 \u00fcretici, sat\u0131c\u0131, servis gibi \u00fc\u00e7\u00fcnc\u00fc \u015fah\u0131slara bu \u015fekilde g\u00f6nderilmektedir.<\/li>\n<li>D\u0131\u015far\u0131dan bak\u0131m, onar\u0131m gibi ama\u00e7larla gelen personelin, ki\u015fisel verileri kopyalayarak kurum d\u0131\u015f\u0131na \u00e7\u0131kartmas\u0131n\u0131n engellenmesi i\u00e7in KVK Politikas\u0131 standartlar\u0131nda veri g\u00fcvenli\u011fine ili\u015fkin gerekli idari ve teknik di\u011fer tedbirler de titizlikle al\u0131nmaktad\u0131r.<\/li>\n<\/ul>\n<p><strong>Ki\u015fisel Verilerin Anonim Hale Getirilmesi<\/strong><\/p>\n<p>KVK Kanunu\u2019nda ve KVK Politikas\u0131\u2019nda,\u00a0\u00a0 ki\u015fisel verilerin ba\u015fka verilerle e\u015fle\u015ftirilse dahi hi\u00e7bir surette kimli\u011fi belirli veya belirlenebilir bir ger\u00e7ek ki\u015fiyle ili\u015fkilendirilemeyecek hale getirilmesine ki\u015fisel verilerin anonim hale getirilmesi olarak tan\u0131mlanmaktad\u0131r.<\/p>\n<p>\u0130\u015fbu politika kapsam\u0131ndaki ki\u015fisel verilerin anonim hale getirildi\u011fi sonucunu \u00e7\u0131karabilmek ad\u0131na, bu verilerin, veri sorumlusu veya al\u0131c\u0131 gruplar\u0131 taraf\u0131ndan geri d\u00f6nd\u00fcr\u00fclmesi ve\/veya verilerin ba\u015fka verilerle e\u015fle\u015ftirilmesi gibi kay\u0131t ortam\u0131 ve ilgili faaliyet alan\u0131 a\u00e7\u0131s\u0131ndan uygun tekniklerin kullan\u0131lmas\u0131 yoluyla dahi kimli\u011fi belirli veya belirlenebilir bir ger\u00e7ek ki\u015fiyle ili\u015fkilendirilemez hale getirilmesi gerekti\u011finden K\u0130\u015e\u0130SEL VER\u0130 SORUMLUSU, i\u015fbu politika standartlar\u0131 \u00e7er\u00e7evesinde,\u00a0 verilerin\u00a0 anonimle\u015ftirilmesi i\u00e7in\u00a0 gerekli olan her t\u00fcrl\u00fc teknik ve idari tedbirleri almaktad\u0131r.<\/p>\n<p>Her ne kadar K\u0130\u015e\u0130SEL VER\u0130 SORUMLUSU, saklad\u0131\u011f\u0131 ki\u015fisel verilerin imha edilmesi se\u00e7eneklerinden birisi olan ki\u015fisel verilerin anonim hale getirilmesi yolunu s\u0131kl\u0131kla kullanmasa da, b\u00f6yle bir se\u00e7ene\u011fe ba\u015fvurdu\u011fu takdirde, a\u015fa\u011f\u0131da belirtilen ki\u015fisel verilerin anonim hale getirilmesi y\u00f6ntemlerinden birini veya bir ka\u00e7\u0131n\u0131 birlikte veya ayr\u0131 ayr\u0131 kullanmaktad\u0131r.<\/p>\n<p><strong>Ki\u015fisel Verilerin Anonim Hale Getirilmesi Y\u00f6ntemleri<\/strong><\/p>\n<p>Bir veri k\u00fcmesindeki t\u00fcm do\u011frudan veya dolayl\u0131 tan\u0131mlay\u0131c\u0131lar\u0131n \u00e7\u0131kart\u0131larak ya da de\u011fi\u015ftirilerek, ilgili ki\u015finin kimli\u011finin saptanabilmesinin engellenmesi veya bir grup i\u00e7inde ay\u0131rt edilebilir olma \u00f6zelli\u011fini bir ger\u00e7ek ki\u015fiyle ili\u015fkilendirilemeyecek \u015fekilde kaybetmesi yolunda y\u00fcr\u00fct\u00fclen i\u015flem,\u00a0 ki\u015fisel verilerin anonim hale getirme i\u015flemi olarak adland\u0131r\u0131lmaktad\u0131r.<\/p>\n<p>\u0130\u015fbu KVS\u0130 Politikas\u0131na g\u00f6re, veri k\u00fcmesindeki t\u00fcm tan\u0131mlay\u0131c\u0131lar\u0131n \u00e7\u0131kart\u0131larak ya da de\u011fi\u015ftirilmek suretiyle\u00a0\u00a0 ilgili ki\u015finin kimli\u011fini saptayabilme \u00f6zelli\u011finin engellenmesi veya kaybedilmesi sonucunda belli bir ki\u015fiye i\u015faret etmeyen veriler, anonim hale getirilmi\u015f veri say\u0131l\u0131r.<\/p>\n<p>Yine i\u015fbu politika standartlar\u0131na g\u00f6re, ki\u015fisel verinin tutuldu\u011fu K\u0130\u015e\u0130SEL VER\u0130 SORUMLUSU\u2019na ait veri kay\u0131t sistemindeki ki\u015fisel verilere uygulanan otomatik olan veya olmayan gruplama, maskeleme, t\u00fcretme, genelle\u015ftirme, rastgele hale getirme gibi y\u00f6ntemlerle y\u00fcr\u00fct\u00fclen ba\u011f koparma i\u015flemlerinin ve faaliyetlerinin t\u00fcm\u00fc anonim hale getirme y\u00f6ntemleri olarak adland\u0131r\u0131lmaktad\u0131r.<\/p>\n<p>Anonim hale getirme y\u00f6ntemlerinden baz\u0131lar\u0131 a\u015fa\u011f\u0131da \u00f6rnekleme yoluyla say\u0131lm\u0131\u015f olup, ki\u015fisel verinin \u00f6zellikleri, nitelikleri, kay\u0131tl\u0131 bulundu\u011fu ortam ve \u015fartlar\u0131 dikkate al\u0131narak, bu y\u00f6ntemlerden bir veya birka\u00e7\u0131,\u00a0 birlikte veya ayr\u0131 ayr\u0131 olarak K\u0130\u015e\u0130SEL VER\u0130 SORUMLUSU taraf\u0131ndan uygulanmaktad\u0131r.<\/p>\n<ol>\n<li><strong>De\u011fer D\u00fczensizli\u011fi Sa\u011flamayan Anonim Hale Getirme Y\u00f6ntemleri<\/strong><\/li>\n<\/ol>\n<p>De\u011fer d\u00fczensizli\u011fi sa\u011flamayan y\u00f6ntemlerde k\u00fcmedeki verilerin sahip oldu\u011fu de\u011ferlerde bir de\u011fi\u015fiklik ya da ekleme, \u00e7\u0131kartma i\u015flemi uygulanmamaktad\u0131r. Bunun yerine k\u00fcmede yer alan sat\u0131r veya s\u00fctunlar\u0131n b\u00fct\u00fcn\u00fcnde de\u011fi\u015fiklikler yap\u0131lmakta, bu suretle verinin genelinde de\u011fi\u015fiklik ya\u015fan\u0131rken, alanlardaki de\u011ferler orijinal hallerini korumaya devam etmektedir. K\u0130\u015e\u0130SEL VER\u0130 SORUMLUSU taraf\u0131ndan uygulanan bu y\u00f6ntemlerden baz\u0131lar\u0131 a\u015fa\u011f\u0131da say\u0131lm\u0131\u015ft\u0131r.<\/p>\n<ul>\n<li>De\u011fi\u015fkenleri \u00c7\u0131kartma<\/li>\n<li>Kay\u0131tlar\u0131 \u00c7\u0131kartma<\/li>\n<li>B\u00f6lgesel Gizleme<\/li>\n<li>Genelle\u015ftirme<\/li>\n<li>Alt ve \u00dcst S\u0131n\u0131r Kodlama<\/li>\n<li>Global Kodlama<\/li>\n<li>\u00d6rnekleme<\/li>\n<\/ul>\n<p>&nbsp;<\/p>\n<p>&nbsp;<\/p>\n<ol>\n<li><strong>De\u011fer D\u00fczensizli\u011fi Sa\u011flayan Anonim Hale Getirme Y\u00f6ntemleri <\/strong><\/li>\n<\/ol>\n<p>De\u011fer d\u00fczensizli\u011fi sa\u011flayan y\u00f6ntemlerle yukar\u0131da bahsedilen y\u00f6ntemlerden farkl\u0131 olarak; mevcut de\u011ferler de\u011fi\u015ftirilerek veri k\u00fcmesinin de\u011ferlerinde bozulma ve tahribat ger\u00e7ekle\u015ftirilir. Bu t\u00fcr bir anonim hale getirme y\u00f6ntemi uyguland\u0131\u011f\u0131nda kay\u0131tlar\u0131n ta\u015f\u0131d\u0131\u011f\u0131 de\u011ferler de\u011fi\u015fti\u011fi i\u00e7in, veri k\u00fcmesinden elde edilmesi planlanan faydan\u0131n do\u011fru hesaplanmas\u0131 zorunludur. Veri k\u00fcmesindeki de\u011ferler de\u011fi\u015fiyor olsa bile toplam istatistiklerin bozulmamas\u0131 gerekir. B\u00f6yle bir \u015fart ger\u00e7ekle\u015fti\u011fi takdirde yap\u0131lan i\u015flem bir de\u011fer ifade eder ve s\u00f6z konusu veriden fayda sa\u011flanmaya devam edilebilir.\u00a0 K\u0130\u015e\u0130SEL VER\u0130 SORUMLUSU taraf\u0131ndan uygulanan bu y\u00f6ntemlerden baz\u0131lar\u0131 a\u015fa\u011f\u0131da say\u0131lm\u0131\u015ft\u0131r.<\/p>\n<ul>\n<li>Mikro Birle\u015ftirme<\/li>\n<li>Veri De\u011fi\u015f-Toku\u015fu<\/li>\n<li>G\u00fcr\u00fclt\u00fc Ekleme<\/li>\n<\/ul>\n<h1>4. ORTAK H\u00dcK\u00dcMLER<\/h1>\n<ol>\n<li><strong>Ortak H\u00fck\u00fcmler<\/strong><\/li>\n<\/ol>\n<p><strong>\u00a0<\/strong><\/p>\n<ol>\n<li>\u0130\u015fbu KVS\u0130 Politikas\u0131 kitab\u0131, K\u0130\u015e\u0130SEL VER\u0130 SORUMLUSU\u2019nun KVK Politikas\u0131n\u0131n tamamlay\u0131c\u0131 bir par\u00e7as\u0131 ve eki olarak ki\u015fisel verilerin saklanmas\u0131 ve imha edilmesine ili\u015fkin standartlar\u0131n\u0131 belirlemektedir. KVK Politikas\u0131nda de\u011finilen t\u00fcm tablolar, \u015femalar, listeler, grafikler, \u00f6zet metinler, s\u00f6zle\u015fmeler, taahh\u00fctnameler, beyanlar, bilgi ve a\u00e7\u0131klama formlar\u0131, g\u00f6rev tan\u0131mlar\u0131 gibi her t\u00fcrl\u00fc belge i\u015fbu politikan\u0131n da ayr\u0131lmaz bir par\u00e7as\u0131 ve ekidir.<\/li>\n<li>\u0130\u015fbu KVS\u0130 Politikas\u0131 i\u00e7erisinde yer alan terim, tan\u0131m ve kavram a\u00e7\u0131klamalar\u0131, K\u0130\u015e\u0130SEL VER\u0130 SORUMLUSU ile ilgili t\u00fcm tablolar, \u015femalar, listeler, grafikler, \u00f6zet metinler, s\u00f6zle\u015fmeler, taahh\u00fctnameler, beyanlar, bilgi ve a\u00e7\u0131klama formlar\u0131, g\u00f6rev tan\u0131mlar\u0131 gibi belge i\u00e7inde yer alan tan\u0131mlar, kavramlar, terimler, h\u00fck\u00fcm ve \u015fartlar i\u00e7in de ge\u00e7erlidir.<\/li>\n<li>KVS\u0130 Politikas\u0131na ili\u015fkin bu kitap, K\u0130\u015e\u0130SEL VER\u0130 SORUMLUSU\u2019nun merkezinde tutulmakta ve ilgili birimlerin, y\u00f6neticilerin, hissedarlar\u0131n, \u00e7al\u0131\u015fanlar\u0131n, k\u0131sacas\u0131 K\u0130\u015e\u0130SEL VER\u0130 SORUMLUSU\u2019nun etkile\u015fim ve ileti\u015fim i\u00e7erisinde bulundu\u011fu herkesin bilgilenmesine a\u00e7\u0131kt\u0131r.<\/li>\n<li>K\u0130\u015e\u0130SEL VER\u0130 SORUMLUSU, gerek web sayfas\u0131nda gerekse kamuya a\u00e7\u0131k ve ortak alanlarda, panolarda fiziki olarak bulundurman\u0131n olanaks\u0131zl\u0131\u011f\u0131 nedeni ile i\u015fbu detayl\u0131 politika kitab\u0131 yerine, \u00f6zet metinlerini bulundurma ve ilan etme hakk\u0131n\u0131 sakl\u0131 tutmaktad\u0131r.<\/li>\n<\/ol>\n<p>&nbsp;<\/p>\n<h1>5. POL\u0130T\u0130KA EKLER\u0130 VE RISK ANAL\u0130Z RAPORLARI<\/h1>\n<p>&nbsp;<\/p>\n<p>\u0130\u015f bu politika \u00e7er\u00e7evesinde K\u0130\u015e\u0130SEL VER\u0130 SORUMLUSU ad\u0131na haz\u0131rlanan KVK Politikas\u0131 kitab\u0131nda ge\u00e7en ba\u015fta KVSI Politika Kitab\u0131 olmak \u00fczere, \u00d6zet Metinler, S\u00f6zle\u015fme Ekleri, A\u00e7\u0131k R\u0131za Onay ve Beyanlar\u0131 teslim ve tesell\u00fcm belgeleri, g\u00f6rev tan\u0131mlar\u0131, veri envanteri, tablo, \u015fekil ve \u015femalar i\u015f bu politikan\u0131n ekleri olarak kabul edilir. Di\u011fer yandan K\u0130\u015e\u0130SEL VER\u0130 SORUMLUSU\u2019nun y\u00f6netim sistemine ve g\u00f6rev tan\u0131mlar\u0131na g\u00f6re haz\u0131rlanm\u0131\u015f olan bu politika ile birlikte teslim edilen ve d\u00f6k\u00fcm\u00fc verilen risk analiz raporlar\u0131 da i\u015f bu politikan\u0131n eki olarak kabul edilir.<\/p>\n<h1>6. G\u00dcNCELLEME<\/h1>\n<p>\u0130\u015f bu politika, y\u0131lda en az bir defa g\u00f6zden ge\u00e7irilmekte ve g\u00fcncellenmektedir. Kuruma ait kalite sistemi taraf\u0131ndan bu g\u00fcncellemeler takip edilmektedir.<\/p>\n<h1>7. Y\u00dcR\u00dcRL\u00dcL\u00dcK VE Y\u00dcR\u00dcRL\u00dcKTEN KALDIRMA<\/h1>\n<p>\u0130\u015fbu Politika K\u0130\u015e\u0130SEL VER\u0130 SORUMLUSUNUN internet sitelerinde yay\u0131nlanmas\u0131n\u0131n ard\u0131ndan y\u00fcr\u00fcrl\u00fc\u011fe girmi\u015f kabul edilir.<\/p>\n<p>Bu politika, ancak ba\u015fka bir yaz\u0131l\u0131 politikan\u0131n haz\u0131rlanmas\u0131 ve y\u00fcr\u00fcrl\u00fc\u011fe girmesi ile y\u00fcr\u00fcrl\u00fckten kald\u0131r\u0131labilir.<\/p>\n<p>&nbsp;<\/p>\n","section_content_show_links":false,"section_content_links_title":"","section_content_links":false,"section_background_color":"","section_background_image":false,"section_background_fade":false,"section_invert_text":false}],"page_custom_title":"","page_subtitle":"","usps_top_switch":true,"usps_prefix":"","usps":false,"booking_top_switch":true,"booking_bottom_switch":true,"booking_title":"","booking_custom_url":"","booking_start_date":"","booking_custom_duration":"","social_share_switch":false,"dark_mode_switch":false,"page_tile_label":""},"publishpress_future_action":{"enabled":false,"date":"2026-05-10 11:03:40","action":"change-status","newStatus":"draft","terms":[],"taxonomy":"translation_priority","extraData":[]},"publishpress_future_workflow_manual_trigger":{"enabledWorkflows":[]},"_links":{"self":[{"href":"https:\/\/www.corendonhotels.com\/tr\/wp-json\/wp\/v2\/pages\/27588","targetHints":{"allow":["GET"]}}],"collection":[{"href":"https:\/\/www.corendonhotels.com\/tr\/wp-json\/wp\/v2\/pages"}],"about":[{"href":"https:\/\/www.corendonhotels.com\/tr\/wp-json\/wp\/v2\/types\/page"}],"author":[{"embeddable":true,"href":"https:\/\/www.corendonhotels.com\/tr\/wp-json\/wp\/v2\/users\/40"}],"replies":[{"embeddable":true,"href":"https:\/\/www.corendonhotels.com\/tr\/wp-json\/wp\/v2\/comments?post=27588"}],"version-history":[{"count":3,"href":"https:\/\/www.corendonhotels.com\/tr\/wp-json\/wp\/v2\/pages\/27588\/revisions"}],"predecessor-version":[{"id":27591,"href":"https:\/\/www.corendonhotels.com\/tr\/wp-json\/wp\/v2\/pages\/27588\/revisions\/27591"}],"wp:attachment":[{"href":"https:\/\/www.corendonhotels.com\/tr\/wp-json\/wp\/v2\/media?parent=27588"}],"curies":[{"name":"wp","href":"https:\/\/api.w.org\/{rel}","templated":true}]}}