{"id":27600,"date":"2026-03-06T12:43:01","date_gmt":"2026-03-06T11:43:01","guid":{"rendered":"https:\/\/www.corendonhotels.com\/?page_id=27600"},"modified":"2026-03-06T12:45:15","modified_gmt":"2026-03-06T11:45:15","slug":"calisan-adayi-kvkk-aydinlatma-metni","status":"publish","type":"page","link":"https:\/\/www.corendonhotels.com\/tr\/calisan-adayi-kvkk-aydinlatma-metni\/","title":{"rendered":"\u00c7ALI\u015eAN ADAYI KVKK AYDINLATMA METN\u0130"},"content":{"rendered":"","protected":false},"excerpt":{"rendered":"","protected":false},"author":40,"featured_media":0,"parent":0,"menu_order":0,"comment_status":"closed","ping_status":"closed","template":"","meta":{"_acf_changed":false,"footnotes":""},"class_list":["post-27600","page","type-page","status-publish","hentry"],"acf":[],"yoast_head":"\n\u00c7ALI\u015eAN ADAYI KVKK AYDINLATMA METN\u0130 - Corendon Hotels & Resorts<\/title>\n<meta name=\"robots\" content=\"index, follow, max-snippet:-1, max-image-preview:large, max-video-preview:-1\" \/>\n<link rel=\"canonical\" href=\"https:\/\/www.corendonhotels.com\/tr\/calisan-adayi-kvkk-aydinlatma-metni\/\" \/>\n<meta property=\"og:locale\" content=\"tr_TR\" \/>\n<meta property=\"og:type\" content=\"article\" \/>\n<meta property=\"og:title\" content=\"\u00c7ALI\u015eAN ADAYI KVKK AYDINLATMA METN\u0130 - Corendon Hotels & Resorts\" \/>\n<meta property=\"og:url\" content=\"https:\/\/www.corendonhotels.com\/tr\/calisan-adayi-kvkk-aydinlatma-metni\/\" \/>\n<meta property=\"og:site_name\" content=\"Corendon Hotels & Resorts\" \/>\n<meta property=\"article:publisher\" content=\"https:\/\/www.facebook.com\/CorendonHotelsEnResorts\" \/>\n<meta property=\"article:modified_time\" content=\"2026-03-06T11:45:15+00:00\" \/>\n<meta name=\"twitter:card\" content=\"summary_large_image\" \/>\n<meta name=\"twitter:site\" content=\"@corendonhotels\" \/>\n<script type=\"application\/ld+json\" class=\"yoast-schema-graph\">{\"@context\":\"https:\\\/\\\/schema.org\",\"@graph\":[{\"@type\":\"WebPage\",\"@id\":\"https:\\\/\\\/www.corendonhotels.com\\\/tr\\\/calisan-adayi-kvkk-aydinlatma-metni\\\/\",\"url\":\"https:\\\/\\\/www.corendonhotels.com\\\/tr\\\/calisan-adayi-kvkk-aydinlatma-metni\\\/\",\"name\":\"\u00c7ALI\u015eAN ADAYI KVKK AYDINLATMA METN\u0130 - Corendon Hotels & Resorts\",\"isPartOf\":{\"@id\":\"https:\\\/\\\/corendonhotels.com\\\/#website\"},\"datePublished\":\"2026-03-06T11:43:01+00:00\",\"dateModified\":\"2026-03-06T11:45:15+00:00\",\"breadcrumb\":{\"@id\":\"https:\\\/\\\/www.corendonhotels.com\\\/tr\\\/calisan-adayi-kvkk-aydinlatma-metni\\\/#breadcrumb\"},\"inLanguage\":\"tr\",\"potentialAction\":[{\"@type\":\"ReadAction\",\"target\":[\"https:\\\/\\\/www.corendonhotels.com\\\/tr\\\/calisan-adayi-kvkk-aydinlatma-metni\\\/\"]}]},{\"@type\":\"BreadcrumbList\",\"@id\":\"https:\\\/\\\/www.corendonhotels.com\\\/tr\\\/calisan-adayi-kvkk-aydinlatma-metni\\\/#breadcrumb\",\"itemListElement\":[{\"@type\":\"ListItem\",\"position\":1,\"name\":\"Home\",\"item\":\"https:\\\/\\\/www.corendonhotels.com\\\/tr\\\/\"},{\"@type\":\"ListItem\",\"position\":2,\"name\":\"\u00c7ALI\u015eAN ADAYI KVKK AYDINLATMA METN\u0130\"}]},{\"@type\":\"WebSite\",\"@id\":\"https:\\\/\\\/corendonhotels.com\\\/#website\",\"url\":\"https:\\\/\\\/corendonhotels.com\\\/\",\"name\":\"Corendon Hotels & Resorts\",\"description\":\"Boek direct online!\",\"publisher\":{\"@id\":\"https:\\\/\\\/corendonhotels.com\\\/#organization\"},\"potentialAction\":[{\"@type\":\"SearchAction\",\"target\":{\"@type\":\"EntryPoint\",\"urlTemplate\":\"https:\\\/\\\/corendonhotels.com\\\/?s={search_term_string}\"},\"query-input\":{\"@type\":\"PropertyValueSpecification\",\"valueRequired\":true,\"valueName\":\"search_term_string\"}}],\"inLanguage\":\"tr\"},{\"@type\":\"Organization\",\"@id\":\"https:\\\/\\\/corendonhotels.com\\\/#organization\",\"name\":\"Corendon Hotels & Resorts\",\"url\":\"https:\\\/\\\/corendonhotels.com\\\/\",\"logo\":{\"@type\":\"ImageObject\",\"inLanguage\":\"tr\",\"@id\":\"https:\\\/\\\/corendonhotels.com\\\/#\\\/schema\\\/logo\\\/image\\\/\",\"url\":\"https:\\\/\\\/www.corendonhotels.com\\\/wp-content\\\/uploads\\\/2019\\\/05\\\/logo-corendon-hotels-resorts.svg\",\"contentUrl\":\"https:\\\/\\\/www.corendonhotels.com\\\/wp-content\\\/uploads\\\/2019\\\/05\\\/logo-corendon-hotels-resorts.svg\",\"width\":1,\"height\":1,\"caption\":\"Corendon Hotels & Resorts\"},\"image\":{\"@id\":\"https:\\\/\\\/corendonhotels.com\\\/#\\\/schema\\\/logo\\\/image\\\/\"},\"sameAs\":[\"https:\\\/\\\/www.facebook.com\\\/CorendonHotelsEnResorts\",\"https:\\\/\\\/x.com\\\/corendonhotels\",\"https:\\\/\\\/www.instagram.com\\\/corendonhotels\\\/\",\"https:\\\/\\\/www.linkedin.com\\\/company\\\/corendon-hotels-&-resorts\\\/\",\"https:\\\/\\\/www.youtube.com\\\/user\\\/corendonhotels\"]}]}<\/script>\n<!-- \/ Yoast SEO plugin. -->","yoast_head_json":{"title":"\u00c7ALI\u015eAN ADAYI KVKK AYDINLATMA METN\u0130 - Corendon Hotels & Resorts","robots":{"index":"index","follow":"follow","max-snippet":"max-snippet:-1","max-image-preview":"max-image-preview:large","max-video-preview":"max-video-preview:-1"},"canonical":"https:\/\/www.corendonhotels.com\/tr\/calisan-adayi-kvkk-aydinlatma-metni\/","og_locale":"tr_TR","og_type":"article","og_title":"\u00c7ALI\u015eAN ADAYI KVKK AYDINLATMA METN\u0130 - Corendon Hotels & Resorts","og_url":"https:\/\/www.corendonhotels.com\/tr\/calisan-adayi-kvkk-aydinlatma-metni\/","og_site_name":"Corendon Hotels & Resorts","article_publisher":"https:\/\/www.facebook.com\/CorendonHotelsEnResorts","article_modified_time":"2026-03-06T11:45:15+00:00","twitter_card":"summary_large_image","twitter_site":"@corendonhotels","schema":{"@context":"https:\/\/schema.org","@graph":[{"@type":"WebPage","@id":"https:\/\/www.corendonhotels.com\/tr\/calisan-adayi-kvkk-aydinlatma-metni\/","url":"https:\/\/www.corendonhotels.com\/tr\/calisan-adayi-kvkk-aydinlatma-metni\/","name":"\u00c7ALI\u015eAN ADAYI KVKK AYDINLATMA METN\u0130 - Corendon Hotels & Resorts","isPartOf":{"@id":"https:\/\/corendonhotels.com\/#website"},"datePublished":"2026-03-06T11:43:01+00:00","dateModified":"2026-03-06T11:45:15+00:00","breadcrumb":{"@id":"https:\/\/www.corendonhotels.com\/tr\/calisan-adayi-kvkk-aydinlatma-metni\/#breadcrumb"},"inLanguage":"tr","potentialAction":[{"@type":"ReadAction","target":["https:\/\/www.corendonhotels.com\/tr\/calisan-adayi-kvkk-aydinlatma-metni\/"]}]},{"@type":"BreadcrumbList","@id":"https:\/\/www.corendonhotels.com\/tr\/calisan-adayi-kvkk-aydinlatma-metni\/#breadcrumb","itemListElement":[{"@type":"ListItem","position":1,"name":"Home","item":"https:\/\/www.corendonhotels.com\/tr\/"},{"@type":"ListItem","position":2,"name":"\u00c7ALI\u015eAN ADAYI KVKK AYDINLATMA METN\u0130"}]},{"@type":"WebSite","@id":"https:\/\/corendonhotels.com\/#website","url":"https:\/\/corendonhotels.com\/","name":"Corendon Hotels & Resorts","description":"Boek direct online!","publisher":{"@id":"https:\/\/corendonhotels.com\/#organization"},"potentialAction":[{"@type":"SearchAction","target":{"@type":"EntryPoint","urlTemplate":"https:\/\/corendonhotels.com\/?s={search_term_string}"},"query-input":{"@type":"PropertyValueSpecification","valueRequired":true,"valueName":"search_term_string"}}],"inLanguage":"tr"},{"@type":"Organization","@id":"https:\/\/corendonhotels.com\/#organization","name":"Corendon Hotels & Resorts","url":"https:\/\/corendonhotels.com\/","logo":{"@type":"ImageObject","inLanguage":"tr","@id":"https:\/\/corendonhotels.com\/#\/schema\/logo\/image\/","url":"https:\/\/www.corendonhotels.com\/wp-content\/uploads\/2019\/05\/logo-corendon-hotels-resorts.svg","contentUrl":"https:\/\/www.corendonhotels.com\/wp-content\/uploads\/2019\/05\/logo-corendon-hotels-resorts.svg","width":1,"height":1,"caption":"Corendon Hotels & Resorts"},"image":{"@id":"https:\/\/corendonhotels.com\/#\/schema\/logo\/image\/"},"sameAs":["https:\/\/www.facebook.com\/CorendonHotelsEnResorts","https:\/\/x.com\/corendonhotels","https:\/\/www.instagram.com\/corendonhotels\/","https:\/\/www.linkedin.com\/company\/corendon-hotels-&-resorts\/","https:\/\/www.youtube.com\/user\/corendonhotels"]}]}},"acf_fields":{"hero_visible_switch":false,"page_flex_sections":[{"acf_fc_layout":"section_content","section_content_id":"","section_content_content":"<p>Veri sorumlusu olan AZ OTEL \u0130\u015eLETMELER\u0130 A.\u015e \u00a0isimli firma ve\/veya \u015fubelerine ait i\u015fbu konaklama tesisinde, i\u015fletmelerinde (- ki bundan b\u00f6yle \u201c<strong>Corendon Playa Kemer, Grand Park Lara ve <\/strong><strong>Corendon Hydros Club Kemer<\/strong> \u201d olarak an\u0131lacakt\u0131r) haz\u0131rlanm\u0131\u015f ve uygulamaya konmu\u015f olan KVKK Politikas\u0131 ile 6698 say\u0131l\u0131 Ki\u015fisel Verilerin Korunmas\u0131 Kanunu (KVK Kanunu) gere\u011fince haz\u0131rlanm\u0131\u015f olan bu ayd\u0131nlatma metninde yer alan a\u00e7\u0131klamalarla ilgili detaylara Veri sorumlusu KVK Politikas\u0131 ve eklerinde yer alan dok\u00fcmanlardan ula\u015fabilirsiniz.\u00a0 Bu c\u00fcmleden olarak ;<\/p>\n<ol>\n<li><strong>\u0130\u015flenen Ki\u015fisel Verileriniz<\/strong><\/li>\n<\/ol>\n<p> <\/p>\n<ol>\n<li>Kimlik Bilgileri (T.C. Kimlik No, Pasaport No, Ad-Soyad\u0131, Do\u011fum Yeri, Do\u011fum Tarihi, N\u00fcfusa, Medeni Durumu, Cinsiyeti, Foto\u011fraf\u0131, \u0130mza, Askerlik durumu\/stat\u00fcs\u00fc, Vatanda\u015fl\u0131k Durumu)<\/li>\n<li>\u0130leti\u015fim Bilgileri (adres, telefon no, e-posta, adresi)<\/li>\n<li>\u00d6zl\u00fck Bilgileri ( \u0130\u015f Tecr\u00fcbesine ili\u015fkin bilgiler, emeklilik durum bilgisi, pozisyon ad\u0131 \/g\u00f6revi, departman\u0131 ve birimi, \u00e7al\u0131\u015fan h\u0131s\u0131m, akraba, arkada\u015f bilgisi, sab\u0131ka kayd\u0131)<\/li>\n<li>Sa\u011fl\u0131k verileri \/ \u00f6zel nitelikli veriler (engellilik durumu, alerjen durumu, kronik rahats\u0131zl\u0131klar ve ge\u00e7irilen hastal\u0131klar)<\/li>\n<li>Mesleki Deneyim (\u00d6\u011frenim durumu, sertifika ve diploma bilgileri, yabanc\u0131 dil bilgileri, \u00f6zge\u00e7mi\u015f ve referanslar\u0131na ili\u015fkin bilgiler, kurs, seminer staj bilgileri, di\u011fer e\u011fitim ve beceriler)<\/li>\n<\/ol>\n<p> <\/p>\n<ol start=\"2\">\n<li><strong>Ki\u015fisel Verilerinizin Toplama Y\u00f6ntemi ve Hukuki Sebepler<\/strong><\/li>\n<\/ol>\n<p> <\/p>\n<p>\u0130\u015f bu ayd\u0131nlatma metnine g\u00f6re ki\u015fisel verileriniz, otomatik ya da veri kay\u0131t sisteminin par\u00e7as\u0131 olmak kayd\u0131yla otomatik olmayan y\u00f6ntemlerle, i\u015f birli\u011fi i\u00e7inde bulunulan, s\u00f6zle\u015fme ili\u015fkisi i\u00e7inde yer alan \u00e7\u00f6z\u00fcm ortaklar\u0131 ile faaliyette bulunman\u0131n bir gere\u011fi olarak anla\u015fmal\u0131 oldu\u011fumuz ve hizmet sunulan \u00fc\u00e7\u00fcnc\u00fc ki\u015filer taraf\u0131ndan veya taraf\u0131n\u0131zdan iletilen bilgi, belgeler ve benzeri yollarla s\u00f6zl\u00fc, yaz\u0131l\u0131 ya da elektronik olarak elde edilmektedir.<\/p>\n<p> <\/p>\n<p>Bu veriler 6698 say\u0131l\u0131 KVK Kanunu 5.maddesi \u00e7er\u00e7evesinde a\u00e7\u0131k r\u0131zan\u0131z nedeniyle, bunun yan\u0131nda a\u00e7\u0131k r\u0131zan\u0131z\u0131n gerekli olmad\u0131\u011f\u0131 a\u015fa\u011f\u0131da belirtilen \u015fartlar\u0131n varl\u0131\u011f\u0131 halinde do\u011frudan i\u015flenebilmektedir.<br \/>\nBuna g\u00f6re;<\/p>\n<ol>\n<li>Kanunlarda a\u00e7\u0131k\u00e7a \u00f6ng\u00f6r\u00fclmesi.<\/li>\n<li>Fiili imk\u00e2ns\u0131zl\u0131k nedeniyle r\u0131zas\u0131n\u0131 a\u00e7\u0131klayamayacak durumda bulunan veya r\u0131zas\u0131na hukuki ge\u00e7erlilik tan\u0131nmayan ki\u015finin kendisinin ya da bir ba\u015fkas\u0131n\u0131n hayat\u0131 veya beden b\u00fct\u00fcnl\u00fc\u011f\u00fcn\u00fcn korunmas\u0131 i\u00e7in zorunlu olmas\u0131.<\/li>\n<li>Bir s\u00f6zle\u015fmenin kurulmas\u0131 veya ifas\u0131yla do\u011frudan do\u011fruya ilgili olmas\u0131 kayd\u0131yla, s\u00f6zle\u015fmenin taraflar\u0131na ait ki\u015fisel verilerin i\u015flenmesinin gerekli olmas\u0131.<\/li>\n<li>Veri sorumlusunun hukuki y\u00fck\u00fcml\u00fcl\u00fc\u011f\u00fcn\u00fc yerine getirebilmesi i\u00e7in zorunlu olmas\u0131.<\/li>\n<li>\u0130lgili ki\u015finin kendisi taraf\u0131ndan alenile\u015ftirilmi\u015f olmas\u0131.<\/li>\n<li>Bir hakk\u0131n tesisi, kullan\u0131lmas\u0131 veya korunmas\u0131 i\u00e7in veri i\u015flemenin zorunlu olmas\u0131.<\/li>\n<li>\u0130lgili ki\u015finin temel hak ve \u00f6zg\u00fcrl\u00fcklerine zarar vermemek kayd\u0131yla, veri sorumlusunun me\u015fru menfaatleri i\u00e7in veri i\u015flenmesinin zorunlu olmas\u0131.<\/li>\n<\/ol>\n<p> <\/p>\n<p>6698 say\u0131l\u0131 KVKK 6. Maddesi kapsam\u0131nda sa\u011fl\u0131k ve cinsel hayat d\u0131\u015f\u0131ndaki \u00f6zel nitelikli ki\u015fisel verileriniz a\u00e7\u0131k r\u0131zan\u0131za istinaden veya ayn\u0131 madde h\u00fckm\u00fcne uygun olarak kanunlarda \u00f6ng\u00f6r\u00fclen hallerde i\u015flenebilmektedir. A\u00e7\u0131k r\u0131zan\u0131z\u0131n bulunmamas\u0131 halinde, sa\u011fl\u0131k ve cinsel hayata ili\u015fkin ki\u015fisel verileriniz ancak kamu sa\u011fl\u0131\u011f\u0131n\u0131n korunmas\u0131, koruyucu hekimlik, t\u0131bbi te\u015fhis, tedavi ve bak\u0131m hizmetlerinin y\u00fcr\u00fct\u00fclmesi, sa\u011fl\u0131k hizmetleri ile finansman\u0131n\u0131n planlanmas\u0131 ve y\u00f6netimi amac\u0131yla, s\u0131r saklama y\u00fck\u00fcml\u00fcl\u00fc\u011f\u00fc alt\u0131nda bulunan ki\u015filer veya yetkili kurum ve kurulu\u015flar taraf\u0131ndan i\u015flenebilir.<\/p>\n<p> <\/p>\n<ol start=\"3\">\n<li><strong>Ki\u015fisel Verilerinizin \u0130\u015flenme Amac\u0131 ve Hukuki Sebepleri<\/strong><\/li>\n<\/ol>\n<p>6698 say\u0131l\u0131 Ki\u015fisel Verilerin Korunmas\u0131 Kanunu’nun 4, 5 ve 6. maddelerine uygun olarak; ki\u015fisel verileriniz, hukuka ve d\u00fcr\u00fcstl\u00fck kurallar\u0131na uygun bi\u00e7imde, do\u011fru ve g\u00fcncel \u015fekilde, belirli, a\u00e7\u0131k ve me\u015fru ama\u00e7lar i\u00e7in i\u015flenmekte; i\u015flendikleri ama\u00e7la ba\u011flant\u0131l\u0131, s\u0131n\u0131rl\u0131 ve \u00f6l\u00e7\u00fcl\u00fc olmakta; ilgili mevzuatta \u00f6ng\u00f6r\u00fclen veya i\u015flendikleri ama\u00e7 i\u00e7in gerekli olan s\u00fcre kadar muhafaza edilmektedir.<\/p>\n<p>Bu kapsamda, taraf\u0131n\u0131zca i\u015f ba\u015fvuru formu, \u00f6zge\u00e7mi\u015f ya da elektronik ortamda iletilen bilgiler do\u011frultusunda a\u015fa\u011f\u0131daki ki\u015fisel verileriniz i\u015flenmektedir. A\u00e7\u0131k r\u0131za al\u0131nmas\u0131 gereken haller d\u0131\u015f\u0131nda, i\u015fleme faaliyetleri me\u015fru menfaat ve di\u011fer kanuni istisnalar kapsam\u0131nda y\u00fcr\u00fct\u00fclmektedir.<\/p>\n<p><strong>S\u00fcre\u00e7lere G\u00f6re \u0130\u015flenen Ki\u015fisel Verileriniz, \u0130\u015flenme Ama\u00e7lar\u0131 ve Hukuki Sebepleri<\/strong><\/p>\n<table style=\"height: 626px\" width=\"1319\">\n<thead>\n<tr>\n<td width=\"228\"><strong>Veri T\u00fcr\u00fc<\/strong><\/td>\n<td width=\"248\"><strong>\u0130\u015flenme Amac\u0131<\/strong><\/td>\n<td width=\"183\"><strong>Hukuki Sebep<\/strong><\/td>\n<\/tr>\n<\/thead>\n<tbody>\n<tr>\n<td width=\"228\"><strong>Kimlik Bilgisi<\/strong> (Ad, Soyad, Do\u011fum Tarihi, T.C. Kimlik No vb.)<\/td>\n<td width=\"248\">Kimli\u011fin do\u011frulanmas\u0131, ba\u015fvurunun al\u0131nmas\u0131 ve de\u011ferlendirilmesi<\/td>\n<td width=\"183\">KVKK m 5\/1 A\u00e7\u0131k r\u0131za<\/td>\n<\/tr>\n<tr>\n<td width=\"228\"><strong>\u0130leti\u015fim Bilgisi<\/strong> (Telefon, e-posta, adres vb.)<\/td>\n<td width=\"248\">Adayla ileti\u015fim kurulmas\u0131, g\u00f6r\u00fc\u015fme organizasyonu<\/td>\n<td width=\"183\">KVKK m 5\/1 A\u00e7\u0131k r\u0131za<\/td>\n<\/tr>\n<tr>\n<td width=\"228\"><strong>Mesleki Deneyim ve \u00d6\u011frenim Bilgileri<\/strong><\/td>\n<td width=\"248\">Uygun pozisyona yerle\u015ftirme, nitelik e\u015fle\u015ftirmesi<\/td>\n<td width=\"183\">KVKK m 5\/1 A\u00e7\u0131k r\u0131za<\/td>\n<\/tr>\n<tr>\n<td width=\"228\"><strong>Cinsiyet ve Askerlik Durumu<\/strong><\/td>\n<td width=\"248\">Pozisyon gere\u011fi zorunlu de\u011ferlendirme<\/td>\n<td width=\"183\">KVKK m 5\/1 A\u00e7\u0131k r\u0131za<\/td>\n<\/tr>\n<tr>\n<td width=\"228\"><strong>Foto\u011fraf<\/strong><\/td>\n<td width=\"248\">G\u00f6rsel pozisyonlar i\u00e7in de\u011ferlendirme<\/td>\n<td width=\"183\">KVKK m 5\/1 A\u00e7\u0131k r\u0131za<\/td>\n<\/tr>\n<tr>\n<td width=\"228\"><strong>Sa\u011fl\u0131k Verileri ve Sab\u0131ka Kayd\u0131<\/strong><\/td>\n<td width=\"248\">Yaln\u0131zca a\u00e7\u0131k r\u0131za ile i\u015flenir<\/td>\n<td width=\"183\">KVKK m.6\/3a \u2013 A\u00e7\u0131k r\u0131za \u015fart\u0131<\/td>\n<\/tr>\n<\/tbody>\n<\/table>\n<p>Ama\u00e7lar\u0131na uygun olarak i\u015flenmekte olup, bu verileriniz, yukar\u0131da g\u00f6sterilen ama\u00e7lar d\u0131\u015f\u0131nda i\u015flenmemektedir. \u0130\u015fletme taraf\u0131ndan ki\u015fisel verilerin hukuka ayk\u0131r\u0131 olarak i\u015flenmesinin ya da hukuka ayk\u0131r\u0131 olarak eri\u015filmesinin \u00f6nlenmesi i\u00e7in her t\u00fcrl\u00fc teknik ve idari tedbirler al\u0131nmaktad\u0131r.<\/p>\n<ol start=\"4\">\n<li><strong>Ki\u015fisel Verilerinizin Aktar\u0131m\u0131<\/strong><\/li>\n<\/ol>\n<p>Ki\u015fisel verileriniz 6698 say\u0131l\u0131 KVK Kanunu 8 inci ve 9 uncu maddelerine g\u00f6re a\u015fa\u011f\u0131daki \u015fartlar\u0131n varl\u0131\u011f\u0131 halinde yurt i\u00e7inde veya yurt d\u0131\u015f\u0131na aktar\u0131labilir.<\/p>\n<p> <\/p>\n<p>6698 say\u0131l\u0131 KVK Kanununun 5 inci maddesindeki \u015fartlar\u0131n varl\u0131\u011f\u0131 nedeniyle ya da\u00a0 a\u00e7\u0131k r\u0131zan\u0131z do\u011frultusunda al\u0131nan ki\u015fisel verileriniz, yukar\u0131da belirtilen ama\u00e7lar do\u011frultusunda ve yine yukar\u0131da belirtilen faaliyetlerin\u00a0 ger\u00e7ekle\u015ftirilebilmesi amac\u0131yla Kanunun 8 inci ve 9 uncu madde h\u00fck\u00fcmlerine uygun olarak i\u015fbirli\u011fi i\u00e7inde bulunulan ki\u015fi kurum ve firmalara,\u00a0 hissedar, tedarik\u00e7i gibi etkile\u015fim i\u00e7inde bulunulan ki\u015fi ve kurumlara, hizmet al\u0131nan ya da hizmet verilen \u00fc\u00e7\u00fcnc\u00fc ki\u015filere ve ayr\u0131ca \u00f6zel olarak holding b\u00fcnyesinde bulunan t\u00fcm grup ve \u015firketlere aktar\u0131labilmektedir.<\/p>\n<p>Yeterli \u00f6nlemler al\u0131nmak kayd\u0131 ile sa\u011fl\u0131\u011fa ili\u015fkin ki\u015fisel verileriniz ise ancak kamu sa\u011fl\u0131\u011f\u0131n\u0131n korunmas\u0131, koruyucu hekimlik, t\u0131bb\u00ee te\u015fhis, tedavi ve bak\u0131m hizmetlerinin y\u00fcr\u00fct\u00fclmesi, sa\u011fl\u0131k hizmetleri ile finansman\u0131n\u0131n planlanmas\u0131 ve y\u00f6netimi amac\u0131yla, s\u0131r saklama y\u00fck\u00fcml\u00fcl\u00fc\u011f\u00fc alt\u0131nda bulunan ki\u015filer veya yetkili kurum ve kurulu\u015flar taraf\u0131ndan ilgilinin a\u00e7\u0131k r\u0131zas\u0131 aranmaks\u0131z\u0131n aktar\u0131labilmektedir.<\/p>\n<p>Kanunlarda a\u00e7\u0131k\u00e7a \u00f6ng\u00f6r\u00fclmesi, fiili imk\u00e2ns\u0131zl\u0131k nedeniyle r\u0131zas\u0131n\u0131 a\u00e7\u0131klayamayacak durumda bulunan veya r\u0131zas\u0131na hukuki ge\u00e7erlilik tan\u0131nmayan ki\u015finin kendisinin ya da bir ba\u015fkas\u0131n\u0131n hayat\u0131 veya beden b\u00fct\u00fcnl\u00fc\u011f\u00fcn\u00fcn korunmas\u0131 i\u00e7in zorunlu olmas\u0131, bir s\u00f6zle\u015fmenin kurulmas\u0131 veya ifas\u0131yla do\u011frudan do\u011fruya ilgili olmas\u0131 kayd\u0131yla, s\u00f6zle\u015fmenin taraflar\u0131na ait ki\u015fisel verilerin i\u015flenmesinin gerekli olmas\u0131, veri sorumlusunun hukuki y\u00fck\u00fcml\u00fcl\u00fc\u011f\u00fcn\u00fc yerine getirebilmesi i\u00e7in zorunlu olmas\u0131, verinin alenile\u015ftirilmi\u015f olmas\u0131, bir hakk\u0131n tesisi, kullan\u0131lmas\u0131 veya korunmas\u0131 i\u00e7in veri i\u015flemenin zorunlu olmas\u0131, sizin temel hak ve \u00f6zg\u00fcrl\u00fcklerinize zarar vermemek kayd\u0131yla, veri sorumlusunun me\u015fru menfaatleri i\u00e7in veri i\u015flenmesinin zorunlu olmas\u0131 durumlar\u0131nda ve ayr\u0131ca kamu sa\u011fl\u0131\u011f\u0131n\u0131n korunmas\u0131, koruyucu hekimlik, t\u0131bb\u00ee te\u015fhis, tedavi ve bak\u0131m hizmetlerinin y\u00fcr\u00fct\u00fclmesi, sa\u011fl\u0131k hizmetleri ile finansman\u0131n\u0131n planlanmas\u0131 ve y\u00f6netimi amac\u0131yla, s\u0131r saklama y\u00fck\u00fcml\u00fcl\u00fc\u011f\u00fc alt\u0131nda bulunan ki\u015filer veya yetkili kurum ve kurulu\u015flar taraf\u0131ndan yerine getirilmek \u015fart\u0131yla ki\u015fisel verileriniz yurt d\u0131\u015f\u0131na yeterli koruman\u0131n bulunmas\u0131, yeterli koruman\u0131n bulunmamas\u0131 durumunda T\u00fcrkiye\u2019deki ve ilgili yabanc\u0131 \u00fclkedeki veri sorumlular\u0131n\u0131n yeterli bir korumay\u0131 yaz\u0131l\u0131 olarak taahh\u00fct etmeleri ve KVK Kurulunun izninin bulunmas\u0131 kayd\u0131yla a\u00e7\u0131k r\u0131zan\u0131z aranmaks\u0131z\u0131n yurt d\u0131\u015f\u0131na aktar\u0131labilir.<\/p>\n<p> <\/p>\n<p>KVK Kurulu, yabanc\u0131 \u00fclkede yeterli koruma bulunup bulunmad\u0131\u011f\u0131na ve yurt d\u0131\u015f\u0131na aktar\u0131ma izin verilip verilmeyece\u011fine; T\u00fcrkiye\u2019nin taraf oldu\u011fu uluslararas\u0131 s\u00f6zle\u015fmeleri, ki\u015fisel veri talep eden \u00fclke ile T\u00fcrkiye aras\u0131nda veri aktar\u0131m\u0131na ili\u015fkin kar\u015f\u0131l\u0131kl\u0131l\u0131k durumunu, her somut ki\u015fisel veri aktar\u0131m\u0131na ili\u015fkin olarak, ki\u015fisel verinin niteli\u011fi ile i\u015flenme ama\u00e7 ve s\u00fcresini, ki\u015fisel verinin aktar\u0131laca\u011f\u0131 \u00fclkenin konuyla ilgili mevzuat\u0131 ve uygulamas\u0131n\u0131, ki\u015fisel verinin aktar\u0131laca\u011f\u0131 \u00fclkede bulunan veri sorumlusu taraf\u0131ndan taahh\u00fct edilen \u00f6nlemleri, de\u011ferlendirmek ve ihtiya\u00e7 duymas\u0131 halinde, ilgili kurum ve kurulu\u015flar\u0131n g\u00f6r\u00fc\u015f\u00fcn\u00fc de almak suretiyle karar vermektedir. Ki\u015fisel verileriniz, uluslararas\u0131 s\u00f6zle\u015fme h\u00fck\u00fcmleri sakl\u0131 kalmak \u00fczere, T\u00fcrkiye\u2019nin veya sizin menfaatinizin ciddi bir \u015fekilde zarar g\u00f6rece\u011fi durumlarda, ancak ilgili kamu kurum veya kurulu\u015funun g\u00f6r\u00fc\u015f\u00fc al\u0131narak Kurulun izniyle yurt d\u0131\u015f\u0131na aktar\u0131labilmektedir.<\/p>\n<p> <\/p>\n<p>Bu c\u00fcmleden olarak; ki\u015fisel verileriniz kamu kurum ve kurulu\u015flar\u0131na \u015firket ortaklar\u0131na ve yetkililerine, i\u015f ve \u00e7\u00f6z\u00fcm ortaklar\u0131na tedarik\u00e7i ki\u015fi ve firmalara, etkile\u015fim i\u00e7inde bulunulan \u00fc\u00e7\u00fcnc\u00fc ki\u015filere,<\/p>\n<p> <\/p>\n<ol>\n<li>\u0130\u015fyerinde m\u00fc\u015fteri, \u00e7al\u0131\u015fan ve ilgili \u00fc\u00e7\u00fcnc\u00fc \u015fah\u0131slar\u0131n kamu g\u00fcvenli\u011finin, fiziksel g\u00fcvenli\u011fin ve denetimin sa\u011flanmas\u0131,<\/li>\n<li>\u0130\u015fletmenin ve i\u015fyerinin idaresi ile faaliyetlerinin mevzuata, \u015firket politika ve prosed\u00fcrlerine uygun olarak yerine getirilmesi,<\/li>\n<li>Kamu dairelerinin, uluslararas\u0131 otoritelerin ve yetkili ki\u015fi, kurum ve kurulu\u015flar\u0131n bilgilendirilmesi,<\/li>\n<li>\u00c7\u00f6z\u00fcm ortaklar\u0131 ve hizmet sa\u011flay\u0131c\u0131lar\u0131 ve m\u00fc\u015fteriler aras\u0131nda ileti\u015fimin ger\u00e7ekle\u015ftirilmesi<\/li>\n<li>\u0130\u015fyeri Kurallar\u0131n\u0131n uygulanmas\u0131, \u0130nsan kaynaklar\u0131 ve muhasebe politikalar\u0131n\u0131n y\u00fcr\u00fct\u00fclmesi,<\/li>\n<li>Daha sonraki d\u00f6nemlerde i\u015fe al\u0131m durumunun ortaya \u00e7\u0131kmas\u0131 halinde, taraf\u0131n\u0131za bilgi verilmesi amac\u0131yla i\u015flenmesi<\/li>\n<li>\u00c7al\u0131\u015fan adaylarla y\u00fcz y\u00fcze yap\u0131lan m\u00fclakatlar s\u0131ras\u0131nda veya yaz\u0131l\u0131 ba\u015fvuru formu, elektronik ortamda dijital ba\u015fvuru formu g\u00f6nderilmesi veya e-posta, kargo ve benzeri y\u00f6ntemlerle \u00f6zge\u00e7mi\u015f g\u00f6nderilmesi halinde ya da dan\u0131\u015fmanl\u0131k firmalar\u0131 arac\u0131l\u0131\u011f\u0131yla ve aday\u0131n iletti\u011fi bilgilerin teyidini sa\u011flayan kontrol ve ara\u015ft\u0131rmalar\u0131n yerine getirilmesi amac\u0131yla aktar\u0131labilmektedir.<\/li>\n<\/ol>\n<p> <\/p>\n<ol start=\"5\">\n<li><strong>Ki\u015fisel Veri Sahibi Olarak Haklar\u0131n\u0131z <\/strong><\/li>\n<\/ol>\n<p> <\/p>\n<p>Kanun kapsam\u0131nda veri sahibi yani ilgili ki\u015fi<\/p>\n<ol>\n<li>Ki\u015fisel verilerin i\u015flenip i\u015flenmedi\u011fini \u00f6\u011frenme,<\/li>\n<li>Ki\u015fisel verileri i\u015flenmi\u015fse bilgi talep etme,<\/li>\n<li>Ki\u015fisel verilerin i\u015flenme amac\u0131n\u0131 ve bunlar\u0131n amac\u0131na uygun kullan\u0131l\u0131p kullan\u0131lmad\u0131\u011f\u0131n\u0131 \u00f6\u011frenme,<\/li>\n<li>Yurt i\u00e7inde veya yurt d\u0131\u015f\u0131nda ki\u015fisel verilerin aktar\u0131ld\u0131\u011f\u0131 \u00fc\u00e7\u00fcnc\u00fc ki\u015fileri bilme,<\/li>\n<li>Ki\u015fisel verilerin eksik veya yanl\u0131\u015f i\u015flenmi\u015f olmas\u0131 h\u00e2linde bunlar\u0131n d\u00fczeltilmesini isteme,<\/li>\n<li>KVKK 7\u2019nci maddede \u00f6ng\u00f6r\u00fclen \u015fartlar \u00e7er\u00e7evesinde ki\u015fisel verilerin silinmesini veya yok edilmesini isteme,<\/li>\n<li>Yanl\u0131\u015f i\u015flenen ve d\u00fczeltilmesi istenen ki\u015fisel veriler ile imha edilmesi istenen ki\u015fisel verilerle ilgili olarak aktar\u0131ld\u0131\u011f\u0131 \u00fc\u00e7\u00fcnc\u00fc ki\u015filere bildirilmesini isteme,<\/li>\n<li>\u0130\u015flenen verilerin m\u00fcnhas\u0131ran otomatik sistemler vas\u0131tas\u0131yla analiz edilmesi suretiyle ki\u015finin kendisi aleyhine bir sonucun ortaya \u00e7\u0131kmas\u0131na itiraz etme,<\/li>\n<li>Ki\u015fisel verilerin kanuna ayk\u0131r\u0131 olarak i\u015flenmesi sebebiyle zarara u\u011framas\u0131 h\u00e2linde zarar\u0131n giderilmesini talep etme,<\/li>\n<\/ol>\n<p>haklar\u0131na sahiptir.<\/p>\n<p> <\/p>\n<p>Ki\u015fisel veri sahibi olarak sahip oldu\u011funuz \u015fikayet haklar\u0131n\u0131 kullanabilmeleri i\u00e7in \u00f6ncelikle a\u015fa\u011f\u0131daki ileti\u015fim kanallar\u0131n\u0131 kullanarak ki\u015fisel veri sorumlusuna ba\u015fvurman\u0131z gerekmektedir. Bu yol t\u00fcketilmeden KVK Kurulu\u2019na \u015fik\u00e2yet yoluna gidilememektedir.<\/p>\n<p> <\/p>\n<p>Talebiniz, talebin niteli\u011fine g\u00f6re en k\u0131sa s\u00fcrede ve en ge\u00e7 30 g\u00fcn i\u00e7erisinde veri sorumlusu olarak \u015firketimiz taraf\u0131ndan cevapland\u0131r\u0131lmaktad\u0131r.<\/p>\n<p> <\/p>\n<p>Ba\u015fvurunuzun reddedilmesi veya verilen cevab\u0131n yetersiz bulunmas\u0131, yahut s\u00fcresinde ba\u015fvurunuza cevap verilmemesi durumunda KVK Kurulu\u2019na \u015fik\u00e2yet hakk\u0131n\u0131 kullanabilir ya da do\u011frudan yarg\u0131 yoluna ba\u015fvurabilirsiniz.<\/p>\n<p><strong>Ba\u015fvuru Adresi ve ileti\u015fim bilgileri:<\/strong><\/p>\n<table style=\"height: 394px\" width=\"1849\">\n<tbody>\n<tr>\n<td width=\"94\"><strong>\u015e\u0130RKET \u00dcNVANI<\/strong><\/td>\n<td width=\"76\"><strong>MERKEZ \/ \u015eUBE ADI<\/strong><\/td>\n<td width=\"180\"><strong>\u015e\u0130RKET ADRES\u0130<\/strong><\/td>\n<td width=\"113\"><strong>TELEFON NO<\/strong><\/td>\n<td width=\"234\"><strong>E POSTA ADRES\u0130 <\/strong><\/td>\n<\/tr>\n<tr>\n<td width=\"94\">AZ OTEL \u0130\u015eLETMELER\u0130 A.\u015e<\/td>\n<td width=\"76\">Grand Park Lara, Corendon Playa Kemer, Corendon Hydros Club Kemer<\/td>\n<td width=\"180\">G\u00fczeloba Mah. \u00c7a\u011flayangil Cad. NO:29\/B Muratpa\u015fa\/ANTALYA<\/td>\n<td width=\"113\">0242\u00a0407\u00a000\u00a000<\/td>\n<td width=\"234\">az.otel@hs01.kep.tr<\/td>\n<\/tr>\n<\/tbody>\n<\/table>\n<p><strong>\u00a0<\/strong><\/p>\n<ol start=\"6\">\n<li><strong>Ki\u015fisel Verilerinizin Saklama S\u00fcresi <\/strong><\/li>\n<\/ol>\n<p> <\/p>\n<p>Yukar\u0131da belirtilen y\u00f6ntemlerle ve belirtilen ama\u00e7lar do\u011frultusunda i\u015flenmesi gereken ki\u015fisel verileriniz kanunda belirtilen zaman a\u015f\u0131m\u0131 ve hak d\u00fc\u015f\u00fcr\u00fcc\u00fc s\u00fcreler de dikkate al\u0131narak veri envanterinde belirtilen s\u00fcre kadar saklan\u0131r. Verilerinizin i\u015flenmesini gerektiren sebeplerin ortadan kalkmas\u0131 halinde veya mevzuat uyar\u0131nca verilerinizin i\u015flenmesi i\u00e7in zorunlu k\u0131l\u0131nan s\u00fcreler sona erdi\u011fine, \u015eirketimiz taraf\u0131ndan resen en ge\u00e7 alt\u0131 ayl\u0131k periyotlarda veya talebiniz \u00fczerine en ge\u00e7 otuz g\u00fcn i\u00e7inde imha y\u00f6ntemlerinin herhangi birisi kullan\u0131larak silinir, yok edilir veya anonim hale getirilir.<\/p>\n<p> <\/p>\n<p>Ki\u015fisel verilerinizin silinmesi, ilgili kullan\u0131c\u0131lar i\u00e7in hi\u00e7bir \u015fekilde eri\u015filemez ve tekrar kullan\u0131lamaz hale getirilmesi i\u015flemidir.<\/p>\n<p>Ki\u015fisel verilerinizin yok edilmesi, ki\u015fisel verilerin hi\u00e7 kimse taraf\u0131ndan hi\u00e7bir \u015fekilde eri\u015filemez, geri getirilemez ve tekrar kullan\u0131lamaz hale getirilmesi i\u015flemidir.<\/p>\n<p>Ki\u015fisel verilerinizin anonim hale getirme, verilerin uygun tekniklerin kullan\u0131lmas\u0131 yoluyla dahi kimli\u011fi belirli veya belirlenebilir bir ger\u00e7ek ki\u015fiyle ili\u015fkilendirilemez hale getirilmesidir.<\/p>\n<p>Ki\u015fisel verilerinizin silinmesi, yok edilmesi ve anonim hale getirilmesiyle ilgili yap\u0131lan i\u015flemler tutanak alt\u0131na al\u0131n\u0131r. Kamusal gereklilikler kar\u015f\u0131s\u0131nda bu tutanaklar 5 y\u0131l s\u00fcre ile saklan\u0131r.<\/p>\n<p>Bilgilerinize sayg\u0131lar\u0131m\u0131zla sunar\u0131z.<\/p>\n<p> <\/p>\n<ol start=\"7\">\n<li><strong>Veri Sorumlusunun Kimli\u011fi <\/strong><\/li>\n<\/ol>\n<table style=\"height: 413px\" width=\"1569\">\n<tbody>\n<tr>\n<td width=\"94\"><strong>\u015e\u0130RKET \u00dcNVANI<\/strong><\/td>\n<td width=\"109\"><strong>MERKEZ \/ \u015eUBE ADI<\/strong><\/td>\n<td width=\"143\"><strong>\u015e\u0130RKET ADRES\u0130<\/strong><\/td>\n<td width=\"110\"><strong>Vergi Dairesi<\/strong><\/td>\n<td width=\"103\"><strong>Vergi Numaras\u0131<\/strong><\/td>\n<td width=\"157\"><strong>Mernis No<\/strong><\/td>\n<\/tr>\n<tr>\n<td width=\"94\"> <\/p>\n<p>AZ OTEL \u0130\u015eLETMELER\u0130 A\u015e<\/p>\n<p> <\/td>\n<td width=\"109\">Corendon Playa Kemer, Grand Park Lara, Corendon Hydros Club Kemer<\/td>\n<td width=\"143\">G\u00fczeloba Mah. \u00c7a\u011flayangil Cad. NO:29\/B Muratpa\u015fa\/ANTALYA<\/p>\n<p> <\/td>\n<td width=\"110\"> <\/p>\n<p> <\/p>\n<p>Antalya<\/p>\n<p>Kurumlar<\/p>\n<p>Vergi<\/p>\n<p>Dairesi<\/td>\n<td width=\"103\"> <\/p>\n<p> <\/p>\n<p>127 125 2877<\/td>\n<td width=\"157\"> <\/p>\n<p> <\/p>\n<p>0127125287700001<\/td>\n<\/tr>\n<\/tbody>\n<\/table>\n<p><strong>\u00a0<\/strong><\/p>\n","section_content_show_links":false,"section_content_links_title":"","section_content_links":false,"section_background_color":"","section_background_image":false,"section_background_fade":false,"section_invert_text":false}],"page_custom_title":"","page_subtitle":"","usps_top_switch":true,"usps_prefix":"","usps":false,"booking_top_switch":false,"booking_bottom_switch":false,"booking_title":"","booking_custom_url":"","booking_start_date":"","booking_custom_duration":"","social_share_switch":false,"dark_mode_switch":false,"page_tile_label":""},"publishpress_future_action":{"enabled":false,"date":"2026-05-07 03:16:31","action":"change-status","newStatus":"draft","terms":[],"taxonomy":"translation_priority","extraData":[]},"publishpress_future_workflow_manual_trigger":{"enabledWorkflows":[]},"_links":{"self":[{"href":"https:\/\/www.corendonhotels.com\/tr\/wp-json\/wp\/v2\/pages\/27600","targetHints":{"allow":["GET"]}}],"collection":[{"href":"https:\/\/www.corendonhotels.com\/tr\/wp-json\/wp\/v2\/pages"}],"about":[{"href":"https:\/\/www.corendonhotels.com\/tr\/wp-json\/wp\/v2\/types\/page"}],"author":[{"embeddable":true,"href":"https:\/\/www.corendonhotels.com\/tr\/wp-json\/wp\/v2\/users\/40"}],"replies":[{"embeddable":true,"href":"https:\/\/www.corendonhotels.com\/tr\/wp-json\/wp\/v2\/comments?post=27600"}],"version-history":[{"count":3,"href":"https:\/\/www.corendonhotels.com\/tr\/wp-json\/wp\/v2\/pages\/27600\/revisions"}],"predecessor-version":[{"id":27604,"href":"https:\/\/www.corendonhotels.com\/tr\/wp-json\/wp\/v2\/pages\/27600\/revisions\/27604"}],"wp:attachment":[{"href":"https:\/\/www.corendonhotels.com\/tr\/wp-json\/wp\/v2\/media?parent=27600"}],"curies":[{"name":"wp","href":"https:\/\/api.w.org\/{rel}","templated":true}]}}