{"id":27614,"date":"2026-03-06T13:00:34","date_gmt":"2026-03-06T12:00:34","guid":{"rendered":"https:\/\/www.corendonhotels.com\/?page_id=27614"},"modified":"2026-03-06T13:00:34","modified_gmt":"2026-03-06T12:00:34","slug":"tanitim-amacli-gorsel-kullanimi","status":"publish","type":"page","link":"https:\/\/www.corendonhotels.com\/tr\/tanitim-amacli-gorsel-kullanimi\/","title":{"rendered":"Sosyal Medya ve Tan\u0131t\u0131m Ama\u00e7l\u0131 G\u00f6rsel Kullan\u0131m\u0131 i\u00e7in A\u00e7\u0131k R\u0131za Beyan\u0131"},"content":{"rendered":"","protected":false},"excerpt":{"rendered":"","protected":false},"author":40,"featured_media":0,"parent":0,"menu_order":0,"comment_status":"closed","ping_status":"closed","template":"","meta":{"_acf_changed":false,"footnotes":""},"class_list":["post-27614","page","type-page","status-publish","hentry"],"acf":[],"yoast_head":"<!-- This site is optimized with the Yoast SEO plugin v27.4 - https:\/\/yoast.com\/product\/yoast-seo-wordpress\/ -->\n<title>Sosyal Medya ve Tan\u0131t\u0131m Ama\u00e7l\u0131 G\u00f6rsel Kullan\u0131m\u0131 i\u00e7in A\u00e7\u0131k R\u0131za Beyan\u0131 - Corendon Hotels &amp; Resorts<\/title>\n<meta name=\"robots\" content=\"index, follow, max-snippet:-1, max-image-preview:large, max-video-preview:-1\" \/>\n<link rel=\"canonical\" href=\"https:\/\/www.corendonhotels.com\/tr\/tanitim-amacli-gorsel-kullanimi\/\" \/>\n<meta property=\"og:locale\" content=\"tr_TR\" \/>\n<meta property=\"og:type\" content=\"article\" \/>\n<meta property=\"og:title\" content=\"Sosyal Medya ve Tan\u0131t\u0131m Ama\u00e7l\u0131 G\u00f6rsel Kullan\u0131m\u0131 i\u00e7in A\u00e7\u0131k R\u0131za Beyan\u0131 - Corendon Hotels &amp; Resorts\" \/>\n<meta property=\"og:url\" content=\"https:\/\/www.corendonhotels.com\/tr\/tanitim-amacli-gorsel-kullanimi\/\" \/>\n<meta property=\"og:site_name\" content=\"Corendon Hotels &amp; Resorts\" \/>\n<meta property=\"article:publisher\" content=\"https:\/\/www.facebook.com\/CorendonHotelsEnResorts\" \/>\n<meta name=\"twitter:card\" content=\"summary_large_image\" \/>\n<meta name=\"twitter:site\" content=\"@corendonhotels\" \/>\n<script type=\"application\/ld+json\" class=\"yoast-schema-graph\">{\"@context\":\"https:\\\/\\\/schema.org\",\"@graph\":[{\"@type\":\"WebPage\",\"@id\":\"https:\\\/\\\/www.corendonhotels.com\\\/tr\\\/tanitim-amacli-gorsel-kullanimi\\\/\",\"url\":\"https:\\\/\\\/www.corendonhotels.com\\\/tr\\\/tanitim-amacli-gorsel-kullanimi\\\/\",\"name\":\"Sosyal Medya ve Tan\u0131t\u0131m Ama\u00e7l\u0131 G\u00f6rsel Kullan\u0131m\u0131 i\u00e7in A\u00e7\u0131k R\u0131za Beyan\u0131 - Corendon Hotels &amp; Resorts\",\"isPartOf\":{\"@id\":\"https:\\\/\\\/corendonhotels.com\\\/#website\"},\"datePublished\":\"2026-03-06T12:00:34+00:00\",\"breadcrumb\":{\"@id\":\"https:\\\/\\\/www.corendonhotels.com\\\/tr\\\/tanitim-amacli-gorsel-kullanimi\\\/#breadcrumb\"},\"inLanguage\":\"tr\",\"potentialAction\":[{\"@type\":\"ReadAction\",\"target\":[\"https:\\\/\\\/www.corendonhotels.com\\\/tr\\\/tanitim-amacli-gorsel-kullanimi\\\/\"]}]},{\"@type\":\"BreadcrumbList\",\"@id\":\"https:\\\/\\\/www.corendonhotels.com\\\/tr\\\/tanitim-amacli-gorsel-kullanimi\\\/#breadcrumb\",\"itemListElement\":[{\"@type\":\"ListItem\",\"position\":1,\"name\":\"Home\",\"item\":\"https:\\\/\\\/www.corendonhotels.com\\\/tr\\\/\"},{\"@type\":\"ListItem\",\"position\":2,\"name\":\"Sosyal Medya ve Tan\u0131t\u0131m Ama\u00e7l\u0131 G\u00f6rsel Kullan\u0131m\u0131 i\u00e7in A\u00e7\u0131k R\u0131za Beyan\u0131\"}]},{\"@type\":\"WebSite\",\"@id\":\"https:\\\/\\\/corendonhotels.com\\\/#website\",\"url\":\"https:\\\/\\\/corendonhotels.com\\\/\",\"name\":\"Corendon Hotels &amp; Resorts\",\"description\":\"Boek direct online!\",\"publisher\":{\"@id\":\"https:\\\/\\\/corendonhotels.com\\\/#organization\"},\"potentialAction\":[{\"@type\":\"SearchAction\",\"target\":{\"@type\":\"EntryPoint\",\"urlTemplate\":\"https:\\\/\\\/corendonhotels.com\\\/?s={search_term_string}\"},\"query-input\":{\"@type\":\"PropertyValueSpecification\",\"valueRequired\":true,\"valueName\":\"search_term_string\"}}],\"inLanguage\":\"tr\"},{\"@type\":\"Organization\",\"@id\":\"https:\\\/\\\/corendonhotels.com\\\/#organization\",\"name\":\"Corendon Hotels & Resorts\",\"url\":\"https:\\\/\\\/corendonhotels.com\\\/\",\"logo\":{\"@type\":\"ImageObject\",\"inLanguage\":\"tr\",\"@id\":\"https:\\\/\\\/corendonhotels.com\\\/#\\\/schema\\\/logo\\\/image\\\/\",\"url\":\"https:\\\/\\\/www.corendonhotels.com\\\/wp-content\\\/uploads\\\/2019\\\/05\\\/logo-corendon-hotels-resorts.svg\",\"contentUrl\":\"https:\\\/\\\/www.corendonhotels.com\\\/wp-content\\\/uploads\\\/2019\\\/05\\\/logo-corendon-hotels-resorts.svg\",\"width\":1,\"height\":1,\"caption\":\"Corendon Hotels & Resorts\"},\"image\":{\"@id\":\"https:\\\/\\\/corendonhotels.com\\\/#\\\/schema\\\/logo\\\/image\\\/\"},\"sameAs\":[\"https:\\\/\\\/www.facebook.com\\\/CorendonHotelsEnResorts\",\"https:\\\/\\\/x.com\\\/corendonhotels\",\"https:\\\/\\\/www.instagram.com\\\/corendonhotels\\\/\",\"https:\\\/\\\/www.linkedin.com\\\/company\\\/corendon-hotels-&amp;-resorts\\\/\",\"https:\\\/\\\/www.youtube.com\\\/user\\\/corendonhotels\"]}]}<\/script>\n<!-- \/ Yoast SEO plugin. -->","yoast_head_json":{"title":"Sosyal Medya ve Tan\u0131t\u0131m Ama\u00e7l\u0131 G\u00f6rsel Kullan\u0131m\u0131 i\u00e7in A\u00e7\u0131k R\u0131za Beyan\u0131 - Corendon Hotels &amp; Resorts","robots":{"index":"index","follow":"follow","max-snippet":"max-snippet:-1","max-image-preview":"max-image-preview:large","max-video-preview":"max-video-preview:-1"},"canonical":"https:\/\/www.corendonhotels.com\/tr\/tanitim-amacli-gorsel-kullanimi\/","og_locale":"tr_TR","og_type":"article","og_title":"Sosyal Medya ve Tan\u0131t\u0131m Ama\u00e7l\u0131 G\u00f6rsel Kullan\u0131m\u0131 i\u00e7in A\u00e7\u0131k R\u0131za Beyan\u0131 - Corendon Hotels &amp; Resorts","og_url":"https:\/\/www.corendonhotels.com\/tr\/tanitim-amacli-gorsel-kullanimi\/","og_site_name":"Corendon Hotels &amp; Resorts","article_publisher":"https:\/\/www.facebook.com\/CorendonHotelsEnResorts","twitter_card":"summary_large_image","twitter_site":"@corendonhotels","schema":{"@context":"https:\/\/schema.org","@graph":[{"@type":"WebPage","@id":"https:\/\/www.corendonhotels.com\/tr\/tanitim-amacli-gorsel-kullanimi\/","url":"https:\/\/www.corendonhotels.com\/tr\/tanitim-amacli-gorsel-kullanimi\/","name":"Sosyal Medya ve Tan\u0131t\u0131m Ama\u00e7l\u0131 G\u00f6rsel Kullan\u0131m\u0131 i\u00e7in A\u00e7\u0131k R\u0131za Beyan\u0131 - Corendon Hotels &amp; Resorts","isPartOf":{"@id":"https:\/\/corendonhotels.com\/#website"},"datePublished":"2026-03-06T12:00:34+00:00","breadcrumb":{"@id":"https:\/\/www.corendonhotels.com\/tr\/tanitim-amacli-gorsel-kullanimi\/#breadcrumb"},"inLanguage":"tr","potentialAction":[{"@type":"ReadAction","target":["https:\/\/www.corendonhotels.com\/tr\/tanitim-amacli-gorsel-kullanimi\/"]}]},{"@type":"BreadcrumbList","@id":"https:\/\/www.corendonhotels.com\/tr\/tanitim-amacli-gorsel-kullanimi\/#breadcrumb","itemListElement":[{"@type":"ListItem","position":1,"name":"Home","item":"https:\/\/www.corendonhotels.com\/tr\/"},{"@type":"ListItem","position":2,"name":"Sosyal Medya ve Tan\u0131t\u0131m Ama\u00e7l\u0131 G\u00f6rsel Kullan\u0131m\u0131 i\u00e7in A\u00e7\u0131k R\u0131za Beyan\u0131"}]},{"@type":"WebSite","@id":"https:\/\/corendonhotels.com\/#website","url":"https:\/\/corendonhotels.com\/","name":"Corendon Hotels &amp; Resorts","description":"Boek direct online!","publisher":{"@id":"https:\/\/corendonhotels.com\/#organization"},"potentialAction":[{"@type":"SearchAction","target":{"@type":"EntryPoint","urlTemplate":"https:\/\/corendonhotels.com\/?s={search_term_string}"},"query-input":{"@type":"PropertyValueSpecification","valueRequired":true,"valueName":"search_term_string"}}],"inLanguage":"tr"},{"@type":"Organization","@id":"https:\/\/corendonhotels.com\/#organization","name":"Corendon Hotels & Resorts","url":"https:\/\/corendonhotels.com\/","logo":{"@type":"ImageObject","inLanguage":"tr","@id":"https:\/\/corendonhotels.com\/#\/schema\/logo\/image\/","url":"https:\/\/www.corendonhotels.com\/wp-content\/uploads\/2019\/05\/logo-corendon-hotels-resorts.svg","contentUrl":"https:\/\/www.corendonhotels.com\/wp-content\/uploads\/2019\/05\/logo-corendon-hotels-resorts.svg","width":1,"height":1,"caption":"Corendon Hotels & Resorts"},"image":{"@id":"https:\/\/corendonhotels.com\/#\/schema\/logo\/image\/"},"sameAs":["https:\/\/www.facebook.com\/CorendonHotelsEnResorts","https:\/\/x.com\/corendonhotels","https:\/\/www.instagram.com\/corendonhotels\/","https:\/\/www.linkedin.com\/company\/corendon-hotels-&amp;-resorts\/","https:\/\/www.youtube.com\/user\/corendonhotels"]}]}},"acf_fields":{"hero_visible_switch":false,"page_flex_sections":[{"acf_fc_layout":"section_content","section_content_id":"","section_content_content":"<p><em>(6698 Say\u0131l\u0131 Ki\u015fisel Verilerin Korunmas\u0131 Kanunu Kapsam\u0131nda)<\/em><\/p>\n<p>Veri sorumlusu olan AZ OTEL \u0130\u015eLETMELER\u0130 A\u015e isimli firma ve\/veya \u015fubelerine ait i\u015fbu konaklama tesisinde, i\u015fletmelerinde (- ki bundan b\u00f6yle <strong>\u201cCorendon Playa Kemer, Grand Park Lara e <\/strong><strong>Corendon Hydros Club Kemer<\/strong><strong> \u201d<\/strong> olarak an\u0131lacakt\u0131r) ilgili ki\u015filerin konaklama s\u00fcresi boyunca \u00e7ekilen <strong>foto\u011fraf ve video g\u00f6r\u00fcnt\u00fcleri<\/strong>, yaln\u0131zca a\u00e7\u0131k r\u0131zalar\u0131 al\u0131nmak suretiyle <strong>sosyal medya, kurumsal web sitesi, tan\u0131t\u0131m videolar\u0131 ve di\u011fer pazarlama mecralar\u0131nda<\/strong> kullan\u0131labilir. Bu metin, 6698 say\u0131l\u0131 Ki\u015fisel Verilerin Korunmas\u0131 Kanunu (\u201cKVKK\u201d) gere\u011fi bilgilendirme amac\u0131yla haz\u0131rlanm\u0131\u015ft\u0131r. KVKK politikam\u0131za, ayd\u0131nlatma metnine ve detayl\u0131 a\u00e7\u0131klamalara \u015firketimizin web sitesinden ula\u015fabilirsiniz Buna g\u00f6re;<\/p>\n<p>Veri sorumlusunun kurumsal tan\u0131t\u0131m faaliyetleri, hizmet ve kampanya duyurular\u0131, sosyal medya hesaplar\u0131, web siteleri, e-b\u00fcltenler, bas\u0131l\u0131 tan\u0131t\u0131m materyalleri (bro\u015f\u00fcr, katalog, afi\u015f vb.), G\u00f6rsel\/dijital sunumlar, TV, bas\u0131n mecralar\u0131 gibi tan\u0131t\u0131m alanlar\u0131nda, Yurti\u00e7inde ve yurtd\u0131\u015f\u0131nda bulunan medya\/platformlarda <strong>kullan\u0131lmas\u0131na, i\u015flenmesine, saklanmas\u0131na, yurti\u00e7ine ve yurtd\u0131\u015f\u0131na aktar\u0131lmas\u0131na ve alenile\u015ftirilmesine<\/strong> 6698 say\u0131l\u0131 Ki\u015fisel Verilerin Korunmas\u0131 Kanunu\u2019nun 5\/1, 6 ve 9. maddeleri uyar\u0131nca <strong>a\u00e7\u0131k r\u0131za verdi\u011fimi<\/strong>\u00a0 ve herhangi bir telif hakk\u0131 talebinde bulunmayaca\u011f\u0131m\u0131 kabul ve beyan ederim.<\/p>\n<p>Ki\u015fisel verilerimin i\u015flenmesine dair <strong>ayd\u0131nlatma metnine<\/strong>, a\u015fa\u011f\u0131daki QR kod arac\u0131l\u0131\u011f\u0131yla veya i\u015fletme \/ tesis personelinden yaz\u0131l\u0131 olarak ula\u015fabilece\u011fimi; a\u00e7\u0131k r\u0131zam\u0131 diledi\u011fim zaman geri alabilece\u011fimi ve KVKK&#8217; n\u0131n 11. maddesi kapsam\u0131ndaki t\u00fcm haklara sahip oldu\u011fumu bildi\u011fimi kabul ederim.<\/p>\n<p>&nbsp;<\/p>\n<p><strong>A\u015fa\u011f\u0131daki se\u00e7eneklerden uygun olan kutucu\u011fu i\u015faretleyiniz:<\/strong><\/p>\n<p><strong>\u00a0<\/strong><\/p>\n<p>\u2610 Foto\u011fraf ve video g\u00f6r\u00fcnt\u00fclerimin yukar\u0131da belirtilen t\u00fcm mecralarda tan\u0131t\u0131m ve ileti\u015fim amac\u0131yla kullan\u0131lmas\u0131na <strong>r\u0131za g\u00f6steriyorum<\/strong>.<\/p>\n<p>\u2610 Foto\u011fraf ve video g\u00f6r\u00fcnt\u00fclerimin kullan\u0131lmas\u0131na <strong>r\u0131za g\u00f6stermiyorum<\/strong>.<\/p>\n<p>&nbsp;<\/p>\n<p><strong>Ad Soyad:<\/strong> &#8230;&#8230;&#8230;&#8230;&#8230;&#8230;&#8230;&#8230;&#8230;&#8230;&#8230;&#8230;&#8230;&#8230;&#8230;&#8230;&#8230;&#8230;.<br \/>\n<strong>\u0130mza:<\/strong> &#8230;&#8230;&#8230;&#8230;&#8230;&#8230;&#8230;&#8230;&#8230;&#8230;&#8230;&#8230;&#8230;&#8230;&#8230;&#8230;&#8230;&#8230;.<br \/>\n<strong>Tarih:<\/strong> &#8230;&#8230;. \/ &#8230;&#8230;. \/ &#8230;&#8230;&#8230;&#8230;<\/p>\n<p><strong>\u00a0<\/strong><\/p>\n<p>Eki: Ki\u015fisel Veri Sorumlusu Aydinlatma Metni (sosyal medya ve tan\u0131t\u0131m ama\u00e7l\u0131)<\/p>\n<table style=\"height: 68px\" width=\"534\">\n<tbody>\n<tr>\n<td width=\"16\"><\/td>\n<\/tr>\n<tr>\n<td><\/td>\n<td><\/td>\n<\/tr>\n<\/tbody>\n<\/table>\n<p>&nbsp;<\/p>\n<p>&nbsp;<\/p>\n<p>&nbsp;<\/p>\n","section_content_show_links":false,"section_content_links_title":"","section_content_links":false,"section_background_color":"","section_background_image":false,"section_background_fade":false,"section_invert_text":false}],"page_custom_title":"","page_subtitle":"","usps_top_switch":true,"usps_prefix":"","usps":false,"booking_top_switch":false,"booking_bottom_switch":false,"booking_title":"","booking_custom_url":"","booking_custom_duration":"","social_share_switch":false,"dark_mode_switch":false,"page_tile_label":""},"publishpress_future_action":{"enabled":false,"date":"2026-05-06 16:45:58","action":"change-status","newStatus":"draft","terms":[],"taxonomy":"translation_priority","extraData":[]},"publishpress_future_workflow_manual_trigger":{"enabledWorkflows":[]},"_links":{"self":[{"href":"https:\/\/www.corendonhotels.com\/tr\/wp-json\/wp\/v2\/pages\/27614","targetHints":{"allow":["GET"]}}],"collection":[{"href":"https:\/\/www.corendonhotels.com\/tr\/wp-json\/wp\/v2\/pages"}],"about":[{"href":"https:\/\/www.corendonhotels.com\/tr\/wp-json\/wp\/v2\/types\/page"}],"author":[{"embeddable":true,"href":"https:\/\/www.corendonhotels.com\/tr\/wp-json\/wp\/v2\/users\/40"}],"replies":[{"embeddable":true,"href":"https:\/\/www.corendonhotels.com\/tr\/wp-json\/wp\/v2\/comments?post=27614"}],"version-history":[{"count":1,"href":"https:\/\/www.corendonhotels.com\/tr\/wp-json\/wp\/v2\/pages\/27614\/revisions"}],"predecessor-version":[{"id":27615,"href":"https:\/\/www.corendonhotels.com\/tr\/wp-json\/wp\/v2\/pages\/27614\/revisions\/27615"}],"wp:attachment":[{"href":"https:\/\/www.corendonhotels.com\/tr\/wp-json\/wp\/v2\/media?parent=27614"}],"curies":[{"name":"wp","href":"https:\/\/api.w.org\/{rel}","templated":true}]}}